{"id":2906,"date":"2026-06-02T10:50:35","date_gmt":"2026-06-02T08:50:35","guid":{"rendered":"https:\/\/inablab.org\/inici-4\/"},"modified":"2026-06-02T11:04:17","modified_gmt":"2026-06-02T09:04:17","slug":"inici-4","status":"publish","type":"page","link":"https:\/\/inablab.org\/ca\/","title":{"rendered":"Inici"},"content":{"rendered":"<p>[et_pb_section fb_built=\u00bb1&#8243; admin_label=\u00bbSection\u00bb module_id=\u00bbpresentaci\u00f3\u00bb _builder_version=\u00bb4.27.2&#8243; _module_preset=\u00bbdefault\u00bb background_color=\u00bbRGBA(255,255,255,0)\u00bb background_image=\u00bbhttps:\/\/inablab.org\/wp-content\/uploads\/2024\/11\/home-scaled.jpg\u00bb z_index=\u00bb999999999&#8243; min_height=\u00bb60vh\u00bb custom_padding=\u00bb0px|||||\u00bb da_popup_slug=\u00bbpresentacion\u00bb da_disable_devices=\u00bboff|off|off\u00bb border_radii=\u00bboff|||48px|48px\u00bb global_colors_info=\u00bb{}\u00bb theme_builder_area=\u00bbpost_content\u00bb da_is_popup=\u00bboff\u00bb da_exit_intent=\u00bboff\u00bb da_has_close=\u00bbon\u00bb da_alt_close=\u00bboff\u00bb da_dark_close=\u00bboff\u00bb da_not_modal=\u00bbon\u00bb da_is_singular=\u00bboff\u00bb da_with_loader=\u00bboff\u00bb da_has_shadow=\u00bbon\u00bb][et_pb_row _builder_version=\u00bb4.27.4&#8243; _module_preset=\u00bbdefault\u00bb background_color=\u00bbRGBA(255,255,255,0)\u00bb z_index=\u00bb999999999&#8243; width=\u00bb100%\u00bb max_width=\u00bb2560px\u00bb custom_padding=\u00bb0px|||||\u00bb sticky_position=\u00bbtop\u00bb sticky_position_tablet=\u00bbnone\u00bb sticky_position_phone=\u00bbnone\u00bb sticky_position_last_edited=\u00bbon|tablet\u00bb global_colors_info=\u00bb{}\u00bb background__sticky_enabled=\u00bbon|sticky\u00bb background_color__sticky=\u00bb#0D264F\u00bb background_enable_color__sticky=\u00bbon\u00bb custom_padding__sticky_enabled=\u00bbon|sticky\u00bb custom_padding__sticky=\u00bb|0px|0px|0px|false|true\u00bb width__sticky_enabled=\u00bboff|desktop\u00bb width__sticky=\u00bb100%\u00bb theme_builder_area=\u00bbpost_content\u00bb][et_pb_column type=\u00bb4_4&#8243; _builder_version=\u00bb4.27.2&#8243; _module_preset=\u00bbdefault\u00bb global_colors_info=\u00bb{}\u00bb theme_builder_area=\u00bbpost_content\u00bb][et_pb_menu menu_id=\u00bb5&#8243; active_link_color=\u00bb#FFFFFF\u00bb dropdown_menu_bg_color=\u00bb#FFFFFF\u00bb dropdown_menu_line_color=\u00bb#FFFFFF\u00bb dropdown_menu_text_color=\u00bb#FFFFFF\u00bb dropdown_menu_active_link_color=\u00bb#C3CE86&#8243; mobile_menu_bg_color=\u00bb#0D264F\u00bb logo=\u00bbhttps:\/\/inablab.org\/wp-content\/uploads\/2024\/11\/logo-inab-wh.png\u00bb logo_url=\u00bb@ET-DC@eyJkeW5hbWljIjp0cnVlLCJjb250ZW50IjoiaG9tZV91cmwiLCJzZXR0aW5ncyI6eyJlbmFibGVfaHRtbCI6Im9mZiJ9fQ==@\u00bb logo_width=\u00bb160px\u00bb cart_icon_color=\u00bb#FFFFFF\u00bb search_icon_color=\u00bb#FFFFFF\u00bb menu_icon_color=\u00bb#FFFFFF\u00bb logo_width_tablet=\u00bb160px\u00bb logo_width_phone=\u00bb150px\u00bb logo_width_last_edited=\u00bbon|tablet\u00bb admin_label=\u00bbmenu-divi\u00bb module_id=\u00bbmenu-divi\u00bb _builder_version=\u00bb4.27.6&#8243; _dynamic_attributes=\u00bblogo_url\u00bb _module_preset=\u00bb9800521c-c659-4c07-8cb0-9bc73295c712&#8243; menu_font=\u00bbSpace Grotesk|600|||||||\u00bb menu_text_color=\u00bb#FFFFFF\u00bb background_color=\u00bbRGBA(255,255,255,0)\u00bb text_orientation=\u00bbright\u00bb width=\u00bb80%\u00bb max_width=\u00bb100%\u00bb module_alignment=\u00bbcenter\u00bb custom_margin_tablet=\u00bb12px||||false|false\u00bb custom_margin_phone=\u00bb30px||||false|false\u00bb custom_margin_last_edited=\u00bbon|phone\u00bb custom_padding_tablet=\u00bb\u00bb custom_padding_phone=\u00bb||||false|false\u00bb custom_padding_last_edited=\u00bbon|phone\u00bb locked=\u00bboff\u00bb global_colors_info=\u00bb{}\u00bb menu_text_color__hover_enabled=\u00bbon|hover\u00bb menu_text_color__hover=\u00bb#C3CE86&#8243; theme_builder_area=\u00bbpost_content\u00bb][\/et_pb_menu][\/et_pb_column][\/et_pb_row][et_pb_row make_equal=\u00bbon\u00bb module_class=\u00bbnormal-scroll\u00bb _builder_version=\u00bb4.27.2&#8243; _module_preset=\u00bbdefault\u00bb min_height=\u00bb60vh\u00bb min_height_tablet=\u00bb380px\u00bb min_height_phone=\u00bb380px\u00bb min_height_last_edited=\u00bbon|tablet\u00bb custom_padding=\u00bb9px|||||\u00bb global_colors_info=\u00bb{}\u00bb theme_builder_area=\u00bbpost_content\u00bb][et_pb_column type=\u00bb4_4&#8243; _builder_version=\u00bb4.27.2&#8243; _module_preset=\u00bbdefault\u00bb custom_css_main_element=\u00bbdisplay: flex;||flex-direction: column;||justify-content: center;\u00bb global_colors_info=\u00bb{}\u00bb theme_builder_area=\u00bbpost_content\u00bb][et_pb_text _builder_version=\u00bb4.27.4&#8243; _module_preset=\u00bbcb2a6a0e-36b0-4354-ad4b-7bab3bb244f1&#8243; custom_margin_tablet=\u00bb30px||||false|false\u00bb custom_margin_phone=\u00bb30px||||false|false\u00bb custom_margin_last_edited=\u00bbon|tablet\u00bb global_colors_info=\u00bb{}\u00bb theme_builder_area=\u00bbpost_content\u00bb]<\/p>\n<h1>Desafiant els l\u00edmits de la neuroci\u00e8ncia<\/h1>\n<p>[\/et_pb_text][et_pb_text _builder_version=\u00bb4.27.6&#8243; _module_preset=\u00bbcb2a6a0e-36b0-4354-ad4b-7bab3bb244f1&#8243; text_text_color=\u00bb#FFFFFF\u00bb header_3_font=\u00bbSpace Grotesk|||on|||||\u00bb header_3_text_color=\u00bb#FFFFFF\u00bb header_3_font_size=\u00bb33px\u00bb text_orientation=\u00bbcenter\u00bb max_width=\u00bb640px\u00bb module_alignment=\u00bbcenter\u00bb global_colors_info=\u00bb{}\u00bb theme_builder_area=\u00bbpost_content\u00bb]<\/p>\n<p>A l&#8217;Institut de Neuroci\u00e8ncia Avan\u00e7ada de Barcelona combinem tecnologia avan\u00e7ada i un enfocament humanista per impulsar nous models cient\u00edfics de la ment, el cervell i la consci\u00e8ncia. <\/p>\n<p>[\/et_pb_text][dipl_button inline_buttons=\u00bbon\u00bb buttons_alignment=\u00bbcenter\u00bb module_class=\u00bbtraduccionBtn\u00bb _builder_version=\u00bb4.27.6&#8243; _module_preset=\u00bbdefault\u00bb custom_margin=\u00bb||||false|false\u00bb button_font_size_tablet=\u00bb\u00bb button_font_size_phone=\u00bb13px\u00bb button_font_size_last_edited=\u00bbon|phone\u00bb locked=\u00bboff\u00bb global_colors_info=\u00bb{}\u00bb theme_builder_area=\u00bbpost_content\u00bb][dipl_button_item button_text=\u00bbDescubre INAB\u00bb button_url=\u00bb#Lineasinvestigacion\u00bb button_bg_color=\u00bb#C3CE86&#8243; button_custom_margin=\u00bb|10px||10px|false|true\u00bb button_custom_padding=\u00bb16px|28px|16px|28px|true|true\u00bb button_class=\u00bbBtnInab\u00bb _builder_version=\u00bb4.27.6&#8243; _module_preset=\u00bbdefault\u00bb button_font=\u00bbSpace Grotesk|||on|on|||RGBA(255,255,255,0)|\u00bb button_text_color=\u00bb#F6F2ED\u00bb button_letter_spacing=\u00bb1px\u00bb border_radii=\u00bbon|50px|50px|50px|50px\u00bb border_color_all=\u00bb#C3CE86&#8243; global_colors_info=\u00bb{}\u00bb button_text_color__hover_enabled=\u00bbon|hover\u00bb button_text_color__hover=\u00bb#FFFFFF\u00bb button_bg_color__hover_enabled=\u00bbon|hover\u00bb button_bg_color__hover=\u00bb#0D264F\u00bb button_bg_enable_color__hover=\u00bbon\u00bb border_color_all__hover_enabled=\u00bbon|hover\u00bb border_color_all__hover=\u00bb#FFFFFF\u00bb theme_builder_area=\u00bbpost_content\u00bb][\/dipl_button_item][dipl_button_item button_text=\u00bbComit\u00e8 d\u00b4experts\u00bb button_url=\u00bb&lt;!&#8211;&#91;CDATA&#91;#comite&#93;&#93;&#8211;&gt;\u00bb button_bg_color=\u00bb#FFFFFF\u00bb button_custom_margin=\u00bb|10px||10px|false|true\u00bb button_custom_padding=\u00bb16px|28px|16px|28px|true|true\u00bb button_class=\u00bbBtnUnete\u00bb _builder_version=\u00bb4.27.6&#8243; _module_preset=\u00bbdefault\u00bb button_font=\u00bbSpace Grotesk|||on||||#0D264F|\u00bb button_text_color=\u00bb#0D264F\u00bb button_letter_spacing=\u00bb1px\u00bb border_radii=\u00bbon|50px|50px|50px|50px\u00bb border_color_all=\u00bb#FFFFFF\u00bb border_color_all_last_edited=\u00bboff|desktop\u00bb global_colors_info=\u00bb{}\u00bb border_color_all__hover_enabled=\u00bboff|desktop\u00bb border_color_all__hover=\u00bb#FFFFFF\u00bb button_bg_color__hover_enabled=\u00bbon|hover\u00bb button_bg_color__hover=\u00bb#8EC1F4&#8243; button_bg_enable_color__hover=\u00bbon\u00bb button_text_color__hover_enabled=\u00bbon|desktop\u00bb button_text_color__hover=\u00bb#FFFFFF\u00bb theme_builder_area=\u00bbpost_content\u00bb][\/dipl_button_item][dipl_button_item button_text=\u00bbParticipa\u00bb button_url=\u00bbhttp:\/\/inablab.org\/participa\u00bb url_new_window=\u00bbon\u00bb button_bg_color=\u00bb#8EC1F4&#8243; button_custom_margin=\u00bb|10px||10px|false|true\u00bb button_custom_padding=\u00bb16px|28px|16px|28px|true|true\u00bb button_class=\u00bbBtnUnete\u00bb _builder_version=\u00bb4.27.6&#8243; _module_preset=\u00bbdefault\u00bb button_font=\u00bbSpace Grotesk|||on||||#0D264F|\u00bb button_text_color=\u00bb#F6F2ED\u00bb button_letter_spacing=\u00bb1px\u00bb border_radii=\u00bbon|50px|50px|50px|50px\u00bb border_color_all=\u00bb#FFFFFF\u00bb border_color_all_last_edited=\u00bboff|desktop\u00bb global_colors_info=\u00bb{}\u00bb border_color_all__hover_enabled=\u00bboff|desktop\u00bb border_color_all__hover=\u00bb#FFFFFF\u00bb button_bg_color__hover_enabled=\u00bbon|hover\u00bb button_bg_color__hover=\u00bb#C3CE86&#8243; button_bg_enable_color__hover=\u00bbon\u00bb button_text_color__hover_enabled=\u00bbon|desktop\u00bb button_text_color__hover=\u00bb#FFFFFF\u00bb theme_builder_area=\u00bbpost_content\u00bb][\/dipl_button_item][\/dipl_button][\/et_pb_column][\/et_pb_row][\/et_pb_section][et_pb_section fb_built=\u00bb1&#8243; admin_label=\u00bbCabecera simple\u00bb module_id=\u00bbintro\u00bb _builder_version=\u00bb4.27.2&#8243; _module_preset=\u00bb6a905bcd-3be4-4d98-9db9-6928578401b6&#8243; use_background_color_gradient=\u00bbon\u00bb background_color_gradient_stops=\u00bbrgba(255,255,255,0) 84%|#ffffff 100%\u00bb background_color_gradient_overlays_image=\u00bbon\u00bb background_image=\u00bbhttps:\/\/inablab.org\/wp-content\/uploads\/2024\/11\/fondo-1-scaled.jpg\u00bb vertical_offset=\u00bb-25px\u00bb z_index=\u00bb2&#8243; min_height=\u00bb50vh\u00bb custom_margin=\u00bb-25px||||false|false\u00bb custom_padding=\u00bb||0px|||\u00bb da_popup_slug=\u00bbintro\u00bb da_disable_devices=\u00bboff|off|off\u00bb global_colors_info=\u00bb{}\u00bb theme_builder_area=\u00bbpost_content\u00bb da_is_popup=\u00bboff\u00bb da_exit_intent=\u00bboff\u00bb da_has_close=\u00bbon\u00bb da_alt_close=\u00bboff\u00bb da_dark_close=\u00bboff\u00bb da_not_modal=\u00bbon\u00bb da_is_singular=\u00bboff\u00bb da_with_loader=\u00bboff\u00bb da_has_shadow=\u00bbon\u00bb][et_pb_row custom_padding_last_edited=\u00bbon|phone\u00bb _builder_version=\u00bb4.27.2&#8243; _module_preset=\u00bbdefault\u00bb custom_margin=\u00bb|auto|-65px|auto||\u00bb custom_padding=\u00bb90px||90px||false|false\u00bb custom_padding_tablet=\u00bb90px||90px||false|false\u00bb custom_padding_phone=\u00bb80px||40px||false|false\u00bb global_colors_info=\u00bb{}\u00bb theme_builder_area=\u00bbpost_content\u00bb][et_pb_column type=\u00bb4_4&#8243; _builder_version=\u00bb4.27.2&#8243; _module_preset=\u00bbdefault\u00bb global_colors_info=\u00bb{}\u00bb theme_builder_area=\u00bbpost_content\u00bb][et_pb_text _builder_version=\u00bb4.27.2&#8243; _module_preset=\u00bbcb2a6a0e-36b0-4354-ad4b-7bab3bb244f1&#8243; text_font_size=\u00bb18px\u00bb text_orientation=\u00bbcenter\u00bb min_height=\u00bb123.4px\u00bb text_font_size_phone=\u00bb17px\u00bb global_colors_info=\u00bb{}\u00bb theme_builder_area=\u00bbpost_content\u00bb]<\/p>\n<p>El que fa \u00fanic al INAB \u00e9s el nostre comprom\u00eds pels aspectes m\u00e9s quotidians de l&#8217;\u00e9sser hum\u00e0 i el seu benestar integral.<br \/><strong>Desafiant els l\u00edmits<\/strong> tradicionals de la ci\u00e8ncia, <strong>impulsem idees<\/strong> i <strong>descobriments transformadors <\/strong>que busquen impactar positivament en la humanitat.<\/p>\n<p>[\/et_pb_text][\/et_pb_column][\/et_pb_row][et_pb_row custom_padding_last_edited=\u00bbon|phone\u00bb module_id=\u00bbLineasinvestigacion\u00bb _builder_version=\u00bb4.27.6&#8243; _module_preset=\u00bbdefault\u00bb background_image=\u00bbhttps:\/\/inablab.org\/wp-content\/uploads\/2024\/11\/INAB_Logotipos-verde-25.png\u00bb background_size=\u00bbcontain\u00bb custom_padding=\u00bb40px||46px||false|false\u00bb custom_padding_tablet=\u00bb90px||90px||false|false\u00bb custom_padding_phone=\u00bb80px||40px||false|false\u00bb global_colors_info=\u00bb{}\u00bb theme_builder_area=\u00bbpost_content\u00bb][et_pb_column type=\u00bb4_4&#8243; _builder_version=\u00bb4.27.2&#8243; _module_preset=\u00bbdefault\u00bb global_colors_info=\u00bb{}\u00bb theme_builder_area=\u00bbpost_content\u00bb][et_pb_text _builder_version=\u00bb4.27.6&#8243; _module_preset=\u00bbcb2a6a0e-36b0-4354-ad4b-7bab3bb244f1&#8243; text_orientation=\u00bbcenter\u00bb width=\u00bb100%\u00bb custom_padding=\u00bb|0px||||\u00bb header_text_align_tablet=\u00bb\u00bb header_text_align_phone=\u00bbleft\u00bb header_text_align_last_edited=\u00bbon|phone\u00bb header_2_text_align_tablet=\u00bb\u00bb header_2_text_align_phone=\u00bbleft\u00bb header_2_text_align_last_edited=\u00bbon|phone\u00bb text_orientation_tablet=\u00bbcenter\u00bb text_orientation_phone=\u00bbleft\u00bb text_orientation_last_edited=\u00bbon|phone\u00bb global_colors_info=\u00bb{}\u00bb theme_builder_area=\u00bbpost_content\u00bb]<\/p>\n<h2>Les nostres l\u00ednies de recerca<\/h2>\n<p>[\/et_pb_text][\/et_pb_column][\/et_pb_row][et_pb_row column_structure=\u00bb1_3,1_3,1_3&#8243; _builder_version=\u00bb4.27.6&#8243; _module_preset=\u00bbdefault\u00bb global_colors_info=\u00bb{}\u00bb theme_builder_area=\u00bbpost_content\u00bb][et_pb_column type=\u00bb1_3&#8243; _builder_version=\u00bb4.27.6&#8243; _module_preset=\u00bbdefault\u00bb global_colors_info=\u00bb{}\u00bb theme_builder_area=\u00bbpost_content\u00bb][et_pb_image src=\u00bbhttps:\/\/inablab.org\/wp-content\/uploads\/2026\/04\/1-scaled.png\u00bb alt=\u00bb1&#8243; title_text=\u00bb1&#8243; _builder_version=\u00bb4.27.6&#8243; _module_preset=\u00bbdefault\u00bb global_colors_info=\u00bb{}\u00bb theme_builder_area=\u00bbpost_content\u00bb][\/et_pb_image][et_pb_text _builder_version=\u00bb4.27.6&#8243; _module_preset=\u00bbdefault\u00bb text_font=\u00bbSpace Grotesk|700|||||||\u00bb text_text_color=\u00bb#0D264F\u00bb text_font_size=\u00bb24px\u00bb custom_margin=\u00bb||12px|||\u00bb global_colors_info=\u00bb{}\u00bb theme_builder_area=\u00bbpost_content\u00bb]<\/p>\n<p>G\u00e8nesi del pensament i les emocions<\/p>\n<p>[\/et_pb_text][et_pb_divider color=\u00bb#0D264F\u00bb _builder_version=\u00bb4.27.6&#8243; _module_preset=\u00bbdefault\u00bb custom_margin=\u00bb||2px|||\u00bb global_colors_info=\u00bb{}\u00bb theme_builder_area=\u00bbpost_content\u00bb][\/et_pb_divider][et_pb_text _builder_version=\u00bb4.27.6&#8243; _module_preset=\u00bbdefault\u00bb text_font=\u00bbSpace Grotesk|300|||||||\u00bb text_text_color=\u00bb#161616&#8243; global_colors_info=\u00bb{}\u00bb theme_builder_area=\u00bbpost_content\u00bb]<\/p>\n<p>Aquesta l\u00ednia de recerca t\u00e9 com a objectiu estudiar els processos mitjan\u00e7ant els quals es generen els pensaments i com es relacionen amb les emocions. <br \/>Inclou investigacions sobre la possible generaci\u00f3 de noves emocions b\u00e0siques, l&#8217;an\u00e0lisi del pensament i l&#8217;emoci\u00f3 en contextos d&#8217;interacci\u00f3 social i l&#8217;estudi dels mecanismes mitjan\u00e7ant els quals els pensaments emergeixen a la ment humana. A trav\u00e9s de diferents aproximacions metodol\u00f2giques, incloent electroencefalografia, fNIRS, eye-tracking o mesures fisiol\u00f2giques, tractarem de donar llum sobre aquests processos que determinen per qu\u00e8 som com som i fem el que fem. <\/p>\n<p>[\/et_pb_text][\/et_pb_column][et_pb_column type=\u00bb1_3&#8243; _builder_version=\u00bb4.27.6&#8243; _module_preset=\u00bbdefault\u00bb global_colors_info=\u00bb{}\u00bb theme_builder_area=\u00bbpost_content\u00bb][et_pb_image src=\u00bbhttps:\/\/inablab.org\/wp-content\/uploads\/2026\/04\/2-scaled.png\u00bb alt=\u00bb2&#8243; title_text=\u00bb2&#8243; _builder_version=\u00bb4.27.6&#8243; _module_preset=\u00bbdefault\u00bb global_colors_info=\u00bb{}\u00bb theme_builder_area=\u00bbpost_content\u00bb][\/et_pb_image][et_pb_text _builder_version=\u00bb4.27.6&#8243; _module_preset=\u00bbdefault\u00bb text_font=\u00bbSpace Grotesk|700|||||||\u00bb text_text_color=\u00bb#0D264F\u00bb text_font_size=\u00bb24px\u00bb custom_margin=\u00bb||36px|||\u00bb global_colors_info=\u00bb{}\u00bb theme_builder_area=\u00bbpost_content\u00bb]<\/p>\n<p>Pressi\u00f3, estr\u00e8s i por<\/p>\n<p>[\/et_pb_text][et_pb_divider color=\u00bb#0D264F\u00bb _builder_version=\u00bb4.27.6&#8243; _module_preset=\u00bbdefault\u00bb min_height=\u00bb12.8px\u00bb custom_margin=\u00bb||2px|||\u00bb global_colors_info=\u00bb{}\u00bb theme_builder_area=\u00bbpost_content\u00bb][\/et_pb_divider][et_pb_text _builder_version=\u00bb4.27.6&#8243; _module_preset=\u00bbdefault\u00bb text_font=\u00bbSpace Grotesk|300|||||||\u00bb text_text_color=\u00bb#161616&#8243; global_colors_info=\u00bb{}\u00bb theme_builder_area=\u00bbpost_content\u00bb]<\/p>\n<p><span class=\"a_GcMg font-feature-liga-off font-feature-clig-off font-feature-calt-off text-decoration-none text-strikethrough-none\">Aquesta l\u00ednia de recerca se centra en l&#8217;estudi dels mecanismes psicol\u00f2gics i neurofisiol\u00f2gics implicats en les respostes humanes a l&#8217;estr\u00e8s, la pressi\u00f3 i la por. Inclou investigacions sobre l&#8217;aprenentatge i el condicionament de la por, la influ\u00e8ncia de l&#8217;estat hormonal en la seva adquisici\u00f3 i extinci\u00f3, l&#8217;impacte de la cr\u00edtica interpersonal en la salut i el benestar, entre d&#8217;altres. L&#8217;objectiu \u00e9s identificar i caracteritzar els processos subjacents a aquestes respostes per tal de millorar-ne el mesurament experimental i contribuir al desenvolupament d&#8217;eines eficaces per deixar de fer de l&#8217;estr\u00e8s un estil de vida.  <\/span><\/p>\n<p>[\/et_pb_text][\/et_pb_column][et_pb_column type=\u00bb1_3&#8243; _builder_version=\u00bb4.27.6&#8243; _module_preset=\u00bbdefault\u00bb global_colors_info=\u00bb{}\u00bb theme_builder_area=\u00bbpost_content\u00bb][et_pb_image src=\u00bbhttps:\/\/inablab.org\/wp-content\/uploads\/2026\/04\/3-scaled.png\u00bb alt=\u00bb3&#8243; title_text=\u00bb3&#8243; _builder_version=\u00bb4.27.6&#8243; _module_preset=\u00bbdefault\u00bb global_colors_info=\u00bb{}\u00bb theme_builder_area=\u00bbpost_content\u00bb][\/et_pb_image][et_pb_text _builder_version=\u00bb4.27.6&#8243; _module_preset=\u00bbdefault\u00bb text_font=\u00bbSpace Grotesk|700|||||||\u00bb text_text_color=\u00bb#0D264F\u00bb text_font_size=\u00bb24px\u00bb min_height=\u00bb45.8px\u00bb custom_margin=\u00bb||12px|||\u00bb global_colors_info=\u00bb{}\u00bb theme_builder_area=\u00bbpost_content\u00bb]<\/p>\n<p>Consci\u00e8ncia<\/p>\n<p>[\/et_pb_text][et_pb_divider color=\u00bb#0D264F\u00bb _builder_version=\u00bb4.27.6&#8243; _module_preset=\u00bbdefault\u00bb custom_margin=\u00bb||2px|||\u00bb global_colors_info=\u00bb{}\u00bb theme_builder_area=\u00bbpost_content\u00bb][\/et_pb_divider][et_pb_text _builder_version=\u00bb4.27.6&#8243; _module_preset=\u00bbdefault\u00bb text_font=\u00bbSpace Grotesk|300|||||||\u00bb text_text_color=\u00bb#161616&#8243; global_colors_info=\u00bb{}\u00bb theme_builder_area=\u00bbpost_content\u00bb]<\/p>\n<p><span class=\"a_GcMg font-feature-liga-off font-feature-clig-off font-feature-calt-off text-decoration-none text-strikethrough-none\">Aquesta l\u00ednia de recerca aborda diversos aspectes de la consci\u00e8ncia humana des d&#8217;una perspectiva experimental. Inclou estudis sobre percepci\u00f3 i experi\u00e8ncia subjectiva, com ara la percepci\u00f3 de qualia associats al color; processos de visi\u00f3 cognitiva, estudiant els efectes de la privaci\u00f3 sensorial breu sobre lexperi\u00e8ncia visual; la investigaci\u00f3 de fen\u00f2mens com les experi\u00e8ncies extrasensorials o el paper d&#8217;estats psicol\u00f2gics com la gratitud al benestar. Analitzar aquests fen\u00f2mens mitjan\u00e7ant m\u00e8todes experimentals i eines neurofisiol\u00f2giques permetr\u00e0 ampliar el coneixement cient\u00edfic sobre els processos subjacents a l&#8217;experi\u00e8ncia conscient.  <\/span><\/p>\n<p>[\/et_pb_text][\/et_pb_column][\/et_pb_row][et_pb_row column_structure=\u00bb1_2,1_2&#8243; make_equal=\u00bbon\u00bb custom_padding_last_edited=\u00bbon|phone\u00bb disabled_on=\u00bbon|on|on\u00bb module_id=\u00bbLineasinvestigacion\u00bb _builder_version=\u00bb4.27.6&#8243; _module_preset=\u00bbdefault\u00bb custom_padding=\u00bb||90px|7px|false|false\u00bb custom_padding_tablet=\u00bb||90px||false|false\u00bb custom_padding_phone=\u00bb||50px||false|false\u00bb custom_css_main_element=\u00bb||\u00bb disabled=\u00bbon\u00bb global_colors_info=\u00bb{}\u00bb theme_builder_area=\u00bbpost_content\u00bb][et_pb_column type=\u00bb1_2&#8243; _builder_version=\u00bb4.27.2&#8243; _module_preset=\u00bbdefault\u00bb custom_css_main_element=\u00bbdisplay: flex;||flex-direction: column;||justify-content: center;\u00bb global_colors_info=\u00bb{}\u00bb theme_builder_area=\u00bbpost_content\u00bb][et_pb_text _builder_version=\u00bb4.27.2&#8243; _module_preset=\u00bbcb2a6a0e-36b0-4354-ad4b-7bab3bb244f1&#8243; custom_padding=\u00bb|3px||||\u00bb text_orientation_tablet=\u00bb\u00bb text_orientation_phone=\u00bbcenter\u00bb text_orientation_last_edited=\u00bbon|phone\u00bb global_colors_info=\u00bb{}\u00bb theme_builder_area=\u00bbpost_content\u00bb]<\/p>\n<p class=\"p1\">Som l\u00edders en l\u2019estudi dels processos m\u00e9s quotidians del cervell i la ment humana. Les nostres l\u00ednies de recerca abasten des de la g\u00e8nesi del pensament i l\u2019emoci\u00f3 fins als efectes neurofisiol\u00f2gics de la por i l\u2019estr\u00e8s, incloent-hi la sincronia cerebral en experi\u00e8ncies socials, les percepcions extrasensorials i la consci\u00e8ncia. <\/p>\n<p class=\"p1\">Per aix\u00f2, comptem amb tecnologia d&#8217;avantguarda, com EEG d&#8217;alta densitat, fNIRS, eye tracker i una unitat d&#8217;hyperscanning, per impulsar amb rigor cient\u00edfic descobriments transformadors que impactin positivament a la humanitat.<\/p>\n<p>[\/et_pb_text][\/et_pb_column][et_pb_column type=\u00bb1_2&#8243; _builder_version=\u00bb4.27.2&#8243; _module_preset=\u00bbdefault\u00bb custom_css_main_element=\u00bbdisplay: flex;||flex-direction: column;||justify-content: center;\u00bb global_colors_info=\u00bb{}\u00bb theme_builder_area=\u00bbpost_content\u00bb][et_pb_image src=\u00bbhttps:\/\/inablab.org\/wp-content\/uploads\/2024\/11\/lineas-investigacion-img.webp\u00bb alt=\u00bbl\u00ednies investigacio img\u00bb title_text=\u00bbl\u00ednies investigacio img\u00bb _builder_version=\u00bb4.27.4&#8243; _module_preset=\u00bbdefault\u00bb border_radii=\u00bboff|20px|20px|20px|20px\u00bb border_width_all=\u00bb2px\u00bb border_color_all=\u00bb#0D264F\u00bb border_color_right=\u00bb#0D264F\u00bb global_colors_info=\u00bb{}\u00bb theme_builder_area=\u00bbpost_content\u00bb][\/et_pb_image][\/et_pb_column][\/et_pb_row][et_pb_row disabled_on=\u00bbon|on|on\u00bb _builder_version=\u00bb4.27.6&#8243; _module_preset=\u00bbdefault\u00bb custom_padding=\u00bb||90px||false|false\u00bb disabled=\u00bbon\u00bb global_colors_info=\u00bb{}\u00bb theme_builder_area=\u00bbpost_content\u00bb][et_pb_column type=\u00bb4_4&#8243; _builder_version=\u00bb4.27.4&#8243; _module_preset=\u00bbdefault\u00bb global_colors_info=\u00bb{}\u00bb theme_builder_area=\u00bbpost_content\u00bb][et_pb_text _builder_version=\u00bb4.27.4&#8243; _module_preset=\u00bbcb2a6a0e-36b0-4354-ad4b-7bab3bb244f1&#8243; header_2_text_align_tablet=\u00bb\u00bb header_2_text_align_phone=\u00bbcenter\u00bb header_2_text_align_last_edited=\u00bbon|phone\u00bb global_colors_info=\u00bb{}\u00bb theme_builder_area=\u00bbpost_content\u00bb]<\/p>\n<h2 style=\"text-align: center;\">Busquem humans<br \/>per a estudiar la nostra humanitat<\/h2>\n<p>[\/et_pb_text][et_pb_text _builder_version=\u00bb4.27.4&#8243; _module_preset=\u00bbcb2a6a0e-36b0-4354-ad4b-7bab3bb244f1&#8243; custom_padding=\u00bb|3px||||\u00bb text_orientation_tablet=\u00bb\u00bb text_orientation_phone=\u00bbcenter\u00bb text_orientation_last_edited=\u00bbon|phone\u00bb global_colors_info=\u00bb{}\u00bb theme_builder_area=\u00bbpost_content\u00bb]<\/p>\n<p class=\"p1\" style=\"text-align: center;\">Ets un \u00e9sser hum\u00e0? Ets part de l&#8217;INAB, perqu\u00e8 a l&#8217;INAB som humans estudiant humans. I participant als estudis d&#8217;investigaci\u00f3 de INAB, t&#8217;uneixes a la missi\u00f3 de l&#8217;institut: fer passes cap a una millor comprensi\u00f3 del que som.  <\/p>\n<p>[\/et_pb_text][et_pb_button button_url=\u00bb@ET-DC@eyJkeW5hbWljIjp0cnVlLCJjb250ZW50IjoicG9zdF9saW5rX3VybF9wYWdlIiwic2V0dGluZ3MiOnsicG9zdF9pZCI6IjEyNTMiLCJlbmFibGVfaHRtbCI6Im9mZiJ9fQ==@\u00bb button_text=\u00bbPARTICIPA\u00bb _builder_version=\u00bb4.27.4&#8243; _dynamic_attributes=\u00bbbutton_url\u00bb _module_preset=\u00bbb169589b-5926-44c0-8ee7-e722505294ae\u00bb global_colors_info=\u00bb{}\u00bb theme_builder_area=\u00bbpost_content\u00bb][\/et_pb_button][\/et_pb_column][\/et_pb_row][\/et_pb_section][et_pb_section fb_built=\u00bb1&#8243; custom_padding_last_edited=\u00bbon|phone\u00bb admin_label=\u00bbBlog\u00bb module_id=\u00bbpublicaciones-new\u00bb module_class=\u00bbnormal-scroll\u00bb _builder_version=\u00bb4.27.2&#8243; _module_preset=\u00bbdefault\u00bb background_image=\u00bbhttps:\/\/inablab.org\/wp-content\/uploads\/2024\/11\/fonde-3-scaled.jpg\u00bb custom_padding_tablet=\u00bb\u00bb custom_padding_phone=\u00bb0px||||false|false\u00bb da_popup_slug=\u00bbpublicaciones-new\u00bb da_disable_devices=\u00bboff|off|off\u00bb global_colors_info=\u00bb{}\u00bb theme_builder_area=\u00bbpost_content\u00bb da_is_popup=\u00bboff\u00bb da_exit_intent=\u00bboff\u00bb da_has_close=\u00bbon\u00bb da_alt_close=\u00bboff\u00bb da_dark_close=\u00bboff\u00bb da_not_modal=\u00bbon\u00bb da_is_singular=\u00bboff\u00bb da_with_loader=\u00bboff\u00bb da_has_shadow=\u00bbon\u00bb][et_pb_row custom_padding_last_edited=\u00bbon|phone\u00bb _builder_version=\u00bb4.27.6&#8243; _module_preset=\u00bbdefault\u00bb background_image=\u00bbhttps:\/\/inablab.org\/wp-content\/uploads\/2024\/11\/INAB_Logotipos-verde-25.png\u00bb background_size=\u00bbcontain\u00bb max_width=\u00bb2560px\u00bb height=\u00bb20%\u00bb custom_padding_tablet=\u00bb\u00bb custom_padding_phone=\u00bb53px||56px||false|false\u00bb global_colors_info=\u00bb{}\u00bb theme_builder_area=\u00bbpost_content\u00bb][et_pb_column type=\u00bb4_4&#8243; _builder_version=\u00bb4.16&#8243; _module_preset=\u00bbdefault\u00bb global_colors_info=\u00bb{}\u00bb theme_builder_area=\u00bbpost_content\u00bb][et_pb_text _builder_version=\u00bb4.27.2&#8243; _module_preset=\u00bbcb2a6a0e-36b0-4354-ad4b-7bab3bb244f1&#8243; header_2_text_color=\u00bb#0D264F\u00bb min_height=\u00bb117px\u00bb custom_margin=\u00bb||-53px|||\u00bb custom_padding=\u00bb||35px|||\u00bb global_colors_info=\u00bb{}\u00bb theme_builder_area=\u00bbpost_content\u00bb]<\/p>\n<h2>PUBLICACIONS DESTACADES<\/h2>\n<p>[\/et_pb_text][\/et_pb_column][\/et_pb_row][et_pb_row disabled_on=\u00bboff|off|off\u00bb _builder_version=\u00bb4.27.6&#8243; _module_preset=\u00bbdefault\u00bb global_colors_info=\u00bb{}\u00bb max_width__hover_enabled=\u00bboff|desktop\u00bb theme_builder_area=\u00bbpost_content\u00bb][et_pb_column type=\u00bb4_4&#8243; _builder_version=\u00bb4.27.6&#8243; _module_preset=\u00bbdefault\u00bb global_colors_info=\u00bb{}\u00bb theme_builder_area=\u00bbpost_content\u00bb][dipl_blog_slider slider_layout=\u00bblayout3&#8243; show_author=\u00bboff\u00bb show_date=\u00bboff\u00bb show_comments=\u00bboff\u00bb read_more_text=\u00bbLeer m\u00e1s\u00bb category_background_color=\u00bbRGBA(255,255,255,0)\u00bb post_content_wrapper_background_color=\u00bbRGBA(255,255,255,0)\u00bb space_between_slides=\u00bb30px\u00bb slider_loop=\u00bbon\u00bb arrow_font_size=\u00bb44px\u00bb arrow_color=\u00bb#0D264F\u00bb control_dot_inactive_color=\u00bb#8EC1F4&#8243; meta_icon_color=\u00bb#FFFFFF\u00bb post_per_slide_tablet=\u00bb2&#8243; post_per_slide_phone=\u00bb1&#8243; arrows_position_tablet=\u00bb\u00bb arrows_position_phone=\u00bbinside\u00bb arrows_position_last_edited=\u00bbon|phone\u00bb _builder_version=\u00bb4.27.6&#8243; _module_preset=\u00bbdefault\u00bb title_font=\u00bbSpace Grotesk|||on|||||\u00bb title_font_size=\u00bb20px\u00bb body_font=\u00bbSpace Grotesk||||||||\u00bb category_font=\u00bb|700||on|||||\u00bb category_text_align=\u00bbright\u00bb category_text_color=\u00bb#FFFFFF\u00bb custom_read_more=\u00bbon\u00bb read_more_text_color=\u00bb#FFFFFF\u00bb read_more_bg_color=\u00bb#0D264F\u00bb read_more_border_width=\u00bb0px\u00bb read_more_border_color=\u00bb#0D264F\u00bb read_more_border_radius=\u00bb34px\u00bb read_more_font=\u00bbSpace Grotesk|||on|||||\u00bb read_more_use_icon=\u00bboff\u00bb global_colors_info=\u00bb{}\u00bb read_more_bg_color__hover_enabled=\u00bbon|hover\u00bb read_more_bg_color__hover=\u00bb#C3CE86&#8243; read_more_bg_enable_color__hover=\u00bbon\u00bb read_more_text_color__hover_enabled=\u00bbon|hover\u00bb read_more_text_color__hover=\u00bb#0D264F\u00bb theme_builder_area=\u00bbpost_content\u00bb][\/dipl_blog_slider][\/et_pb_column][\/et_pb_row][et_pb_row disabled_on=\u00bbon|on|on\u00bb _builder_version=\u00bb4.27.2&#8243; _module_preset=\u00bbdefault\u00bb disabled=\u00bbon\u00bb global_colors_info=\u00bb{}\u00bb theme_builder_area=\u00bbpost_content\u00bb][et_pb_column type=\u00bb4_4&#8243; _builder_version=\u00bb4.27.2&#8243; _module_preset=\u00bbdefault\u00bb global_colors_info=\u00bb{}\u00bb theme_builder_area=\u00bbpost_content\u00bb][et_pb_button button_url=\u00bb@ET-DC@eyJkeW5hbWljIjp0cnVlLCJjb250ZW50IjoicG9zdF9saW5rX3VybF9wYWdlIiwic2V0dGluZ3MiOnsicG9zdF9pZCI6IjEwNCIsImVuYWJsZV9odG1sIjoib2ZmIn19@\u00bb button_text=\u00bbM\u00c9S PUBLICACIONS\u00bb module_id=\u00bbcontacto\u00bb _builder_version=\u00bb4.27.2&#8243; _dynamic_attributes=\u00bbbutton_url\u00bb _module_preset=\u00bbb169589b-5926-44c0-8ee7-e722505294ae\u00bb button_text_size_phone=\u00bb15px\u00bb global_colors_info=\u00bb{}\u00bb theme_builder_area=\u00bbpost_content\u00bb][\/et_pb_button][\/et_pb_column][\/et_pb_row][\/et_pb_section][et_pb_section fb_built=\u00bb1&#8243; admin_label=\u00bbSection\u00bb module_id=\u00bbcolaboradors\u00bb _builder_version=\u00bb4.27.6&#8243; _module_preset=\u00bbdefault\u00bb use_background_color_gradient=\u00bbon\u00bb background_color_gradient_stops=\u00bb#ffffff 48%|#f7f7f2 100%\u00bb background_color_gradient_overlays_image=\u00bbon\u00bb background_image=\u00bbhttps:\/\/inablab.org\/wp-content\/uploads\/2025\/10\/fondo-1-scaled-1.webp\u00bb background_position=\u00bbbottom_center\u00bb custom_margin=\u00bb0px||0px||false|false\u00bb custom_padding=\u00bb0px||0px|||\u00bb da_popup_slug=\u00bbcolaboradores\u00bb da_disable_devices=\u00bboff|off|off\u00bb global_colors_info=\u00bb{}\u00bb theme_builder_area=\u00bbpost_content\u00bb da_is_popup=\u00bboff\u00bb da_exit_intent=\u00bboff\u00bb da_has_close=\u00bbon\u00bb da_alt_close=\u00bboff\u00bb da_dark_close=\u00bboff\u00bb da_not_modal=\u00bbon\u00bb da_is_singular=\u00bboff\u00bb da_with_loader=\u00bboff\u00bb da_has_shadow=\u00bbon\u00bb][et_pb_row column_structure=\u00bb1_2,1_2&#8243; make_equal=\u00bbon\u00bb module_id=\u00bbfundadores\u00bb _builder_version=\u00bb4.27.2&#8243; _module_preset=\u00bbdefault\u00bb background_color=\u00bb#0d254f\u00bb width=\u00bb95%\u00bb max_width=\u00bb2560px\u00bb custom_padding=\u00bb|7%||7%|false|true\u00bb border_radii=\u00bbon|20px|20px|20px|20px\u00bb global_colors_info=\u00bb{}\u00bb theme_builder_area=\u00bbpost_content\u00bb][et_pb_column type=\u00bb1_2&#8243; _builder_version=\u00bb4.27.2&#8243; _module_preset=\u00bbdefault\u00bb global_colors_info=\u00bb{}\u00bb theme_builder_area=\u00bbpost_content\u00bb][dipl_image_accordion content_alignment=\u00bbbottom_center\u00bb _builder_version=\u00bb4.27.2&#8243; _module_preset=\u00bbdefault\u00bb height=\u00bb74vh\u00bb height_tablet=\u00bb74vh\u00bb height_phone=\u00bb44vh\u00bb height_last_edited=\u00bbon|phone\u00bb max_height=\u00bb620px\u00bb global_colors_info=\u00bb{}\u00bb theme_builder_area=\u00bbpost_content\u00bb][dipl_image_accordion_item title=\u00bbXavi Ginesta\u00bb accordion_bg_image=\u00bbhttps:\/\/inablab.org\/wp-content\/uploads\/2024\/11\/xavi.jpg\u00bb _builder_version=\u00bb4.27.2&#8243; _module_preset=\u00bbdefault\u00bb title_level=\u00bbh3&#8243; title_font=\u00bbSpace Grotesk||||||||\u00bb title_text_color=\u00bb#FFFFFF\u00bb title_font_size=\u00bb30px\u00bb border_width_right=\u00bb3px\u00bb border_color_right=\u00bb#0D264F\u00bb border_width_left=\u00bb3px\u00bb border_color_left=\u00bb#0D264F\u00bb global_colors_info=\u00bb{}\u00bb custom_padding__hover_enabled=\u00bboff|desktop\u00bb theme_builder_area=\u00bbpost_content\u00bb][\/dipl_image_accordion_item][dipl_image_accordion_item title=\u00bbDavid del Rosario\u00bb accordion_bg_image=\u00bbhttps:\/\/inablab.org\/wp-content\/uploads\/2024\/11\/david.jpg\u00bb _builder_version=\u00bb4.27.2&#8243; _module_preset=\u00bbdefault\u00bb title_level=\u00bbh3&#8243; title_font=\u00bbSpace Grotesk||||||||\u00bb title_text_color=\u00bb#FFFFFF\u00bb title_font_size=\u00bb30px\u00bb border_width_right=\u00bb3px\u00bb border_color_right=\u00bb#0D264F\u00bb border_width_left=\u00bb3px\u00bb border_color_left=\u00bb#0D264F\u00bb global_colors_info=\u00bb{}\u00bb theme_builder_area=\u00bbpost_content\u00bb][\/dipl_image_accordion_item][\/dipl_image_accordion][\/et_pb_column][et_pb_column type=\u00bb1_2&#8243; _builder_version=\u00bb4.27.2&#8243; _module_preset=\u00bbdefault\u00bb custom_css_main_element=\u00bbdisplay: flex;||flex-direction: column;||justify-content: center;\u00bb global_colors_info=\u00bb{}\u00bb theme_builder_area=\u00bbpost_content\u00bb][et_pb_text _builder_version=\u00bb4.27.2&#8243; _module_preset=\u00bbcb2a6a0e-36b0-4354-ad4b-7bab3bb244f1&#8243; header_2_text_color=\u00bb#FFFFFF\u00bb global_colors_info=\u00bb{}\u00bb theme_builder_area=\u00bbpost_content\u00bb]<\/p>\n<h2>Els fundadors<\/h2>\n<p>[\/et_pb_text][et_pb_text _builder_version=\u00bb4.27.2&#8243; _module_preset=\u00bbcb2a6a0e-36b0-4354-ad4b-7bab3bb244f1&#8243; text_text_color=\u00bb#FFFFFF\u00bb global_colors_info=\u00bb{}\u00bb theme_builder_area=\u00bbpost_content\u00bb]<\/p>\n<p class=\"p1\">En Xavi Ginesta i el David del Rosario funden l&#8217;INAB amb el prop\u00f2sit de desafiar els l\u00edmits tradicionals de la neuroci\u00e8ncia emprant tecnologia d&#8217;avantguarda. L&#8217;INAB forma part de la Fundaci\u00f3 Humanitas, un ecosistema d&#8217;organitzacions sense \u00e0nim de lucre que aplega diverses iniciatives amb un marcat prop\u00f2sit social. <\/p>\n<p>[\/et_pb_text][et_pb_text _builder_version=\u00bb4.27.3&#8243; _module_preset=\u00bbcb2a6a0e-36b0-4354-ad4b-7bab3bb244f1&#8243; text_text_color=\u00bb#C3CE86&#8243; global_colors_info=\u00bb{}\u00bb theme_builder_area=\u00bbpost_content\u00bb]<\/p>\n<p class=\"p1\">\u201cA l&#8217;INAB anem m\u00e9s enll\u00e0 dels l\u00edmits tradicionals de la neuroci\u00e8ncia per impulsar amb rigor cient\u00edfic una societat m\u00e9s conscient, compassiva i col\u00b7laborativa.\u201d <br \/>David del Rosario<\/p>\n<p>[\/et_pb_text][\/et_pb_column][\/et_pb_row][\/et_pb_section][et_pb_section fb_built=\u00bb1&#8243; admin_label=\u00bbSection\u00bb module_id=\u00bbcolaboradors\u00bb module_class=\u00bbdesplegablesCV\u00bb _builder_version=\u00bb4.27.6&#8243; _module_preset=\u00bbdefault\u00bb use_background_color_gradient=\u00bbon\u00bb background_color_gradient_stops=\u00bb#ffffff 48%|#f7f7f2 100%\u00bb background_color_gradient_overlays_image=\u00bbon\u00bb background_image=\u00bbhttps:\/\/inablab.org\/wp-content\/uploads\/2025\/10\/fondo-1-scaled-1.webp\u00bb background_position=\u00bbbottom_center\u00bb custom_margin=\u00bb0px||0px||false|false\u00bb custom_padding=\u00bb0px||0px|||\u00bb da_popup_slug=\u00bbcolaboradores\u00bb da_disable_devices=\u00bboff|off|off\u00bb global_colors_info=\u00bb{}\u00bb theme_builder_area=\u00bbpost_content\u00bb da_is_popup=\u00bboff\u00bb da_exit_intent=\u00bboff\u00bb da_has_close=\u00bbon\u00bb da_alt_close=\u00bboff\u00bb da_dark_close=\u00bboff\u00bb da_not_modal=\u00bbon\u00bb da_is_singular=\u00bboff\u00bb da_with_loader=\u00bboff\u00bb da_has_shadow=\u00bbon\u00bb][et_pb_row custom_padding_last_edited=\u00bbon|phone\u00bb _builder_version=\u00bb4.27.2&#8243; _module_preset=\u00bbdefault\u00bb background_image=\u00bbhttps:\/\/inablab.org\/wp-content\/uploads\/2024\/11\/INAB_Logotipos-verde-25.png\u00bb background_size=\u00bbcontain\u00bb custom_padding=\u00bb90px||90px||true|false\u00bb custom_padding_tablet=\u00bb90px||90px||true|false\u00bb custom_padding_phone=\u00bb50px||50px||true|false\u00bb global_colors_info=\u00bb{}\u00bb theme_builder_area=\u00bbpost_content\u00bb][et_pb_column type=\u00bb4_4&#8243; _builder_version=\u00bb4.27.2&#8243; _module_preset=\u00bbdefault\u00bb global_colors_info=\u00bb{}\u00bb theme_builder_area=\u00bbpost_content\u00bb][et_pb_text _builder_version=\u00bb4.27.6&#8243; _module_preset=\u00bbcb2a6a0e-36b0-4354-ad4b-7bab3bb244f1&#8243; header_2_font=\u00bb|||on|||||\u00bb header_2_text_align=\u00bbcenter\u00bb global_colors_info=\u00bb{}\u00bb theme_builder_area=\u00bbpost_content\u00bb]<\/p>\n<h2>COMIT\u00c8 EXPERTS<\/h2>\n<p>[\/et_pb_text][\/et_pb_column][\/et_pb_row][et_pb_row column_structure=\u00bb1_3,1_3,1_3&#8243; disabled_on=\u00bboff|off|off\u00bb _builder_version=\u00bb4.27.4&#8243; _module_preset=\u00bbdefault\u00bb locked=\u00bboff\u00bb global_colors_info=\u00bb{}\u00bb theme_builder_area=\u00bbpost_content\u00bb][et_pb_column type=\u00bb1_3&#8243; _builder_version=\u00bb4.16&#8243; _module_preset=\u00bbdefault\u00bb global_colors_info=\u00bb{}\u00bb theme_builder_area=\u00bbpost_content\u00bb][et_pb_image src=\u00bbhttps:\/\/inablab.org\/wp-content\/uploads\/2026\/01\/raul-andero.jpeg\u00bb alt=\u00bbraul andero\u00bb title_text=\u00bbraul andero\u00bb _builder_version=\u00bb4.27.5&#8243; _module_preset=\u00bbc8fc37d0-dbdb-4567-ae3d-9e2cd7de653d\u00bb filter_saturate=\u00bb0%\u00bb border_radii=\u00bbon|25%|25%|25%|25%\u00bb global_colors_info=\u00bb{}\u00bb theme_builder_area=\u00bbpost_content\u00bb][\/et_pb_image][et_pb_text _builder_version=\u00bb4.27.5&#8243; _module_preset=\u00bb976ffdb2-2d60-4a52-84d1-bcb0a69dc429&#8243; text_text_color=\u00bb#161616&#8243; text_font_size=\u00bb16px\u00bb link_font=\u00bbSpace Grotesk||||||||\u00bb link_text_color=\u00bb#0D264F\u00bb header_font=\u00bbSpace Grotesk||||||||\u00bb header_text_align=\u00bbcenter\u00bb header_text_color=\u00bb#FFFFFF\u00bb header_font_size=\u00bb50px\u00bb header_2_font=\u00bbSpace Grotesk|||on|||||\u00bb header_2_font_size=\u00bb40px\u00bb background_size=\u00bbinitial\u00bb background_position=\u00bbtop_left\u00bb background_repeat=\u00bbrepeat\u00bb text_orientation=\u00bbcenter\u00bb text_font_size_tablet=\u00bb16px\u00bb text_font_size_phone=\u00bb15px\u00bb text_font_size_last_edited=\u00bbon|phone\u00bb text_line_height_tablet=\u00bb\u00bb text_line_height_phone=\u00bb1.5em\u00bb text_line_height_last_edited=\u00bbon|phone\u00bb header_font_size_tablet=\u00bb40px\u00bb header_font_size_phone=\u00bb34px\u00bb header_font_size_last_edited=\u00bbon|phone\u00bb header_2_font_size_tablet=\u00bb40px\u00bb header_2_font_size_phone=\u00bb30px\u00bb header_2_font_size_last_edited=\u00bbon|phone\u00bb global_colors_info=\u00bb{}\u00bb text_text_color__hover=\u00bb#C3CE86&#8243; text_text_color__hover_enabled=\u00bbon|hover\u00bb link_text_color__hover=\u00bb#C3CE86&#8243; link_text_color__hover_enabled=\u00bbon|hover\u00bb theme_builder_area=\u00bbpost_content\u00bb]<\/p>\n<h3 class=\"p1\">Dr. Ra\u00fcl Andero Gal\u00ed<\/h3>\n<p>[\/et_pb_text][et_pb_text _builder_version=\u00bb4.27.5&#8243; _module_preset=\u00bbcb2a6a0e-36b0-4354-ad4b-7bab3bb244f1&#8243; text_font_size=\u00bb15px\u00bb link_font=\u00bbSpace Grotesk||||||||\u00bb text_orientation=\u00bbcenter\u00bb locked=\u00bboff\u00bb global_colors_info=\u00bb{}\u00bb text_text_color__hover=\u00bb#C3CE86&#8243; text_text_color__hover_enabled=\u00bboff|desktop\u00bb link_text_color__hover=\u00bb#C3CE86&#8243; link_text_color__hover_enabled=\u00bbon|hover\u00bb theme_builder_area=\u00bbpost_content\u00bb]<\/p>\n<p class=\"p1\"><span>Professor d&#8217;Investigaci\u00f3 ICREA (UAB)<\/span><\/p>\n<p>[\/et_pb_text][et_pb_text _builder_version=\u00bb4.27.5&#8243; _module_preset=\u00bbcb2a6a0e-36b0-4354-ad4b-7bab3bb244f1&#8243; link_font=\u00bbSpace Grotesk||||||||\u00bb text_orientation=\u00bbcenter\u00bb locked=\u00bboff\u00bb global_colors_info=\u00bb{}\u00bb link_text_color__hover_enabled=\u00bbon|hover\u00bb link_text_color__hover=\u00bb#C3CE86&#8243; text_text_color__hover_enabled=\u00bbon|hover\u00bb theme_builder_area=\u00bbpost_content\u00bb]<\/p>\n<div class=\"equipo__datos\" id=\"persona-178\">\n<p>Raul Andero, doctor en Neuroci\u00e8ncies (Premi Extraordinari, UAB), especialitzat en models animals conductuals d\u2019estr\u00e8s i mem\u00f2ria. Ha realitzat recerca postdoctoral i ha estat Research Associate al laboratori del Dr. Ressler (Howard Hughes Medical Institute, Emory University). Instructor en Psiquiatria a McLean Hospital \u2013 Harvard Medical School, combinant recerca amb pacients psiqui\u00e0trics i models animals de mem\u00f2ria de la por. Investigador Ram\u00f3n y Cajal i fundador del seu propi laboratori a l\u2019Institut de Neuroci\u00e8ncies de la UAB (2016). Professor de recerca ICREA.    <br \/><a href=\"https:\/\/orcid.org\/0000-0003-3641-8903\">Publicacions<\/a><\/p>\n<\/div>\n<p class=\"equipo__enlace\"><a class=\"equipo_verdatos\" data-id=\"178\">Curr\u00edculum <\/a><\/p>\n<p>[\/et_pb_text][\/et_pb_column][et_pb_column type=\u00bb1_3&#8243; _builder_version=\u00bb4.16&#8243; _module_preset=\u00bbdefault\u00bb global_colors_info=\u00bb{}\u00bb theme_builder_area=\u00bbpost_content\u00bb][et_pb_image src=\u00bbhttps:\/\/inablab.org\/wp-content\/uploads\/2026\/02\/roser-nadal_sq.jpg\u00bb alt=\u00bbroser nadal sq\u00bb title_text=\u00bbroser nadal sq\u00bb _builder_version=\u00bb4.27.5&#8243; _module_preset=\u00bbc8fc37d0-dbdb-4567-ae3d-9e2cd7de653d\u00bb filter_saturate=\u00bb0%\u00bb border_radii=\u00bbon|25%|25%|25%|25%\u00bb locked=\u00bboff\u00bb global_colors_info=\u00bb{}\u00bb theme_builder_area=\u00bbpost_content\u00bb][\/et_pb_image][et_pb_text _builder_version=\u00bb4.27.5&#8243; _module_preset=\u00bb976ffdb2-2d60-4a52-84d1-bcb0a69dc429&#8243; text_text_color=\u00bb#161616&#8243; text_font_size=\u00bb16px\u00bb link_font=\u00bbSpace Grotesk||||||||\u00bb link_text_color=\u00bb#0D264F\u00bb header_font=\u00bbSpace Grotesk||||||||\u00bb header_text_align=\u00bbcenter\u00bb header_text_color=\u00bb#FFFFFF\u00bb header_font_size=\u00bb50px\u00bb header_2_font=\u00bbSpace Grotesk|||on|||||\u00bb header_2_font_size=\u00bb40px\u00bb background_size=\u00bbinitial\u00bb background_position=\u00bbtop_left\u00bb background_repeat=\u00bbrepeat\u00bb text_orientation=\u00bbcenter\u00bb text_font_size_tablet=\u00bb16px\u00bb text_font_size_phone=\u00bb15px\u00bb text_font_size_last_edited=\u00bbon|phone\u00bb text_line_height_tablet=\u00bb\u00bb text_line_height_phone=\u00bb1.5em\u00bb text_line_height_last_edited=\u00bbon|phone\u00bb header_font_size_tablet=\u00bb40px\u00bb header_font_size_phone=\u00bb34px\u00bb header_font_size_last_edited=\u00bbon|phone\u00bb header_2_font_size_tablet=\u00bb40px\u00bb header_2_font_size_phone=\u00bb30px\u00bb header_2_font_size_last_edited=\u00bbon|phone\u00bb global_colors_info=\u00bb{}\u00bb text_text_color__hover=\u00bb#C3CE86&#8243; text_text_color__hover_enabled=\u00bbon|hover\u00bb link_text_color__hover=\u00bb#C3CE86&#8243; link_text_color__hover_enabled=\u00bbon|hover\u00bb theme_builder_area=\u00bbpost_content\u00bb]<\/p>\n<h3 class=\"p1\">Dra. Roser Nadal <\/h3>\n<p>[\/et_pb_text][et_pb_text _builder_version=\u00bb4.27.5&#8243; _module_preset=\u00bbcb2a6a0e-36b0-4354-ad4b-7bab3bb244f1&#8243; text_font_size=\u00bb15px\u00bb link_font=\u00bbSpace Grotesk||||||||\u00bb text_orientation=\u00bbcenter\u00bb locked=\u00bboff\u00bb global_colors_info=\u00bb{}\u00bb text_text_color__hover=\u00bb#C3CE86&#8243; text_text_color__hover_enabled=\u00bboff|desktop\u00bb link_text_color__hover=\u00bb#C3CE86&#8243; link_text_color__hover_enabled=\u00bbon|hover\u00bb theme_builder_area=\u00bbpost_content\u00bb]<\/p>\n<p>Catedr\u00e0tica Psicobiologia <span>y Metodologies de les Ci\u00e8ncies de la Salut <\/span>(UAB)<\/p>\n<p>[\/et_pb_text][et_pb_text _builder_version=\u00bb4.27.5&#8243; _module_preset=\u00bbcb2a6a0e-36b0-4354-ad4b-7bab3bb244f1&#8243; link_font=\u00bbSpace Grotesk||||||||\u00bb text_orientation=\u00bbcenter\u00bb locked=\u00bboff\u00bb global_colors_info=\u00bb{}\u00bb link_text_color__hover_enabled=\u00bbon|hover\u00bb link_text_color__hover=\u00bb#C3CE86&#8243; text_text_color__hover_enabled=\u00bbon|hover\u00bb theme_builder_area=\u00bbpost_content\u00bb]<\/p>\n<div class=\"equipo__datos\" id=\"persona-190\">\n<p>Roser Nadal, doctora en Psicologia (UAB), \u00e9s Catedr\u00e0tica de Psicobiologia a la Universitat Aut\u00f2noma de Barcelona i investigadora de l\u2019Institut de Neuroci\u00e8ncies. Va ser investigadora ICREA Academia en Ci\u00e8ncies de la Conducta (2014\u20112019) i vicerectora de l\u2019Institut de Neuroci\u00e8ncies (2010\u20132016). Ha realitzat estades de recerca a la Wake Forest University, University of California San Francisco, University of Colorado Boulder i University of British Columbia. Compta amb m\u00e9s de 110 publicacions internacionals i ha dirigit 13 tesis doctorals, amb 6 m\u00e9s en curs. \u00c9s membre del CIBERSAM, de la xarxa TECSAM, de la Xarxa de Recerca sobre Estr\u00e8s i de la Unitat Mixta de Neuroci\u00e8ncia Traslacional INc-UAB\/Taul\u00ed. La seva recerca se centra en la neurobiologia de l\u2019estr\u00e8s, les experi\u00e8ncies primerenques, les difer\u00e8ncies individuals i els biomarcadors de vulnerabilitat en el neurodesenvolupament, codirigint actualment el Laboratori Hum\u00e0 de la UAB. Inclosa en el r\u00e0nquing \u201cTop 100 Dones L\u00edders a Espanya\u201d en la categoria acad\u00e8mica (2019).      <\/p>\n<p><a href=\"https:\/\/orcid.org\/0000-0001-8972-2525\">Publicacions<\/a><\/p>\n<\/div>\n<p class=\"equipo__enlace\"><a class=\"equipo_verdatos\" data-id=\"190\">Curr\u00edculum <\/a><\/p>\n<p>[\/et_pb_text][\/et_pb_column][et_pb_column type=\u00bb1_3&#8243; _builder_version=\u00bb4.27.4&#8243; _module_preset=\u00bbdefault\u00bb global_colors_info=\u00bb{}\u00bb theme_builder_area=\u00bbpost_content\u00bb][et_pb_image src=\u00bbhttps:\/\/inablab.org\/wp-content\/uploads\/2026\/04\/daniel-ruiz-1.jpg\u00bb alt=\u00bbdaniel ruiz\u00bb title_text=\u00bbdaniel ruiz\u00bb _builder_version=\u00bb4.27.6&#8243; _module_preset=\u00bbc8fc37d0-dbdb-4567-ae3d-9e2cd7de653d\u00bb filter_saturate=\u00bb0%\u00bb border_radii=\u00bbon|25%|25%|25%|25%\u00bb locked=\u00bboff\u00bb global_colors_info=\u00bb{}\u00bb theme_builder_area=\u00bbpost_content\u00bb][\/et_pb_image][et_pb_text disabled_on=\u00bboff|off|off\u00bb _builder_version=\u00bb4.27.5&#8243; _module_preset=\u00bb976ffdb2-2d60-4a52-84d1-bcb0a69dc429&#8243; text_text_color=\u00bb#161616&#8243; text_font_size=\u00bb16px\u00bb link_font=\u00bbSpace Grotesk||||||||\u00bb link_text_color=\u00bb#0D264F\u00bb header_font=\u00bbSpace Grotesk||||||||\u00bb header_text_align=\u00bbcenter\u00bb header_text_color=\u00bb#FFFFFF\u00bb header_font_size=\u00bb50px\u00bb header_2_font=\u00bbSpace Grotesk|||on|||||\u00bb header_2_font_size=\u00bb40px\u00bb background_size=\u00bbinitial\u00bb background_position=\u00bbtop_left\u00bb background_repeat=\u00bbrepeat\u00bb text_orientation=\u00bbcenter\u00bb text_font_size_tablet=\u00bb16px\u00bb text_font_size_phone=\u00bb15px\u00bb text_font_size_last_edited=\u00bbon|phone\u00bb text_line_height_tablet=\u00bb\u00bb text_line_height_phone=\u00bb1.5em\u00bb text_line_height_last_edited=\u00bbon|phone\u00bb header_font_size_tablet=\u00bb40px\u00bb header_font_size_phone=\u00bb34px\u00bb header_font_size_last_edited=\u00bbon|phone\u00bb header_2_font_size_tablet=\u00bb40px\u00bb header_2_font_size_phone=\u00bb30px\u00bb header_2_font_size_last_edited=\u00bbon|phone\u00bb global_colors_info=\u00bb{}\u00bb text_text_color__hover=\u00bb#C3CE86&#8243; text_text_color__hover_enabled=\u00bbon|hover\u00bb link_text_color__hover=\u00bb#C3CE86&#8243; link_text_color__hover_enabled=\u00bbon|hover\u00bb theme_builder_area=\u00bbpost_content\u00bb]<\/p>\n<h3>Dr. Daniel Ruiz Fern\u00e1ndez<\/h3>\n<p>[\/et_pb_text][et_pb_text disabled_on=\u00bboff|off|off\u00bb _builder_version=\u00bb4.27.5&#8243; _module_preset=\u00bbcb2a6a0e-36b0-4354-ad4b-7bab3bb244f1&#8243; text_font_size=\u00bb15px\u00bb link_font=\u00bbSpace Grotesk||||||||\u00bb text_orientation=\u00bbcenter\u00bb locked=\u00bboff\u00bb global_colors_info=\u00bb{}\u00bb text_text_color__hover=\u00bb#C3CE86&#8243; text_text_color__hover_enabled=\u00bboff|desktop\u00bb link_text_color__hover=\u00bb#C3CE86&#8243; link_text_color__hover_enabled=\u00bbon|hover\u00bb theme_builder_area=\u00bbpost_content\u00bb]<\/p>\n<p><span>Catedr\u00e0tic del Departament de Tecnologia inform\u00e0tica i<\/span><br \/><span>Computaci\u00f3 (UA)<\/span><\/p>\n<p>[\/et_pb_text][et_pb_text disabled_on=\u00bboff|off|off\u00bb _builder_version=\u00bb4.27.5&#8243; _module_preset=\u00bbcb2a6a0e-36b0-4354-ad4b-7bab3bb244f1&#8243; link_font=\u00bbSpace Grotesk||||||||\u00bb text_orientation=\u00bbcenter\u00bb locked=\u00bboff\u00bb global_colors_info=\u00bb{}\u00bb link_text_color__hover_enabled=\u00bbon|hover\u00bb link_text_color__hover=\u00bb#C3CE86&#8243; text_text_color__hover_enabled=\u00bbon|hover\u00bb theme_builder_area=\u00bbpost_content\u00bb]<\/p>\n<div class=\"equipo__datos\" id=\"persona-195\">\n<p>Professor al Departament de Tecnologia Inform\u00e0tica i Computaci\u00f3 de la Universitat d\u2019Alacant i enginyer inform\u00e0tic, amb doctorat en Inform\u00e0tica (2003). Les seves \u00e0rees de recerca inclouen intel\u00b7lig\u00e8ncia artificial en medicina, inform\u00e0tica m\u00e8dica, e-health, telemedicina, sistemes de suport a la decisi\u00f3 i an\u00e0lisi de dades cl\u00edniques. \u00c9s coordinador acad\u00e8mic del Grau en Enginyeria Biom\u00e8dica i director del grup de recerca IBIS (Enginyeria Bioinspirada i Inform\u00e0tica per a la Salut). Ha liderat projectes nacionals i regionals en inform\u00e0tica m\u00e8dica i ha publicat en confer\u00e8ncies i revistes JCR. Membre de la Societat Espanyola d\u2019Enginyeria Biom\u00e8dica i Senior Member de l\u2019IEEE.    <br \/><a href=\"https:\/\/orcid.org\/0000-0002-3867-0179\">Publicacions<\/a><\/p>\n<\/div>\n<p class=\"equipo__enlace\"><a class=\"equipo_verdatos\" data-id=\"195\">Curr\u00edculum <\/a><\/p>\n<p>[\/et_pb_text][\/et_pb_column][\/et_pb_row][et_pb_row column_structure=\u00bb1_3,1_3,1_3&#8243; disabled_on=\u00bboff|off|off\u00bb _builder_version=\u00bb4.27.6&#8243; _module_preset=\u00bbdefault\u00bb global_colors_info=\u00bb{}\u00bb theme_builder_area=\u00bbpost_content\u00bb][et_pb_column type=\u00bb1_3&#8243; _builder_version=\u00bb4.27.4&#8243; _module_preset=\u00bbdefault\u00bb global_colors_info=\u00bb{}\u00bb theme_builder_area=\u00bbpost_content\u00bb][et_pb_image src=\u00bbhttps:\/\/inablab.org\/wp-content\/uploads\/2026\/01\/violeta.jpg\u00bb alt=\u00bbvioleta\u00bb title_text=\u00bbvioleta\u00bb disabled_on=\u00bboff|off|off\u00bb _builder_version=\u00bb4.27.6&#8243; _module_preset=\u00bbc8fc37d0-dbdb-4567-ae3d-9e2cd7de653d\u00bb height=\u00bb190px\u00bb filter_saturate=\u00bb0%\u00bb border_radii=\u00bbon|25%|25%|25%|25%\u00bb locked=\u00bboff\u00bb global_colors_info=\u00bb{}\u00bb theme_builder_area=\u00bbpost_content\u00bb][\/et_pb_image][et_pb_text disabled_on=\u00bboff|off|off\u00bb _builder_version=\u00bb4.27.5&#8243; _module_preset=\u00bb976ffdb2-2d60-4a52-84d1-bcb0a69dc429&#8243; text_text_color=\u00bb#161616&#8243; text_font_size=\u00bb16px\u00bb link_font=\u00bbSpace Grotesk||||||||\u00bb link_text_color=\u00bb#0D264F\u00bb header_font=\u00bbSpace Grotesk||||||||\u00bb header_text_align=\u00bbcenter\u00bb header_text_color=\u00bb#FFFFFF\u00bb header_font_size=\u00bb50px\u00bb header_2_font=\u00bbSpace Grotesk|||on|||||\u00bb header_2_font_size=\u00bb40px\u00bb background_size=\u00bbinitial\u00bb background_position=\u00bbtop_left\u00bb background_repeat=\u00bbrepeat\u00bb text_orientation=\u00bbcenter\u00bb text_font_size_tablet=\u00bb16px\u00bb text_font_size_phone=\u00bb15px\u00bb text_font_size_last_edited=\u00bbon|phone\u00bb text_line_height_tablet=\u00bb\u00bb text_line_height_phone=\u00bb1.5em\u00bb text_line_height_last_edited=\u00bbon|phone\u00bb header_font_size_tablet=\u00bb40px\u00bb header_font_size_phone=\u00bb34px\u00bb header_font_size_last_edited=\u00bbon|phone\u00bb header_2_font_size_tablet=\u00bb40px\u00bb header_2_font_size_phone=\u00bb30px\u00bb header_2_font_size_last_edited=\u00bbon|phone\u00bb global_colors_info=\u00bb{}\u00bb text_text_color__hover=\u00bb#C3CE86&#8243; text_text_color__hover_enabled=\u00bbon|hover\u00bb link_text_color__hover=\u00bb#C3CE86&#8243; link_text_color__hover_enabled=\u00bbon|hover\u00bb theme_builder_area=\u00bbpost_content\u00bb]<\/p>\n<h3>Dra. Violeta Gomez Vicente <\/h3>\n<p>[\/et_pb_text][et_pb_text disabled_on=\u00bboff|off|off\u00bb _builder_version=\u00bb4.27.5&#8243; _module_preset=\u00bbcb2a6a0e-36b0-4354-ad4b-7bab3bb244f1&#8243; text_font_size=\u00bb15px\u00bb link_font=\u00bbSpace Grotesk||||||||\u00bb text_orientation=\u00bbcenter\u00bb locked=\u00bboff\u00bb global_colors_info=\u00bb{}\u00bb text_text_color__hover=\u00bb#C3CE86&#8243; text_text_color__hover_enabled=\u00bboff|desktop\u00bb link_text_color__hover=\u00bb#C3CE86&#8243; link_text_color__hover_enabled=\u00bbon|hover\u00bb theme_builder_area=\u00bbpost_content\u00bb]<\/p>\n<p>Professora titular Dpt. \u00d2ptica, Farmacologia i Anatomia (UA) <\/p>\n<p>[\/et_pb_text][et_pb_text disabled_on=\u00bboff|off|off\u00bb _builder_version=\u00bb4.27.5&#8243; _module_preset=\u00bbcb2a6a0e-36b0-4354-ad4b-7bab3bb244f1&#8243; link_font=\u00bbSpace Grotesk||||||||\u00bb text_orientation=\u00bbcenter\u00bb locked=\u00bboff\u00bb global_colors_info=\u00bb{}\u00bb link_text_color__hover_enabled=\u00bbon|hover\u00bb link_text_color__hover=\u00bb#C3CE86&#8243; text_text_color__hover_enabled=\u00bbon|hover\u00bb theme_builder_area=\u00bbpost_content\u00bb]<\/p>\n<div class=\"equipo__datos\" id=\"persona-191\">\n<p>Llicenciada en Biologia per la Universitat d\u2019Alacant (1998) i doctora en Bioqu\u00edmica per la University College Cork, Irlanda (2006). Els seus estudis de doctorat van marcar l\u2019inici d\u2019una traject\u00f2ria caracteritzada per la col\u00b7laboraci\u00f3 multidisciplin\u00e0ria i una dedicaci\u00f3 sostinguda a la neurobiologia i a les ci\u00e8ncies de la visi\u00f3. Despr\u00e9s de finalitzar el doctorat, va realitzar estades postdoctorals en dues institucions de recerca de refer\u00e8ncia a Espanya: el Centro de Investigaciones Biol\u00f3gicas Margarita Salas (CSIC) a Madrid (2007\u20132010) i la Universitat d\u2019Alacant (2010\u20132013). Des de 2014 compagina l\u2019activitat investigadora amb la doc\u00e8ncia a l\u2019\u00c0rea d\u2019Anatomia i Embriologia Humana de la Universitat d\u2019Alacant, on \u00e9s professora titular d\u2019universitat.   <\/p>\n<p>Al llarg dels anys ha desenvolupat una s\u00f2lida traject\u00f2ria cient\u00edfica, avalada per la seva participaci\u00f3 en 22 projectes de recerca competitius i sis projectes de transfer\u00e8ncia finan\u00e7ats per empreses. \u00c9s autora d\u2019una patent nacional i de 28 publicacions indexades al JCR, de les quals 15 es troben en revistes del primer quartil (Q1). La seva contribuci\u00f3 acad\u00e8mica va m\u00e9s enll\u00e0 de les publicacions i inclou la tasca de revisi\u00f3 per parells d\u2019articles cient\u00edfics, l\u2019organitzaci\u00f3 de congressos i la presentaci\u00f3 dels seus resultats en f\u00f2rums especialitzats, amb m\u00e9s de 60 comunicacions en congressos nacionals i internacionals. Ha realitzat estades breus de recerca en institucions de prestigi, com la Universitat d\u2019Alcal\u00e1 i l\u2019Institut de Neuroci\u00e8ncies d\u2019Alacant (CSIC), que han refor\u00e7at col\u00b7laboracions en curs i contribu\u00eft a l\u2019obtenci\u00f3 de resultats d\u2019alt impacte.   <\/p>\n<p>Aix\u00ed mateix, la Dra. G\u00f3mez-Vicente mant\u00e9 un ferm comprom\u00eds amb la formaci\u00f3 i la mentoria de joves investigadors. Ha dirigit una tesi doctoral (2017) i actualment en codirigeix dues m\u00e9s. Ha participat de manera activa en la formaci\u00f3 d\u2019estudiants mitjan\u00e7ant la direcci\u00f3 de m\u00e9s de 50 treballs de fi de grau i de m\u00e0ster, promovent un entorn col\u00b7laboratiu basat en el rigor cient\u00edfic i la integritat acad\u00e8mica.   <\/p>\n<p><a href=\"https:\/\/orcid.org\/0000-0002-5696-8673\">Publicacions<\/a><\/p>\n<\/div>\n<p class=\"equipo__enlace\"><a class=\"equipo_verdatos\" data-id=\"191\">Curr\u00edculum <\/a><\/p>\n<p>[\/et_pb_text][\/et_pb_column][et_pb_column type=\u00bb1_3&#8243; _builder_version=\u00bb4.27.6&#8243; _module_preset=\u00bbdefault\u00bb global_colors_info=\u00bb{}\u00bb theme_builder_area=\u00bbpost_content\u00bb][et_pb_image src=\u00bbhttps:\/\/inablab.org\/wp-content\/uploads\/2026\/01\/gema.jpeg\u00bb alt=\u00bbgema\u00bb title_text=\u00bbgema\u00bb _builder_version=\u00bb4.27.5&#8243; _module_preset=\u00bbc8fc37d0-dbdb-4567-ae3d-9e2cd7de653d\u00bb filter_saturate=\u00bb0%\u00bb border_radii=\u00bbon|25%|25%|25%|25%\u00bb locked=\u00bboff\u00bb global_colors_info=\u00bb{}\u00bb theme_builder_area=\u00bbpost_content\u00bb][\/et_pb_image][et_pb_text _builder_version=\u00bb4.27.6&#8243; _module_preset=\u00bb976ffdb2-2d60-4a52-84d1-bcb0a69dc429&#8243; text_text_color=\u00bb#161616&#8243; text_font_size=\u00bb16px\u00bb link_font=\u00bbSpace Grotesk||||||||\u00bb link_text_color=\u00bb#0D264F\u00bb header_font=\u00bbSpace Grotesk||||||||\u00bb header_text_align=\u00bbcenter\u00bb header_text_color=\u00bb#FFFFFF\u00bb header_font_size=\u00bb50px\u00bb header_2_font=\u00bbSpace Grotesk|||on|||||\u00bb header_2_font_size=\u00bb40px\u00bb background_size=\u00bbinitial\u00bb background_position=\u00bbtop_left\u00bb background_repeat=\u00bbrepeat\u00bb text_orientation=\u00bbcenter\u00bb text_font_size_tablet=\u00bb16px\u00bb text_font_size_phone=\u00bb15px\u00bb text_font_size_last_edited=\u00bbon|phone\u00bb text_line_height_tablet=\u00bb\u00bb text_line_height_phone=\u00bb1.5em\u00bb text_line_height_last_edited=\u00bbon|phone\u00bb header_font_size_tablet=\u00bb40px\u00bb header_font_size_phone=\u00bb34px\u00bb header_font_size_last_edited=\u00bbon|phone\u00bb header_2_font_size_tablet=\u00bb40px\u00bb header_2_font_size_phone=\u00bb30px\u00bb header_2_font_size_last_edited=\u00bbon|phone\u00bb global_colors_info=\u00bb{}\u00bb text_text_color__hover=\u00bb#C3CE86&#8243; text_text_color__hover_enabled=\u00bbon|hover\u00bb link_text_color__hover=\u00bb#C3CE86&#8243; link_text_color__hover_enabled=\u00bbon|hover\u00bb theme_builder_area=\u00bbpost_content\u00bb]<\/p>\n<h3>Dra. Gema Esquiva <\/h3>\n<p>[\/et_pb_text][et_pb_text _builder_version=\u00bb4.27.6&#8243; _module_preset=\u00bbcb2a6a0e-36b0-4354-ad4b-7bab3bb244f1&#8243; text_font_size=\u00bb15px\u00bb link_font=\u00bbSpace Grotesk||||||||\u00bb text_orientation=\u00bbcenter\u00bb locked=\u00bboff\u00bb global_colors_info=\u00bb{}\u00bb text_text_color__hover=\u00bb#C3CE86&#8243; text_text_color__hover_enabled=\u00bboff|desktop\u00bb link_text_color__hover=\u00bb#C3CE86&#8243; link_text_color__hover_enabled=\u00bbon|hover\u00bb theme_builder_area=\u00bbpost_content\u00bb]<\/p>\n<p>Professora titular Dpt. \u00d2ptica, Farmacologia i Anatomia (UA) <\/p>\n<p>[\/et_pb_text][et_pb_text _builder_version=\u00bb4.27.5&#8243; _module_preset=\u00bbcb2a6a0e-36b0-4354-ad4b-7bab3bb244f1&#8243; link_font=\u00bbSpace Grotesk||||||||\u00bb text_orientation=\u00bbcenter\u00bb locked=\u00bboff\u00bb global_colors_info=\u00bb{}\u00bb link_text_color__hover_enabled=\u00bbon|hover\u00bb link_text_color__hover=\u00bb#C3CE86&#8243; text_text_color__hover_enabled=\u00bbon|hover\u00bb theme_builder_area=\u00bbpost_content\u00bb]<\/p>\n<div class=\"equipo__datos\" id=\"persona-192\">\n<p>Professora titular de la Universitat d\u2019Alacant i investigadora amb 13 anys d\u2019experi\u00e8ncia. Ha participat en 35 projectes de recerca (8 internacionals) i va ser IP d\u2019un projecte finan\u00e7at per la Generalitat Valenciana (GV\/2020\/064). \u00c9s autora de 24 publicacions JCR (16 Q1, 6 D1), amb 452 cites i un \u00edndex h de 16, aix\u00ed com d\u20191 patent. ORCID: 0000-0002-3951-6464.<\/p>\n<p>Ha realitzat estades de recerca a Bispebjerg Hospital (Copenhaguen), Queen\u2019s University Belfast i l\u2019Institut de Recerca Vall d\u2019Hebron. Compta amb una \u00e0mplia activitat docent en 15 assignatures de grau i m\u00e0ster, amb un quinquenni reconegut, participaci\u00f3 en projectes d\u2019innovaci\u00f3 docent i direcci\u00f3 de treballs acad\u00e8mics i tesis doctorals.    <\/p>\n<p><a href=\"https:\/\/orcid.org\/0000-0002-3951-6464\">Publicacions<\/a><\/p>\n<\/div>\n<p class=\"equipo__enlace\"><a class=\"equipo_verdatos\" data-id=\"192\">Curr\u00edculum <\/a><\/p>\n<p>[\/et_pb_text][\/et_pb_column][et_pb_column type=\u00bb1_3&#8243; _builder_version=\u00bb4.27.6&#8243; _module_preset=\u00bbdefault\u00bb global_colors_info=\u00bb{}\u00bb theme_builder_area=\u00bbpost_content\u00bb][et_pb_image src=\u00bbhttps:\/\/inablab.org\/wp-content\/uploads\/2026\/05\/image-2.png\u00bb alt=\u00bbimage (2)\u00bb title_text=\u00bbimage (2)\u00bb _builder_version=\u00bb4.27.6&#8243; _module_preset=\u00bbc8fc37d0-dbdb-4567-ae3d-9e2cd7de653d\u00bb width=\u00bb100%\u00bb height=\u00bb170px\u00bb filter_saturate=\u00bb0%\u00bb border_radii=\u00bbon|25%|25%|25%|25%\u00bb locked=\u00bboff\u00bb global_colors_info=\u00bb{}\u00bb theme_builder_area=\u00bbpost_content\u00bb][\/et_pb_image][et_pb_text _builder_version=\u00bb4.27.6&#8243; _module_preset=\u00bb976ffdb2-2d60-4a52-84d1-bcb0a69dc429&#8243; text_text_color=\u00bb#161616&#8243; text_font_size=\u00bb16px\u00bb link_font=\u00bbSpace Grotesk||||||||\u00bb link_text_color=\u00bb#0D264F\u00bb header_font=\u00bbSpace Grotesk||||||||\u00bb header_text_align=\u00bbcenter\u00bb header_text_color=\u00bb#FFFFFF\u00bb header_font_size=\u00bb50px\u00bb header_2_font=\u00bbSpace Grotesk|||on|||||\u00bb header_2_font_size=\u00bb40px\u00bb background_size=\u00bbinitial\u00bb background_position=\u00bbtop_left\u00bb background_repeat=\u00bbrepeat\u00bb text_orientation=\u00bbcenter\u00bb text_font_size_tablet=\u00bb16px\u00bb text_font_size_phone=\u00bb15px\u00bb text_font_size_last_edited=\u00bbon|phone\u00bb text_line_height_tablet=\u00bb\u00bb text_line_height_phone=\u00bb1.5em\u00bb text_line_height_last_edited=\u00bbon|phone\u00bb header_font_size_tablet=\u00bb40px\u00bb header_font_size_phone=\u00bb34px\u00bb header_font_size_last_edited=\u00bbon|phone\u00bb header_2_font_size_tablet=\u00bb40px\u00bb header_2_font_size_phone=\u00bb30px\u00bb header_2_font_size_last_edited=\u00bbon|phone\u00bb global_colors_info=\u00bb{}\u00bb text_text_color__hover=\u00bb#C3CE86&#8243; text_text_color__hover_enabled=\u00bbon|hover\u00bb link_text_color__hover=\u00bb#C3CE86&#8243; link_text_color__hover_enabled=\u00bbon|hover\u00bb theme_builder_area=\u00bbpost_content\u00bb]<\/p>\n<h3>Dr. Nao Tsuchiya<\/h3>\n<p>[\/et_pb_text][et_pb_text _builder_version=\u00bb4.27.6&#8243; _module_preset=\u00bbcb2a6a0e-36b0-4354-ad4b-7bab3bb244f1&#8243; text_font_size=\u00bb15px\u00bb link_font=\u00bbSpace Grotesk||||||||\u00bb text_orientation=\u00bbcenter\u00bb locked=\u00bboff\u00bb global_colors_info=\u00bb{}\u00bb text_text_color__hover=\u00bb#C3CE86&#8243; text_text_color__hover_enabled=\u00bboff|desktop\u00bb link_text_color__hover=\u00bb#C3CE86&#8243; link_text_color__hover_enabled=\u00bbon|hover\u00bb theme_builder_area=\u00bbpost_content\u00bb]<\/p>\n<p><span>School of Psychological Sciences,<\/span><span> Turner Institute for Brain and Mental Health; <\/span><span> Monash University<\/span><\/p>\n<p>[\/et_pb_text][et_pb_text _builder_version=\u00bb4.27.6&#8243; _module_preset=\u00bbcb2a6a0e-36b0-4354-ad4b-7bab3bb244f1&#8243; link_font=\u00bbSpace Grotesk||||||||\u00bb text_orientation=\u00bbcenter\u00bb locked=\u00bboff\u00bb global_colors_info=\u00bb{}\u00bb link_text_color__hover_enabled=\u00bbon|hover\u00bb link_text_color__hover=\u00bb#C3CE86&#8243; text_text_color__hover_enabled=\u00bbon|hover\u00bb theme_builder_area=\u00bbpost_content\u00bb]<\/p>\n<div class=\"equipo__datos\" id=\"persona-196\">\n<p>Nao Tsuchiya \u00e9s un neurocient\u00edfic i professor de Psicologia a la Universitat de Monash (Austr\u00e0lia), on investiga els mecanismes neuronals de la consci\u00e8ncia combinant enfocaments experimentals, computacionals i te\u00f2rics. El seu treball se centra a entendre com l\u2019activitat cerebral dona lloc a l\u2019experi\u00e8ncia conscient, explorant temes com la relaci\u00f3 entre consci\u00e8ncia i atenci\u00f3, el processament conscient i inconscient, i el desenvolupament de teories quantitatives de la consci\u00e8ncia basades en dades neurofisiol\u00f2giques. Es va doctorar en Sistemes Computacionals i Neuronals al California Institute of Technology i pr\u00e8viament va obtenir una llicenciatura en Ci\u00e8ncies a la Universitat de Kyoto; a m\u00e9s, ha estat investigador visitant en institucions com la Universitat d\u2019Osaka i l\u2019Advanced Telecommunications Research Institute (ATR). Al llarg de la seva carrera ha produ\u00eft nombroses publicacions cient\u00edfiques i lidera projectes que utilitzen t\u00e8cniques com l\u2019EEG, la fMRI i l\u2019an\u00e0lisi matem\u00e0tica per estudiar la base neural i f\u00edsica de la consci\u00e8ncia.   <\/p>\n<p><a href=\"https:\/\/orcid.org\/0000-0003-3906-3060\">Publicacions<\/a><\/p>\n<\/div>\n<p class=\"equipo__enlace\"><a class=\"equipo_verdatos\" data-id=\"196\">Curr\u00edculum <\/a><\/p>\n<p>[\/et_pb_text][\/et_pb_column][\/et_pb_row][et_pb_row column_structure=\u00bb1_3,1_3,1_3&#8243; disabled_on=\u00bboff|off|off\u00bb _builder_version=\u00bb4.27.6&#8243; _module_preset=\u00bbdefault\u00bb custom_margin=\u00bb||30px||false|false\u00bb global_colors_info=\u00bb{}\u00bb theme_builder_area=\u00bbpost_content\u00bb][et_pb_column type=\u00bb1_3&#8243; _builder_version=\u00bb4.27.6&#8243; _module_preset=\u00bbdefault\u00bb global_colors_info=\u00bb{}\u00bb theme_builder_area=\u00bbpost_content\u00bb][et_pb_image src=\u00bbhttps:\/\/inablab.org\/wp-content\/uploads\/2026\/01\/maria-araya.jpeg\u00bb alt=\u00bbmaria araya\u00bb title_text=\u00bbmaria araya\u00bb _builder_version=\u00bb4.27.5&#8243; _module_preset=\u00bbc8fc37d0-dbdb-4567-ae3d-9e2cd7de653d\u00bb width=\u00bb100%\u00bb height=\u00bb190px\u00bb filter_saturate=\u00bb0%\u00bb border_radii=\u00bbon|25%|25%|25%|25%\u00bb locked=\u00bboff\u00bb global_colors_info=\u00bb{}\u00bb theme_builder_area=\u00bbpost_content\u00bb][\/et_pb_image][et_pb_text _builder_version=\u00bb4.27.5&#8243; _module_preset=\u00bb976ffdb2-2d60-4a52-84d1-bcb0a69dc429&#8243; text_text_color=\u00bb#161616&#8243; text_font_size=\u00bb16px\u00bb link_font=\u00bbSpace Grotesk||||||||\u00bb link_text_color=\u00bb#0D264F\u00bb header_font=\u00bbSpace Grotesk||||||||\u00bb header_text_align=\u00bbcenter\u00bb header_text_color=\u00bb#FFFFFF\u00bb header_font_size=\u00bb50px\u00bb header_2_font=\u00bbSpace Grotesk|||on|||||\u00bb header_2_font_size=\u00bb40px\u00bb background_size=\u00bbinitial\u00bb background_position=\u00bbtop_left\u00bb background_repeat=\u00bbrepeat\u00bb text_orientation=\u00bbcenter\u00bb text_font_size_tablet=\u00bb16px\u00bb text_font_size_phone=\u00bb15px\u00bb text_font_size_last_edited=\u00bbon|phone\u00bb text_line_height_tablet=\u00bb\u00bb text_line_height_phone=\u00bb1.5em\u00bb text_line_height_last_edited=\u00bbon|phone\u00bb header_font_size_tablet=\u00bb40px\u00bb header_font_size_phone=\u00bb34px\u00bb header_font_size_last_edited=\u00bbon|phone\u00bb header_2_font_size_tablet=\u00bb40px\u00bb header_2_font_size_phone=\u00bb30px\u00bb header_2_font_size_last_edited=\u00bbon|phone\u00bb global_colors_info=\u00bb{}\u00bb text_text_color__hover=\u00bb#C3CE86&#8243; text_text_color__hover_enabled=\u00bbon|hover\u00bb link_text_color__hover=\u00bb#C3CE86&#8243; link_text_color__hover_enabled=\u00bbon|hover\u00bb theme_builder_area=\u00bbpost_content\u00bb]<\/p>\n<h3>Dra. Mar\u00eda Jos\u00e9 Araya Le\u00f3n <\/h3>\n<p>[\/et_pb_text][et_pb_text _builder_version=\u00bb4.27.5&#8243; _module_preset=\u00bbcb2a6a0e-36b0-4354-ad4b-7bab3bb244f1&#8243; text_font_size=\u00bb15px\u00bb link_font=\u00bbSpace Grotesk||||||||\u00bb text_orientation=\u00bbcenter\u00bb locked=\u00bboff\u00bb global_colors_info=\u00bb{}\u00bb text_text_color__hover=\u00bb#C3CE86&#8243; text_text_color__hover_enabled=\u00bboff|desktop\u00bb link_text_color__hover=\u00bb#C3CE86&#8243; link_text_color__hover_enabled=\u00bbon|hover\u00bb theme_builder_area=\u00bbpost_content\u00bb]<\/p>\n<p>Arquitecta socia de Qualia Estudio i investigadora a Elisava Research<\/p>\n<p>[\/et_pb_text][et_pb_text _builder_version=\u00bb4.27.5&#8243; _module_preset=\u00bbcb2a6a0e-36b0-4354-ad4b-7bab3bb244f1&#8243; link_font=\u00bbSpace Grotesk||||||||\u00bb text_orientation=\u00bbcenter\u00bb locked=\u00bboff\u00bb global_colors_info=\u00bb{}\u00bb link_text_color__hover_enabled=\u00bbon|hover\u00bb link_text_color__hover=\u00bb#C3CE86&#8243; text_text_color__hover_enabled=\u00bbon|hover\u00bb theme_builder_area=\u00bbpost_content\u00bb]<\/p>\n<div class=\"equipo__datos\" id=\"persona-196\">\n<p><span>Mar\u00eda Jos\u00e9 Araya Le\u00f3n, arquitecta, doctora en Arquitectura, m\u00e0ster en Disseny Industrial i ergonomista. Ha centrat la seva traject\u00f2ria professional en el desenvolupament de projectes aplicats i de recerca vinculats a temes com:<\/p>\n<p> <\/span><\/p>\n<ul>\n<li><span>Las bases biol\u00f2giques i psicol\u00f2giques de l&#8217;experi\u00e8ncia arquitect\u00f2nica.<\/span><\/li>\n<li><span>El Benestar f\u00edsic ambiental.<\/span><\/li>\n<li><span>La visi\u00f3 sist\u00e8mica de la relaci\u00f3 entre l&#8217;entorn construit i el ser hum\u00e0.<\/span><\/li>\n<li><span>Els principis de la neuroarquitectura.<\/span><\/li>\n<li><span>L&#8217;ergonomia ambiental i f\u00edsica.<\/span><\/li>\n<li><span>El disseny basat en l&#8217;evid\u00e8ncia.<\/span><\/li>\n<\/ul>\n<p>Col\u00b7laborant amb arquitectes, estudis d\u2019arquitectura i de disseny, institucions universit\u00e0ries i centres de recerca, i assessorant diverses empreses en la millora dels seus espais, centrats en el benestar i en l\u2019evid\u00e8ncia cient\u00edfica.<br \/><a href=\"https:\/\/orcid.org\/0000-0001-7284-6943\">Publicaciones<\/a><\/p>\n<\/div>\n<p class=\"equipo__enlace\"><a class=\"equipo_verdatos\" data-id=\"196\">Curr\u00edculum <\/a><\/p>\n<p>[\/et_pb_text][\/et_pb_column][et_pb_column type=\u00bb1_3&#8243; _builder_version=\u00bb4.27.4&#8243; _module_preset=\u00bbdefault\u00bb global_colors_info=\u00bb{}\u00bb theme_builder_area=\u00bbpost_content\u00bb][\/et_pb_column][et_pb_column type=\u00bb1_3&#8243; _builder_version=\u00bb4.27.6&#8243; _module_preset=\u00bbdefault\u00bb global_colors_info=\u00bb{}\u00bb theme_builder_area=\u00bbpost_content\u00bb][\/et_pb_column][\/et_pb_row][et_pb_row column_structure=\u00bb1_3,1_3,1_3&#8243; disabled_on=\u00bbon|on|on\u00bb _builder_version=\u00bb4.27.6&#8243; _module_preset=\u00bbdefault\u00bb disabled=\u00bbon\u00bb locked=\u00bboff\u00bb global_colors_info=\u00bb{}\u00bb theme_builder_area=\u00bbpost_content\u00bb][et_pb_column type=\u00bb1_3&#8243; _builder_version=\u00bb4.16&#8243; _module_preset=\u00bbdefault\u00bb global_colors_info=\u00bb{}\u00bb theme_builder_area=\u00bbpost_content\u00bb][\/et_pb_column][et_pb_column type=\u00bb1_3&#8243; _builder_version=\u00bb4.27.4&#8243; _module_preset=\u00bbdefault\u00bb global_colors_info=\u00bb{}\u00bb theme_builder_area=\u00bbpost_content\u00bb][\/et_pb_column][et_pb_column type=\u00bb1_3&#8243; _builder_version=\u00bb4.16&#8243; _module_preset=\u00bbdefault\u00bb global_colors_info=\u00bb{}\u00bb theme_builder_area=\u00bbpost_content\u00bb][et_pb_image src=\u00bbhttps:\/\/inablab.org\/wp-content\/uploads\/2026\/01\/1731957288508.jpg\u00bb alt=\u00bb1731957288508&#8243; title_text=\u00bb1731957288508&#8243; disabled_on=\u00bbon|on|on\u00bb _builder_version=\u00bb4.27.5&#8243; _module_preset=\u00bbc8fc37d0-dbdb-4567-ae3d-9e2cd7de653d\u00bb filter_saturate=\u00bb0%\u00bb border_radii=\u00bbon|25%|25%|25%|25%\u00bb disabled=\u00bbon\u00bb global_colors_info=\u00bb{}\u00bb theme_builder_area=\u00bbpost_content\u00bb][\/et_pb_image][et_pb_text disabled_on=\u00bbon|on|on\u00bb _builder_version=\u00bb4.27.5&#8243; _module_preset=\u00bb976ffdb2-2d60-4a52-84d1-bcb0a69dc429&#8243; text_text_color=\u00bb#161616&#8243; text_font_size=\u00bb16px\u00bb link_font=\u00bbSpace Grotesk||||||||\u00bb link_text_color=\u00bb#0D264F\u00bb header_font=\u00bbSpace Grotesk||||||||\u00bb header_text_align=\u00bbcenter\u00bb header_text_color=\u00bb#FFFFFF\u00bb header_font_size=\u00bb50px\u00bb header_2_font=\u00bbSpace Grotesk|||on|||||\u00bb header_2_font_size=\u00bb40px\u00bb background_size=\u00bbinitial\u00bb background_position=\u00bbtop_left\u00bb background_repeat=\u00bbrepeat\u00bb text_orientation=\u00bbcenter\u00bb text_font_size_tablet=\u00bb16px\u00bb text_font_size_phone=\u00bb15px\u00bb text_font_size_last_edited=\u00bbon|phone\u00bb text_line_height_tablet=\u00bb\u00bb text_line_height_phone=\u00bb1.5em\u00bb text_line_height_last_edited=\u00bbon|phone\u00bb header_font_size_tablet=\u00bb40px\u00bb header_font_size_phone=\u00bb34px\u00bb header_font_size_last_edited=\u00bbon|phone\u00bb header_2_font_size_tablet=\u00bb40px\u00bb header_2_font_size_phone=\u00bb30px\u00bb header_2_font_size_last_edited=\u00bbon|phone\u00bb disabled=\u00bbon\u00bb global_colors_info=\u00bb{}\u00bb text_text_color__hover=\u00bb#C3CE86&#8243; text_text_color__hover_enabled=\u00bbon|hover\u00bb link_text_color__hover=\u00bb#C3CE86&#8243; link_text_color__hover_enabled=\u00bbon|hover\u00bb theme_builder_area=\u00bbpost_content\u00bb]<\/p>\n<h3 class=\"p1\">Dra. Gloria Gonz\u00e1lez <span style=\"font-size: .94em;\">Morales<\/span><br \/> <\/h3>\n<p>[\/et_pb_text][et_pb_text disabled_on=\u00bbon|on|on\u00bb _builder_version=\u00bb4.27.5&#8243; _module_preset=\u00bbcb2a6a0e-36b0-4354-ad4b-7bab3bb244f1&#8243; text_font_size=\u00bb15px\u00bb link_font=\u00bbSpace Grotesk||||||||\u00bb text_orientation=\u00bbcenter\u00bb disabled=\u00bbon\u00bb locked=\u00bboff\u00bb global_colors_info=\u00bb{}\u00bb text_text_color__hover=\u00bb#C3CE86&#8243; text_text_color__hover_enabled=\u00bboff|desktop\u00bb link_text_color__hover=\u00bb#C3CE86&#8243; link_text_color__hover_enabled=\u00bbon|hover\u00bb theme_builder_area=\u00bbpost_content\u00bb]<\/p>\n<p><span>Directora del Centro para la Excelencia Acad\u00e9mica y del Profesorado (CGU)<\/span><\/p>\n<p>[\/et_pb_text][et_pb_text disabled_on=\u00bbon|on|on\u00bb _builder_version=\u00bb4.27.5&#8243; _module_preset=\u00bbcb2a6a0e-36b0-4354-ad4b-7bab3bb244f1&#8243; link_font=\u00bbSpace Grotesk||||||||\u00bb text_orientation=\u00bbcenter\u00bb disabled=\u00bbon\u00bb locked=\u00bboff\u00bb global_colors_info=\u00bb{}\u00bb link_text_color__hover_enabled=\u00bbon|hover\u00bb link_text_color__hover=\u00bb#C3CE86&#8243; text_text_color__hover_enabled=\u00bbon|hover\u00bb theme_builder_area=\u00bbpost_content\u00bb]<\/p>\n<div class=\"equipo__datos\" id=\"persona-193\">\n<p>Professora titular en Psicologia a la Universitat de Guelph (Ontario) i doctora en Psicologia del Treball i de les Organitzacions (Doctorat Europeu). Codirigeix el Center for Workers\u2019 Health and Wellbeing i \u00e9s directora executiva d\u2019Organization &#038; Management Solutions. La seva recerca se centra en la victimitzaci\u00f3, l\u2019estr\u00e8s laboral, la conciliaci\u00f3 i la psicologia positiva a les organitzacions. Publica en revistes d\u2019alt impacte i \u00e9s editora associada de Work &#038; Stress, a m\u00e9s de formar part dels consells editorials de Journal of Occupational Health Psychology, Stress &#038; Health, Anxiety, Stress &#038; Coping i Occupational Health Science.   <\/p>\n<p><a href=\"https:\/\/orcid.org\/0000-0002-6711-2045\">Publicacions<\/a><\/p>\n<\/div>\n<p class=\"equipo__enlace\"><a class=\"equipo_verdatos\" data-id=\"193\">Curr\u00edculum <\/a><\/p>\n<p>[\/et_pb_text][\/et_pb_column][\/et_pb_row][\/et_pb_section][et_pb_section fb_built=\u00bb1&#8243; custom_padding_last_edited=\u00bbon|phone\u00bb admin_label=\u00bbIconos personalizados x3&#8243; module_id=\u00bbequip\u00bb module_class=\u00bbdesplegablesCV\u00bb _builder_version=\u00bb4.27.6&#8243; _module_preset=\u00bbdefault\u00bb background_color=\u00bb#FFFFFF\u00bb custom_margin=\u00bb-25px||||false|false\u00bb custom_padding=\u00bb20px||||false|false\u00bb custom_padding_tablet=\u00bb20px||||false|false\u00bb custom_padding_phone=\u00bb20px||0px||false|false\u00bb da_popup_slug=\u00bbequipo\u00bb da_disable_devices=\u00bboff|off|off\u00bb global_colors_info=\u00bb{}\u00bb theme_builder_area=\u00bbpost_content\u00bb da_is_popup=\u00bboff\u00bb da_exit_intent=\u00bboff\u00bb da_has_close=\u00bbon\u00bb da_alt_close=\u00bboff\u00bb da_dark_close=\u00bboff\u00bb da_not_modal=\u00bbon\u00bb da_is_singular=\u00bboff\u00bb da_with_loader=\u00bboff\u00bb da_has_shadow=\u00bbon\u00bb][et_pb_row custom_padding_last_edited=\u00bbon|phone\u00bb _builder_version=\u00bb4.27.6&#8243; _module_preset=\u00bbdefault\u00bb background_image=\u00bbhttps:\/\/inablab.org\/wp-content\/uploads\/2024\/11\/INAB_Logotipos-verde-25.png\u00bb background_size=\u00bbcontain\u00bb width=\u00bb90%\u00bb max_width=\u00bb2560px\u00bb custom_margin=\u00bb40px||||false|false\u00bb custom_padding=\u00bb90px|5%|90px|5%|true|false\u00bb custom_padding_tablet=\u00bb90px||90px||true|false\u00bb custom_padding_phone=\u00bb60px||30px||false|false\u00bb global_colors_info=\u00bb{}\u00bb theme_builder_area=\u00bbpost_content\u00bb][et_pb_column type=\u00bb4_4&#8243; _builder_version=\u00bb4.16&#8243; _module_preset=\u00bbdefault\u00bb global_colors_info=\u00bb{}\u00bb theme_builder_area=\u00bbpost_content\u00bb][et_pb_text _builder_version=\u00bb4.27.6&#8243; _module_preset=\u00bbcb2a6a0e-36b0-4354-ad4b-7bab3bb244f1&#8243; header_2_text_align=\u00bbcenter\u00bb header_2_text_color=\u00bb#0D264F\u00bb global_colors_info=\u00bb{}\u00bb theme_builder_area=\u00bbpost_content\u00bb]<\/p>\n<h2>EL NOSTRE EQUIP<\/h2>\n<p>[\/et_pb_text][\/et_pb_column][\/et_pb_row][et_pb_row column_structure=\u00bb1_3,1_3,1_3&#8243; disabled_on=\u00bboff|off|off\u00bb _builder_version=\u00bb4.27.4&#8243; _module_preset=\u00bbdefault\u00bb global_colors_info=\u00bb{}\u00bb theme_builder_area=\u00bbpost_content\u00bb][et_pb_column type=\u00bb1_3&#8243; _builder_version=\u00bb4.27.4&#8243; _module_preset=\u00bbdefault\u00bb custom_padding_tablet=\u00bb\u00bb custom_padding_phone=\u00bb|5px||5px|false|true\u00bb custom_padding_last_edited=\u00bbon|phone\u00bb global_colors_info=\u00bb{}\u00bb custom_css_main_element_last_edited=\u00bbon|phone\u00bb theme_builder_area=\u00bbpost_content\u00bb][et_pb_image src=\u00bbhttps:\/\/inablab.org\/wp-content\/uploads\/2025\/04\/David-12web.jpg\u00bb alt=\u00bbDavid 12web\u00bb title_text=\u00bbDavid 12web\u00bb _builder_version=\u00bb4.27.4&#8243; _module_preset=\u00bbc8fc37d0-dbdb-4567-ae3d-9e2cd7de653d\u00bb filter_saturate=\u00bb0%\u00bb global_colors_info=\u00bb{}\u00bb theme_builder_area=\u00bbpost_content\u00bb][\/et_pb_image][et_pb_text _builder_version=\u00bb4.27.5&#8243; _module_preset=\u00bb976ffdb2-2d60-4a52-84d1-bcb0a69dc429&#8243; text_text_color=\u00bb#161616&#8243; text_font_size=\u00bb16px\u00bb link_font=\u00bbSpace Grotesk||||||||\u00bb link_text_color=\u00bb#0D264F\u00bb header_font=\u00bbSpace Grotesk||||||||\u00bb header_text_align=\u00bbcenter\u00bb header_text_color=\u00bb#FFFFFF\u00bb header_font_size=\u00bb50px\u00bb header_2_font=\u00bbSpace Grotesk|||on|||||\u00bb header_2_font_size=\u00bb40px\u00bb background_size=\u00bbinitial\u00bb background_position=\u00bbtop_left\u00bb background_repeat=\u00bbrepeat\u00bb text_orientation=\u00bbcenter\u00bb text_font_size_tablet=\u00bb16px\u00bb text_font_size_phone=\u00bb15px\u00bb text_font_size_last_edited=\u00bbon|phone\u00bb text_line_height_tablet=\u00bb\u00bb text_line_height_phone=\u00bb1.5em\u00bb text_line_height_last_edited=\u00bbon|phone\u00bb header_font_size_tablet=\u00bb40px\u00bb header_font_size_phone=\u00bb34px\u00bb header_font_size_last_edited=\u00bbon|phone\u00bb header_2_font_size_tablet=\u00bb40px\u00bb header_2_font_size_phone=\u00bb30px\u00bb header_2_font_size_last_edited=\u00bbon|phone\u00bb global_colors_info=\u00bb{}\u00bb text_text_color__hover=\u00bb#C3CE86&#8243; text_text_color__hover_enabled=\u00bbon|hover\u00bb link_text_color__hover=\u00bb#C3CE86&#8243; link_text_color__hover_enabled=\u00bbon|hover\u00bb theme_builder_area=\u00bbpost_content\u00bb]<\/p>\n<h3>Dr. David del Rosario-Gilabert<\/h3>\n<p>[\/et_pb_text][et_pb_text _builder_version=\u00bb4.27.4&#8243; _module_preset=\u00bbcb2a6a0e-36b0-4354-ad4b-7bab3bb244f1&#8243; text_font_size=\u00bb15px\u00bb link_font=\u00bbSpace Grotesk||||||||\u00bb text_orientation=\u00bbcenter\u00bb global_colors_info=\u00bb{}\u00bb text_text_color__hover=\u00bb#C3CE86&#8243; text_text_color__hover_enabled=\u00bboff|desktop\u00bb link_text_color__hover=\u00bb#C3CE86&#8243; link_text_color__hover_enabled=\u00bbon|hover\u00bb theme_builder_area=\u00bbpost_content\u00bb]<\/p>\n<p class=\"p1\">Director general i cient\u00edfic<\/p>\n<p>[\/et_pb_text][et_pb_text _builder_version=\u00bb4.27.6&#8243; _module_preset=\u00bbcb2a6a0e-36b0-4354-ad4b-7bab3bb244f1&#8243; link_font=\u00bbSpace Grotesk||||||||\u00bb text_orientation=\u00bbcenter\u00bb global_colors_info=\u00bb{}\u00bb text_text_color__hover_enabled=\u00bbon|hover\u00bb text_text_color__hover=\u00bb\u00bb link_text_color__hover_enabled=\u00bbon|hover\u00bb link_text_color__hover=\u00bb#C3CE86&#8243; theme_builder_area=\u00bbpost_content\u00bb]<\/p>\n<div class=\"equipo__datos\" id=\"persona-163\">\n<p><span style=\"font-weight: 400;\">Guardonat amb el Premi Nacional de Telecomunicacions (COITT) i amb el Premi Extraordinari del M\u00e0ster en Enginyeria Biom\u00e8dica (Universitat de Barcelona). Doctor en neuroci\u00e8ncies amb honors, amb la qualificaci\u00f3 m\u00e0xima d\u2019Excel\u00b7lent \u00abCum Laude\u00bb. Fundador i director cient\u00edfic de dues empreses de recerca en neuroci\u00e8ncies.   Autor del best-seller El libro que tu cerebro no quiere leer, T\u00fa has escrito este libro i La biolog\u00eda del presente (amb Sergi Torres). <\/span><\/p>\n<p><a href=\"https:\/\/orcid.org\/0009-0000-4271-8799\" target=\"_blank\" rel=\"noopener\">Publicacions<\/a><\/p>\n<\/div>\n<p class=\"equipo__enlace\"><a class=\"equipo_verdatos\" data-id=\"163\">Curr\u00edculum <\/a><\/p>\n<p>[\/et_pb_text][\/et_pb_column][et_pb_column type=\u00bb1_3&#8243; _builder_version=\u00bb4.27.4&#8243; _module_preset=\u00bbdefault\u00bb custom_padding_tablet=\u00bb\u00bb custom_padding_phone=\u00bb|5px||5px|false|true\u00bb custom_padding_last_edited=\u00bbon|phone\u00bb global_colors_info=\u00bb{}\u00bb custom_css_main_element_last_edited=\u00bbon|phone\u00bb theme_builder_area=\u00bbpost_content\u00bb][et_pb_image src=\u00bbhttps:\/\/inablab.org\/wp-content\/uploads\/2025\/04\/Irene-1web-1.jpg\u00bb alt=\u00bbIrene Vigu\u00e9-guix\u00bb title_text=\u00bbIrene 1web\u00bb _builder_version=\u00bb4.27.4&#8243; _module_preset=\u00bbc8fc37d0-dbdb-4567-ae3d-9e2cd7de653d\u00bb filter_saturate=\u00bb0%\u00bb global_colors_info=\u00bb{}\u00bb theme_builder_area=\u00bbpost_content\u00bb][\/et_pb_image][et_pb_text _builder_version=\u00bb4.27.5&#8243; _module_preset=\u00bb976ffdb2-2d60-4a52-84d1-bcb0a69dc429&#8243; text_text_color=\u00bb#161616&#8243; text_font_size=\u00bb16px\u00bb link_font=\u00bbSpace Grotesk||||||||\u00bb link_text_color=\u00bb#0D264F\u00bb header_font=\u00bbSpace Grotesk||||||||\u00bb header_text_align=\u00bbcenter\u00bb header_text_color=\u00bb#FFFFFF\u00bb header_font_size=\u00bb50px\u00bb header_2_font=\u00bbSpace Grotesk|||on|||||\u00bb header_2_font_size=\u00bb40px\u00bb background_size=\u00bbinitial\u00bb background_position=\u00bbtop_left\u00bb background_repeat=\u00bbrepeat\u00bb text_orientation=\u00bbcenter\u00bb text_font_size_tablet=\u00bb16px\u00bb text_font_size_phone=\u00bb15px\u00bb text_font_size_last_edited=\u00bbon|phone\u00bb text_line_height_tablet=\u00bb\u00bb text_line_height_phone=\u00bb1.5em\u00bb text_line_height_last_edited=\u00bbon|phone\u00bb header_font_size_tablet=\u00bb40px\u00bb header_font_size_phone=\u00bb34px\u00bb header_font_size_last_edited=\u00bbon|phone\u00bb header_2_font_size_tablet=\u00bb40px\u00bb header_2_font_size_phone=\u00bb30px\u00bb header_2_font_size_last_edited=\u00bbon|phone\u00bb global_colors_info=\u00bb{}\u00bb text_text_color__hover=\u00bb#C3CE86&#8243; text_text_color__hover_enabled=\u00bbon|hover\u00bb link_text_color__hover=\u00bb#C3CE86&#8243; link_text_color__hover_enabled=\u00bbon|hover\u00bb theme_builder_area=\u00bbpost_content\u00bb]<\/p>\n<h3>Dra. Irene Vigu\u00e9-Guix <\/h3>\n<p>[\/et_pb_text][et_pb_text _builder_version=\u00bb4.27.4&#8243; _module_preset=\u00bbcb2a6a0e-36b0-4354-ad4b-7bab3bb244f1&#8243; text_font_size=\u00bb15px\u00bb link_font=\u00bbSpace Grotesk||||||||\u00bb text_orientation=\u00bbcenter\u00bb locked=\u00bboff\u00bb global_colors_info=\u00bb{}\u00bb text_text_color__hover=\u00bb#C3CE86&#8243; text_text_color__hover_enabled=\u00bboff|desktop\u00bb link_text_color__hover=\u00bb#C3CE86&#8243; link_text_color__hover_enabled=\u00bbon|hover\u00bb theme_builder_area=\u00bbpost_content\u00bb]<\/p>\n<p class=\"p1\">Coordinadora t\u00e8cnica i d&#8217;experimentaci\u00f3<\/p>\n<p>[\/et_pb_text][et_pb_text _builder_version=\u00bb4.27.4&#8243; _module_preset=\u00bbcb2a6a0e-36b0-4354-ad4b-7bab3bb244f1&#8243; link_font=\u00bbSpace Grotesk||||||||\u00bb text_orientation=\u00bbcenter\u00bb global_colors_info=\u00bb{}\u00bb link_text_color__hover_enabled=\u00bbon|hover\u00bb link_text_color__hover=\u00bb#C3CE86&#8243; text_text_color__hover_enabled=\u00bbon|hover\u00bb theme_builder_area=\u00bbpost_content\u00bb]<\/p>\n<div class=\"equipo__datos\" id=\"persona-166\">\n<p>Graduada en Enginyeria Biom\u00e8dica, amb un m\u00e0ster en Cervell i Cognici\u00f3 i un doctorat en Neuroci\u00e8ncia Cognitiva amb enfocament tecnol\u00f2gic. Ha treballat al Centro Nacional de Neurotecnolog\u00edas Adaptativas i a OpenBCI, ambd\u00f3s reconeguts internacionalment per les seves contribucions a la neurotecnologia. Est\u00e0 especialitzada en interf\u00edcies cervell\u2013ordinador (BCI), sincronia multimodal de senyals neurofisiol\u00f2giques i an\u00e0lisi avan\u00e7ada d\u2019EEG.  <\/p>\n<p><a href=\"https:\/\/orcid.org\/0000-0002-3119-4552\" target=\"_blank\" rel=\"noopener\">Publicacions<\/a><\/p>\n<\/div>\n<p class=\"equipo__enlace\"><a class=\"equipo_verdatos\" data-id=\"166\">Curr\u00edculum <\/a><\/p>\n<p>[\/et_pb_text][\/et_pb_column][et_pb_column type=\u00bb1_3&#8243; _builder_version=\u00bb4.27.4&#8243; _module_preset=\u00bbdefault\u00bb custom_padding_tablet=\u00bb\u00bb custom_padding_phone=\u00bb|5px||5px|false|true\u00bb custom_padding_last_edited=\u00bbon|phone\u00bb global_colors_info=\u00bb{}\u00bb custom_css_main_element_last_edited=\u00bbon|phone\u00bb theme_builder_area=\u00bbpost_content\u00bb][et_pb_image src=\u00bbhttps:\/\/inablab.org\/wp-content\/uploads\/2024\/11\/equipo-aleix.webp\u00bb alt=\u00bbequip aleix\u00bb title_text=\u00bbequip aleix\u00bb _builder_version=\u00bb4.27.3&#8243; _module_preset=\u00bbc8fc37d0-dbdb-4567-ae3d-9e2cd7de653d\u00bb filter_saturate=\u00bb0%\u00bb global_colors_info=\u00bb{}\u00bb theme_builder_area=\u00bbpost_content\u00bb][\/et_pb_image][et_pb_text _builder_version=\u00bb4.27.5&#8243; _module_preset=\u00bb976ffdb2-2d60-4a52-84d1-bcb0a69dc429&#8243; text_text_color=\u00bb#161616&#8243; text_font_size=\u00bb16px\u00bb link_font=\u00bbSpace Grotesk||||||||\u00bb link_text_color=\u00bb#0D264F\u00bb header_font=\u00bbSpace Grotesk||||||||\u00bb header_text_align=\u00bbcenter\u00bb header_text_color=\u00bb#FFFFFF\u00bb header_font_size=\u00bb50px\u00bb header_2_font=\u00bbSpace Grotesk|||on|||||\u00bb header_2_font_size=\u00bb40px\u00bb background_size=\u00bbinitial\u00bb background_position=\u00bbtop_left\u00bb background_repeat=\u00bbrepeat\u00bb text_orientation=\u00bbcenter\u00bb text_font_size_tablet=\u00bb16px\u00bb text_font_size_phone=\u00bb15px\u00bb text_font_size_last_edited=\u00bbon|phone\u00bb text_line_height_tablet=\u00bb\u00bb text_line_height_phone=\u00bb1.5em\u00bb text_line_height_last_edited=\u00bbon|phone\u00bb header_font_size_tablet=\u00bb40px\u00bb header_font_size_phone=\u00bb34px\u00bb header_font_size_last_edited=\u00bbon|phone\u00bb header_2_font_size_tablet=\u00bb40px\u00bb header_2_font_size_phone=\u00bb30px\u00bb header_2_font_size_last_edited=\u00bbon|phone\u00bb global_colors_info=\u00bb{}\u00bb text_text_color__hover=\u00bb#C3CE86&#8243; text_text_color__hover_enabled=\u00bbon|hover\u00bb link_text_color__hover=\u00bb#C3CE86&#8243; link_text_color__hover_enabled=\u00bbon|hover\u00bb theme_builder_area=\u00bbpost_content\u00bb]<\/p>\n<h3>Dr. Aleix Garc\u00eda-Miquel<\/h3>\n<p>[\/et_pb_text][et_pb_text _builder_version=\u00bb4.27.6&#8243; _module_preset=\u00bbcb2a6a0e-36b0-4354-ad4b-7bab3bb244f1&#8243; text_font_size=\u00bb15px\u00bb link_font=\u00bbSpace Grotesk||||||||\u00bb text_orientation=\u00bbcenter\u00bb global_colors_info=\u00bb{}\u00bb text_text_color__hover=\u00bb#C3CE86&#8243; text_text_color__hover_enabled=\u00bboff|desktop\u00bb link_text_color__hover=\u00bb#C3CE86&#8243; link_text_color__hover_enabled=\u00bbon|hover\u00bb theme_builder_area=\u00bbpost_content\u00bb]<\/p>\n<p class=\"p1\">Coordinador d&#8217;operacions<\/p>\n<p>[\/et_pb_text][et_pb_text _builder_version=\u00bb4.27.4&#8243; _module_preset=\u00bbcb2a6a0e-36b0-4354-ad4b-7bab3bb244f1&#8243; link_font=\u00bbSpace Grotesk||||||||\u00bb text_orientation=\u00bbcenter\u00bb global_colors_info=\u00bb{}\u00bb link_text_color__hover_enabled=\u00bbon|hover\u00bb link_text_color__hover=\u00bb#C3CE86&#8243; text_text_color__hover_enabled=\u00bbon|hover\u00bb theme_builder_area=\u00bbpost_content\u00bb]<\/p>\n<div class=\"equipo__datos\" id=\"persona-164\">\n<p>Doctor en Enginyeria Biom\u00e8dica Cum Laude per la Universitat de Barcelona, amb menci\u00f3 internacional. Enginyer i investigador amb una s\u00f2lida traject\u00f2ria en biomedicina, telecomunicacions i electr\u00f2nica. Ha desenvolupat la seva carrera en entorns acad\u00e8mics, corporatius i d\u2019innovaci\u00f3, tant a nivell nacional com internacional, aportant una perspectiva integradora i global. Combina el pensament estrat\u00e8gic amb una gran experi\u00e8ncia t\u00e8cnica en la coordinaci\u00f3 de projectes d\u2019I+D i equips multidisciplinaris orientats a l\u2019avan\u00e7 cient\u00edfic i tecnol\u00f2gic.   <\/p>\n<p><a href=\"https:\/\/orcid.org\/0000-0002-6348-3391\" target=\"_blank\" rel=\"noopener\">Publicacions<\/a><\/p>\n<\/div>\n<p class=\"equipo__enlace\"><a class=\"equipo_verdatos\" data-id=\"164\">Curr\u00edculum <\/a><\/p>\n<p>[\/et_pb_text][\/et_pb_column][\/et_pb_row][et_pb_row column_structure=\u00bb1_3,1_3,1_3&#8243; disabled_on=\u00bboff|off|off\u00bb _builder_version=\u00bb4.27.6&#8243; _module_preset=\u00bbdefault\u00bb global_colors_info=\u00bb{}\u00bb theme_builder_area=\u00bbpost_content\u00bb][et_pb_column type=\u00bb1_3&#8243; _builder_version=\u00bb4.27.4&#8243; _module_preset=\u00bbdefault\u00bb global_colors_info=\u00bb{}\u00bb theme_builder_area=\u00bbpost_content\u00bb][et_pb_image src=\u00bbhttps:\/\/inablab.org\/wp-content\/uploads\/2025\/10\/Foto-INAB-Mamen-OK.webp\u00bb alt=\u00bbFoto INAB Mamen OK\u00bb title_text=\u00bbFoto INAB Mamen OK\u00bb _builder_version=\u00bb4.27.4&#8243; _module_preset=\u00bbc8fc37d0-dbdb-4567-ae3d-9e2cd7de653d\u00bb filter_saturate=\u00bb0%\u00bb global_colors_info=\u00bb{}\u00bb theme_builder_area=\u00bbpost_content\u00bb][\/et_pb_image][et_pb_text _builder_version=\u00bb4.27.5&#8243; _module_preset=\u00bb976ffdb2-2d60-4a52-84d1-bcb0a69dc429&#8243; text_text_color=\u00bb#161616&#8243; text_font_size=\u00bb16px\u00bb link_font=\u00bbSpace Grotesk||||||||\u00bb link_text_color=\u00bb#0D264F\u00bb header_font=\u00bbSpace Grotesk||||||||\u00bb header_text_align=\u00bbcenter\u00bb header_text_color=\u00bb#FFFFFF\u00bb header_font_size=\u00bb50px\u00bb header_2_font=\u00bbSpace Grotesk|||on|||||\u00bb header_2_font_size=\u00bb40px\u00bb background_size=\u00bbinitial\u00bb background_position=\u00bbtop_left\u00bb background_repeat=\u00bbrepeat\u00bb text_orientation=\u00bbcenter\u00bb text_font_size_tablet=\u00bb16px\u00bb text_font_size_phone=\u00bb15px\u00bb text_font_size_last_edited=\u00bbon|phone\u00bb text_line_height_tablet=\u00bb\u00bb text_line_height_phone=\u00bb1.5em\u00bb text_line_height_last_edited=\u00bbon|phone\u00bb header_font_size_tablet=\u00bb40px\u00bb header_font_size_phone=\u00bb34px\u00bb header_font_size_last_edited=\u00bbon|phone\u00bb header_2_font_size_tablet=\u00bb40px\u00bb header_2_font_size_phone=\u00bb30px\u00bb header_2_font_size_last_edited=\u00bbon|phone\u00bb global_colors_info=\u00bb{}\u00bb text_text_color__hover=\u00bb#C3CE86&#8243; text_text_color__hover_enabled=\u00bbon|hover\u00bb link_text_color__hover=\u00bb#C3CE86&#8243; link_text_color__hover_enabled=\u00bbon|hover\u00bb theme_builder_area=\u00bbpost_content\u00bb]<\/p>\n<h3 class=\"p1\">Dra. Mamen Regalado-Reyes <\/h3>\n<p>[\/et_pb_text][et_pb_text _builder_version=\u00bb4.27.4&#8243; _module_preset=\u00bbcb2a6a0e-36b0-4354-ad4b-7bab3bb244f1&#8243; text_font_size=\u00bb15px\u00bb link_font=\u00bbSpace Grotesk||||||||\u00bb text_orientation=\u00bbcenter\u00bb locked=\u00bboff\u00bb global_colors_info=\u00bb{}\u00bb text_text_color__hover=\u00bb#C3CE86&#8243; text_text_color__hover_enabled=\u00bboff|desktop\u00bb link_text_color__hover=\u00bb#C3CE86&#8243; link_text_color__hover_enabled=\u00bbon|hover\u00bb theme_builder_area=\u00bbpost_content\u00bb]<\/p>\n<p>Coordinadora d&#8217;experi\u00e8ncia de participant<\/p>\n<p>[\/et_pb_text][et_pb_text _builder_version=\u00bb4.27.5&#8243; _module_preset=\u00bbcb2a6a0e-36b0-4354-ad4b-7bab3bb244f1&#8243; link_font=\u00bbSpace Grotesk||||||||\u00bb text_orientation=\u00bbcenter\u00bb global_colors_info=\u00bb{}\u00bb link_text_color__hover_enabled=\u00bbon|hover\u00bb link_text_color__hover=\u00bb#C3CE86&#8243; text_text_color__hover_enabled=\u00bbon|hover\u00bb theme_builder_area=\u00bbpost_content\u00bb]<\/p>\n<div class=\"equipo__datos\" id=\"persona-168\">\n<p>Graduada en Biotecnologia i amb un m\u00e0ster en Neuroci\u00e8ncia Cognitiva. Doctora en Neuroci\u00e8ncia amb honors, obtenint la m\u00e0xima distinci\u00f3 de Cum Laude. Experta en mindfulness, treball corporal i resili\u00e8ncia integrativa. Fundadora d\u2019un projecte educatiu i de divulgaci\u00f3 cient\u00edfica. Col\u00b7labora en iniciatives orientades a la promoci\u00f3 de la salut i el benestar basat en l\u2019estil de vida.    <br \/><a href=\"https:\/\/www.researchgate.net\/profile\/Mamen-Regalado-Reyes\">Publicacions<\/a><\/p>\n<\/div>\n<p class=\"equipo__enlace\"><a class=\"equipo_verdatos\" data-id=\"168\">Curr\u00edculum <\/a><\/p>\n<p>[\/et_pb_text][\/et_pb_column][et_pb_column type=\u00bb1_3&#8243; _builder_version=\u00bb4.16&#8243; _module_preset=\u00bbdefault\u00bb global_colors_info=\u00bb{}\u00bb theme_builder_area=\u00bbpost_content\u00bb][et_pb_image src=\u00bbhttps:\/\/inablab.org\/wp-content\/uploads\/2026\/02\/AparicioTerres_Raquel_INAB_picture-1.jpg\u00bb alt=\u00bbAparicioTerres Raquel INAB picture\u00bb title_text=\u00bbAparicioTerres Raquel INAB picture\u00bb _builder_version=\u00bb4.27.5&#8243; _module_preset=\u00bbc8fc37d0-dbdb-4567-ae3d-9e2cd7de653d\u00bb filter_saturate=\u00bb0%\u00bb global_colors_info=\u00bb{}\u00bb theme_builder_area=\u00bbpost_content\u00bb][\/et_pb_image][et_pb_text _builder_version=\u00bb4.27.5&#8243; _module_preset=\u00bb976ffdb2-2d60-4a52-84d1-bcb0a69dc429&#8243; text_text_color=\u00bb#161616&#8243; text_font_size=\u00bb16px\u00bb link_font=\u00bbSpace Grotesk||||||||\u00bb link_text_color=\u00bb#0D264F\u00bb header_font=\u00bbSpace Grotesk||||||||\u00bb header_text_align=\u00bbcenter\u00bb header_text_color=\u00bb#FFFFFF\u00bb header_font_size=\u00bb50px\u00bb header_2_font=\u00bbSpace Grotesk|||on|||||\u00bb header_2_font_size=\u00bb40px\u00bb background_size=\u00bbinitial\u00bb background_position=\u00bbtop_left\u00bb background_repeat=\u00bbrepeat\u00bb text_orientation=\u00bbcenter\u00bb text_font_size_tablet=\u00bb16px\u00bb text_font_size_phone=\u00bb15px\u00bb text_font_size_last_edited=\u00bbon|phone\u00bb text_line_height_tablet=\u00bb\u00bb text_line_height_phone=\u00bb1.5em\u00bb text_line_height_last_edited=\u00bbon|phone\u00bb header_font_size_tablet=\u00bb40px\u00bb header_font_size_phone=\u00bb34px\u00bb header_font_size_last_edited=\u00bbon|phone\u00bb header_2_font_size_tablet=\u00bb40px\u00bb header_2_font_size_phone=\u00bb30px\u00bb header_2_font_size_last_edited=\u00bbon|phone\u00bb global_colors_info=\u00bb{}\u00bb text_text_color__hover=\u00bb#C3CE86&#8243; text_text_color__hover_enabled=\u00bbon|hover\u00bb link_text_color__hover=\u00bb#C3CE86&#8243; link_text_color__hover_enabled=\u00bbon|hover\u00bb theme_builder_area=\u00bbpost_content\u00bb]<\/p>\n<h3>Dra. Raquel Aparicio <\/h3>\n<p>[\/et_pb_text][et_pb_text _builder_version=\u00bb4.27.5&#8243; _module_preset=\u00bbcb2a6a0e-36b0-4354-ad4b-7bab3bb244f1&#8243; text_font_size=\u00bb15px\u00bb link_font=\u00bbSpace Grotesk||||||||\u00bb text_orientation=\u00bbcenter\u00bb locked=\u00bboff\u00bb global_colors_info=\u00bb{}\u00bb text_text_color__hover=\u00bb#C3CE86&#8243; text_text_color__hover_enabled=\u00bboff|desktop\u00bb link_text_color__hover=\u00bb#C3CE86&#8243; link_text_color__hover_enabled=\u00bbon|hover\u00bb theme_builder_area=\u00bbpost_content\u00bb]<\/p>\n<p>Investigadora postdoctoral<\/p>\n<p>[\/et_pb_text][et_pb_text _builder_version=\u00bb4.27.5&#8243; _module_preset=\u00bbcb2a6a0e-36b0-4354-ad4b-7bab3bb244f1&#8243; link_font=\u00bbSpace Grotesk||||||||\u00bb text_orientation=\u00bbcenter\u00bb global_colors_info=\u00bb{}\u00bb link_text_color__hover_enabled=\u00bbon|hover\u00bb link_text_color__hover=\u00bb#C3CE86&#8243; text_text_color__hover_enabled=\u00bbon|hover\u00bb theme_builder_area=\u00bbpost_content\u00bb]<\/p>\n<div class=\"equipo__datos\" id=\"persona-174\">\n<p><span>Graduada en psicologia i amb m\u00e0ster i doctorat en neuroci\u00e8ncia cognitiva amb qualificaci\u00f3 cum laude per la Universitat de Barcelona. La seva traject\u00f2ria s&#8217;ha desenvolupat en entorns acad\u00e8mics i de recerca universit\u00e0ria, amb experi\u00e8ncia en projectes competitius d&#8217;\u00e0mbit internacional.  El seu treball abasta l\u00ednies de recerca centrades en la consci\u00e8ncia i el processament auditiu i est\u00e0 especialitzada en l&#8217;an\u00e0lisi de dades electrofisiol\u00f3gicos i comportamentals. <\/span><\/p>\n<p><a href=\"https:\/\/orcid.org\/0000-0002-9017-6987\">Publicacions<\/a><\/p>\n<\/div>\n<p class=\"equipo__enlace\"><a class=\"equipo_verdatos\" data-id=\"174\">Curr\u00edculum <\/a><\/p>\n<p>[\/et_pb_text][\/et_pb_column][et_pb_column type=\u00bb1_3&#8243; _builder_version=\u00bb4.16&#8243; _module_preset=\u00bbdefault\u00bb global_colors_info=\u00bb{}\u00bb theme_builder_area=\u00bbpost_content\u00bb][et_pb_image src=\u00bbhttps:\/\/inablab.org\/wp-content\/uploads\/2026\/01\/neus-ok.jpg\u00bb alt=\u00bbneus ok\u00bb title_text=\u00bbneus ok\u00bb _builder_version=\u00bb4.27.6&#8243; _module_preset=\u00bbc8fc37d0-dbdb-4567-ae3d-9e2cd7de653d\u00bb filter_saturate=\u00bb0%\u00bb global_colors_info=\u00bb{}\u00bb theme_builder_area=\u00bbpost_content\u00bb][\/et_pb_image][et_pb_text _builder_version=\u00bb4.27.6&#8243; _module_preset=\u00bb976ffdb2-2d60-4a52-84d1-bcb0a69dc429&#8243; text_text_color=\u00bb#161616&#8243; text_font_size=\u00bb16px\u00bb link_font=\u00bbSpace Grotesk||||||||\u00bb link_text_color=\u00bb#0D264F\u00bb header_font=\u00bbSpace Grotesk||||||||\u00bb header_text_align=\u00bbcenter\u00bb header_text_color=\u00bb#FFFFFF\u00bb header_font_size=\u00bb50px\u00bb header_2_font=\u00bbSpace Grotesk|||on|||||\u00bb header_2_font_size=\u00bb40px\u00bb background_size=\u00bbinitial\u00bb background_position=\u00bbtop_left\u00bb background_repeat=\u00bbrepeat\u00bb text_orientation=\u00bbcenter\u00bb text_font_size_tablet=\u00bb16px\u00bb text_font_size_phone=\u00bb15px\u00bb text_font_size_last_edited=\u00bbon|phone\u00bb text_line_height_tablet=\u00bb\u00bb text_line_height_phone=\u00bb1.5em\u00bb text_line_height_last_edited=\u00bbon|phone\u00bb header_font_size_tablet=\u00bb40px\u00bb header_font_size_phone=\u00bb34px\u00bb header_font_size_last_edited=\u00bbon|phone\u00bb header_2_font_size_tablet=\u00bb40px\u00bb header_2_font_size_phone=\u00bb30px\u00bb header_2_font_size_last_edited=\u00bbon|phone\u00bb global_colors_info=\u00bb{}\u00bb text_text_color__hover=\u00bb#C3CE86&#8243; text_text_color__hover_enabled=\u00bbon|hover\u00bb link_text_color__hover=\u00bb#C3CE86&#8243; link_text_color__hover_enabled=\u00bbon|hover\u00bb theme_builder_area=\u00bbpost_content\u00bb]<\/p>\n<h3 class=\"p1\">Dra. Neus Vila Brunet<\/h3>\n<p>[\/et_pb_text][et_pb_text _builder_version=\u00bb4.27.6&#8243; _module_preset=\u00bbcb2a6a0e-36b0-4354-ad4b-7bab3bb244f1&#8243; text_font_size=\u00bb15px\u00bb link_font=\u00bbSpace Grotesk||||||||\u00bb text_orientation=\u00bbcenter\u00bb locked=\u00bboff\u00bb global_colors_info=\u00bb{}\u00bb text_text_color__hover=\u00bb#C3CE86&#8243; text_text_color__hover_enabled=\u00bboff|desktop\u00bb link_text_color__hover=\u00bb#C3CE86&#8243; link_text_color__hover_enabled=\u00bbon|hover\u00bb theme_builder_area=\u00bbpost_content\u00bb]<\/p>\n<p>Investigadora postdoctoral<\/p>\n<p>[\/et_pb_text][et_pb_text _builder_version=\u00bb4.27.6&#8243; _module_preset=\u00bbcb2a6a0e-36b0-4354-ad4b-7bab3bb244f1&#8243; link_font=\u00bbSpace Grotesk||||||||\u00bb text_orientation=\u00bbcenter\u00bb global_colors_info=\u00bb{}\u00bb link_text_color__hover_enabled=\u00bbon|hover\u00bb link_text_color__hover=\u00bb#C3CE86&#8243; text_text_color__hover_enabled=\u00bbon|hover\u00bb theme_builder_area=\u00bbpost_content\u00bb]<\/p>\n<div class=\"equipo__datos\" id=\"persona-192\">\n<p>T\u00e9 un doctorat en Comportament Organitzatiu per la Universitat de Missouri, amb una especialitzaci\u00f3 secund\u00e0ria en Ensenyament Universitari, i una titulaci\u00f3 de postgrau en Dones i Lideratge per l&#8217;IESE Business School. Investigadora i professora amb una carrera internacional, ha format part d&#8217;equips de recerca a Europa i als Estats Units, i ha impartit classes en programes de grau, postgrau i doctorat. <\/p>\n<p>La seva feina ha estat reconeguda per l&#8217;Academy of Management, on la seva recerca sobre la pres\u00e8ncia a la feina va ser seleccionada com una de les contribucions m\u00e9s destacades a la Coolness Session de la 84a reuni\u00f3 anual. Tamb\u00e9 va rebre un premi de vict\u00f2ria a la confer\u00e8ncia de l&#8217;Academy of Integrative Health and Medicine per la seva recerca sobre l&#8217;impacte de la meditaci\u00f3 en el funcionament psicol\u00f2gic mitjan\u00e7ant l&#8217;an\u00e0lisi sLORETA. <\/p>\n<p>La seva recerca i doc\u00e8ncia se centren en l&#8217;estudi de la pres\u00e8ncia en les organitzacions i la seva contribuci\u00f3 al desenvolupament personal i professional, aix\u00ed com en la construcci\u00f3 de relacions i equips d&#8217;alta qualitat. Tamb\u00e9 explora com es pot mantenir viva la finalitat de l&#8217;organitzaci\u00f3 i fomentar un major sentit de significat en el treball. <\/p>\n<p><a href=\"https:\/\/www.researchgate.net\/profile\/Neus-Vila-Brunet\">Publicacions<\/a><\/p>\n<\/div>\n<p class=\"equipo__enlace\"><a class=\"equipo_verdatos\" data-id=\"192\">Curr\u00edculum <\/a><\/p>\n<p>[\/et_pb_text][\/et_pb_column][\/et_pb_row][et_pb_row column_structure=\u00bb1_3,1_3,1_3&#8243; disabled_on=\u00bboff|off|off\u00bb _builder_version=\u00bb4.27.6&#8243; _module_preset=\u00bbdefault\u00bb global_colors_info=\u00bb{}\u00bb theme_builder_area=\u00bbpost_content\u00bb][et_pb_column type=\u00bb1_3&#8243; _builder_version=\u00bb4.27.4&#8243; _module_preset=\u00bbdefault\u00bb global_colors_info=\u00bb{}\u00bb theme_builder_area=\u00bbpost_content\u00bb][et_pb_image src=\u00bbhttps:\/\/inablab.org\/wp-content\/uploads\/2026\/05\/Irene-Foto-ok.png\u00bb alt=\u00bbIrene Foto ok\u00bb title_text=\u00bbIrene Foto ok\u00bb _builder_version=\u00bb4.27.6&#8243; _module_preset=\u00bbc8fc37d0-dbdb-4567-ae3d-9e2cd7de653d\u00bb filter_saturate=\u00bb0%\u00bb global_colors_info=\u00bb{}\u00bb theme_builder_area=\u00bbpost_content\u00bb][\/et_pb_image][et_pb_text _builder_version=\u00bb4.27.6&#8243; _module_preset=\u00bb976ffdb2-2d60-4a52-84d1-bcb0a69dc429&#8243; text_text_color=\u00bb#161616&#8243; text_font_size=\u00bb16px\u00bb link_font=\u00bbSpace Grotesk||||||||\u00bb link_text_color=\u00bb#0D264F\u00bb header_font=\u00bbSpace Grotesk||||||||\u00bb header_text_align=\u00bbcenter\u00bb header_text_color=\u00bb#FFFFFF\u00bb header_font_size=\u00bb50px\u00bb header_2_font=\u00bbSpace Grotesk|||on|||||\u00bb header_2_font_size=\u00bb40px\u00bb background_size=\u00bbinitial\u00bb background_position=\u00bbtop_left\u00bb background_repeat=\u00bbrepeat\u00bb text_orientation=\u00bbcenter\u00bb text_font_size_tablet=\u00bb16px\u00bb text_font_size_phone=\u00bb15px\u00bb text_font_size_last_edited=\u00bbon|phone\u00bb text_line_height_tablet=\u00bb\u00bb text_line_height_phone=\u00bb1.5em\u00bb text_line_height_last_edited=\u00bbon|phone\u00bb header_font_size_tablet=\u00bb40px\u00bb header_font_size_phone=\u00bb34px\u00bb header_font_size_last_edited=\u00bbon|phone\u00bb header_2_font_size_tablet=\u00bb40px\u00bb header_2_font_size_phone=\u00bb30px\u00bb header_2_font_size_last_edited=\u00bbon|phone\u00bb global_colors_info=\u00bb{}\u00bb text_text_color__hover=\u00bb#C3CE86&#8243; text_text_color__hover_enabled=\u00bbon|hover\u00bb link_text_color__hover=\u00bb#C3CE86&#8243; link_text_color__hover_enabled=\u00bbon|hover\u00bb theme_builder_area=\u00bbpost_content\u00bb]<\/p>\n<h3>Dra. Irene Buttazzi<\/h3>\n<p>[\/et_pb_text][et_pb_text _builder_version=\u00bb4.27.6&#8243; _module_preset=\u00bbcb2a6a0e-36b0-4354-ad4b-7bab3bb244f1&#8243; text_font_size=\u00bb15px\u00bb link_font=\u00bbSpace Grotesk||||||||\u00bb text_orientation=\u00bbcenter\u00bb locked=\u00bboff\u00bb global_colors_info=\u00bb{}\u00bb text_text_color__hover=\u00bb#C3CE86&#8243; text_text_color__hover_enabled=\u00bboff|desktop\u00bb link_text_color__hover=\u00bb#C3CE86&#8243; link_text_color__hover_enabled=\u00bbon|hover\u00bb theme_builder_area=\u00bbpost_content\u00bb]<\/p>\n<p>Investigadora postdoctoral<\/p>\n<p>[\/et_pb_text][et_pb_text _builder_version=\u00bb4.27.6&#8243; _module_preset=\u00bbcb2a6a0e-36b0-4354-ad4b-7bab3bb244f1&#8243; link_font=\u00bbSpace Grotesk||||||||\u00bb text_orientation=\u00bbcenter\u00bb global_colors_info=\u00bb{}\u00bb link_text_color__hover_enabled=\u00bbon|hover\u00bb link_text_color__hover=\u00bb#C3CE86&#8243; text_text_color__hover_enabled=\u00bbon|hover\u00bb theme_builder_area=\u00bbpost_content\u00bb]<\/p>\n<div class=\"equipo__datos\" id=\"persona-274\">\n<p class=\"isSelectedEnd\"><span>Doctora Internacional en Psicoling\u00fc\u00edstica per la Universitat Nebrija i el Italian National Research Council (CNR), especialitzada en autopercepci\u00f3, identitat i plasticitat del self en parlants pluriling\u00fces. La seva recerca analitza com la llengua modela la identitat, les emocions i la mem\u00f2ria autobiogr\u00e0fica. <\/span><\/p>\n<p class=\"isSelectedEnd\"><span>Amb m\u00e9s de dotze anys d\u2019experi\u00e8ncia investigadora, ha treballat en construcci\u00f3 identit\u00e0ria, cognici\u00f3 autobiogr\u00e0fica, aculturaci\u00f3 i biculturalitzaci\u00f3 en contextos migratoris i d\u2019adquisici\u00f3 de lleng\u00fces, prestant especial atenci\u00f3 a les dimensions corporals, est\u00e8tiques i comportamentals de l\u2019autoconcepte.<\/span><\/p>\n<p class=\"isSelectedEnd\"><span>Els seus estudis integren narratives autobiogr\u00e0fiques, psicoling\u00fc\u00edstica experimental, ling\u00fc\u00edstica de corpus i an\u00e0lisi computacional del llenguatge per aprofundir en la dimensi\u00f3 narrativa de l\u2019experi\u00e8ncia humana. Ha col\u00b7laborat amb el Italian National Research Council (CNR) en metodologies de ling\u00fc\u00edstica computacional aplicades a l\u2019an\u00e0lisi de sentiment, topic modelling i an\u00e0lisi l\u00e8xica en corpus pluriling\u00fces. <\/span><\/p>\n<p><span>En neuroeducaci\u00f3, compta amb m\u00e9s de quinze anys de doc\u00e8ncia i supervisi\u00f3 en programes de grau, m\u00e0ster i doctorat, centrats en la relaci\u00f3 entre cervell, llenguatge i aprenentatge en contextos pluriling\u00fces, impartint doc\u00e8ncia en institucions nacionals i internacionals.<\/span><\/p>\n<p><a href=\"https:\/\/orcid.org\/0000-0003-1695-1364\">Publicacions<\/a><\/p>\n<\/div>\n<p class=\"equipo__enlace\"><a class=\"equipo_verdatos\" data-id=\"274\">Curr\u00edculum <\/a><\/p>\n<p>[\/et_pb_text][\/et_pb_column][et_pb_column type=\u00bb1_3&#8243; _builder_version=\u00bb4.16&#8243; _module_preset=\u00bbdefault\u00bb global_colors_info=\u00bb{}\u00bb theme_builder_area=\u00bbpost_content\u00bb][et_pb_image src=\u00bbhttps:\/\/inablab.org\/wp-content\/uploads\/2024\/11\/equipo-antonio.jpg\u00bb alt=\u00bbequip alice\u00bb title_text=\u00bbequipo-antonio\u00bb _builder_version=\u00bb4.27.4&#8243; _module_preset=\u00bbc8fc37d0-dbdb-4567-ae3d-9e2cd7de653d\u00bb filter_saturate=\u00bb0%\u00bb locked=\u00bboff\u00bb global_colors_info=\u00bb{}\u00bb theme_builder_area=\u00bbpost_content\u00bb][\/et_pb_image][et_pb_text _builder_version=\u00bb4.27.5&#8243; _module_preset=\u00bb976ffdb2-2d60-4a52-84d1-bcb0a69dc429&#8243; text_text_color=\u00bb#161616&#8243; text_font_size=\u00bb16px\u00bb link_font=\u00bbSpace Grotesk||||||||\u00bb link_text_color=\u00bb#0D264F\u00bb header_font=\u00bbSpace Grotesk||||||||\u00bb header_text_align=\u00bbcenter\u00bb header_text_color=\u00bb#FFFFFF\u00bb header_font_size=\u00bb50px\u00bb header_2_font=\u00bbSpace Grotesk|||on|||||\u00bb header_2_font_size=\u00bb40px\u00bb background_size=\u00bbinitial\u00bb background_position=\u00bbtop_left\u00bb background_repeat=\u00bbrepeat\u00bb text_orientation=\u00bbcenter\u00bb text_font_size_tablet=\u00bb16px\u00bb text_font_size_phone=\u00bb15px\u00bb text_font_size_last_edited=\u00bbon|phone\u00bb text_line_height_tablet=\u00bb\u00bb text_line_height_phone=\u00bb1.5em\u00bb text_line_height_last_edited=\u00bbon|phone\u00bb header_font_size_tablet=\u00bb40px\u00bb header_font_size_phone=\u00bb34px\u00bb header_font_size_last_edited=\u00bbon|phone\u00bb header_2_font_size_tablet=\u00bb40px\u00bb header_2_font_size_phone=\u00bb30px\u00bb header_2_font_size_last_edited=\u00bbon|phone\u00bb locked=\u00bboff\u00bb global_colors_info=\u00bb{}\u00bb text_text_color__hover=\u00bb#C3CE86&#8243; text_text_color__hover_enabled=\u00bbon|hover\u00bb link_text_color__hover=\u00bb#C3CE86&#8243; link_text_color__hover_enabled=\u00bbon|hover\u00bb theme_builder_area=\u00bbpost_content\u00bb]<\/p>\n<h3 class=\"p1\">Antonio Valenzuela-Miralles<\/h3>\n<p>[\/et_pb_text][et_pb_text _builder_version=\u00bb4.27.6&#8243; _module_preset=\u00bbcb2a6a0e-36b0-4354-ad4b-7bab3bb244f1&#8243; text_font_size=\u00bb15px\u00bb link_font=\u00bbSpace Grotesk||||||||\u00bb text_orientation=\u00bbcenter\u00bb locked=\u00bboff\u00bb global_colors_info=\u00bb{}\u00bb text_text_color__hover=\u00bb#C3CE86&#8243; text_text_color__hover_enabled=\u00bboff|desktop\u00bb link_text_color__hover=\u00bb#C3CE86&#8243; link_text_color__hover_enabled=\u00bbon|hover\u00bb theme_builder_area=\u00bbpost_content\u00bb]<\/p>\n<p>Investigador estudiant doctorat<\/p>\n<p>[\/et_pb_text][et_pb_text _builder_version=\u00bb4.27.5&#8243; _module_preset=\u00bbcb2a6a0e-36b0-4354-ad4b-7bab3bb244f1&#8243; link_font=\u00bbSpace Grotesk||||||||\u00bb text_orientation=\u00bbcenter\u00bb locked=\u00bboff\u00bb global_colors_info=\u00bb{}\u00bb link_text_color__hover_enabled=\u00bbon|hover\u00bb link_text_color__hover=\u00bb#C3CE86&#8243; text_text_color__hover_enabled=\u00bbon|hover\u00bb theme_builder_area=\u00bbpost_content\u00bb]<\/p>\n<div class=\"equipo__datos\" id=\"persona-169\">\n<p><span style=\"font-weight: 400;\">Graduat en Biotecnologia (Universitat Miguel Hern\u00e1ndez d\u2019Elx) i guardonat amb el Premi Extraordinari del M\u00e0ster Universitari en Biomedicina (Universitat d\u2019Alacant). Autor de diversos treballs relacionats amb els camps de la sonobiologia i la mecanotransducci\u00f3. <\/span><\/p>\n<p><span style=\"color: #99cc00;\"><a href=\"https:\/\/orcid.org\/0009-0007-8642-3969\" target=\"_blank\" rel=\"noopener\" style=\"color: #99cc00;\">Publicacions<\/a><\/span><\/p>\n<\/div>\n<p class=\"equipo__enlace\"><a class=\"equipo_verdatos\" data-id=\"169\">Curr\u00edculum <\/a><\/p>\n<p>[\/et_pb_text][\/et_pb_column][et_pb_column type=\u00bb1_3&#8243; _builder_version=\u00bb4.27.4&#8243; _module_preset=\u00bbdefault\u00bb global_colors_info=\u00bb{}\u00bb theme_builder_area=\u00bbpost_content\u00bb][et_pb_image src=\u00bbhttps:\/\/inablab.org\/wp-content\/uploads\/2025\/10\/inab_web_guillermo_llopis.webp\u00bb alt=\u00bbinab web guillermo llopis\u00bb title_text=\u00bbinab web guillermo llopis\u00bb _builder_version=\u00bb4.27.4&#8243; _module_preset=\u00bbc8fc37d0-dbdb-4567-ae3d-9e2cd7de653d\u00bb filter_saturate=\u00bb0%\u00bb global_colors_info=\u00bb{}\u00bb theme_builder_area=\u00bbpost_content\u00bb][\/et_pb_image][et_pb_text _builder_version=\u00bb4.27.4&#8243; _module_preset=\u00bb976ffdb2-2d60-4a52-84d1-bcb0a69dc429&#8243; text_text_color=\u00bb#161616&#8243; text_font_size=\u00bb16px\u00bb link_font=\u00bbSpace Grotesk||||||||\u00bb link_text_color=\u00bb#0D264F\u00bb header_font=\u00bbSpace Grotesk||||||||\u00bb header_text_align=\u00bbcenter\u00bb header_text_color=\u00bb#FFFFFF\u00bb header_font_size=\u00bb50px\u00bb header_2_font=\u00bbSpace Grotesk|||on|||||\u00bb header_2_font_size=\u00bb40px\u00bb background_size=\u00bbinitial\u00bb background_position=\u00bbtop_left\u00bb background_repeat=\u00bbrepeat\u00bb text_orientation=\u00bbcenter\u00bb text_font_size_tablet=\u00bb16px\u00bb text_font_size_phone=\u00bb15px\u00bb text_font_size_last_edited=\u00bbon|phone\u00bb text_line_height_tablet=\u00bb\u00bb text_line_height_phone=\u00bb1.5em\u00bb text_line_height_last_edited=\u00bbon|phone\u00bb header_font_size_tablet=\u00bb40px\u00bb header_font_size_phone=\u00bb34px\u00bb header_font_size_last_edited=\u00bbon|phone\u00bb header_2_font_size_tablet=\u00bb40px\u00bb header_2_font_size_phone=\u00bb30px\u00bb header_2_font_size_last_edited=\u00bbon|phone\u00bb global_colors_info=\u00bb{}\u00bb text_text_color__hover=\u00bb#C3CE86&#8243; text_text_color__hover_enabled=\u00bbon|hover\u00bb link_text_color__hover=\u00bb#C3CE86&#8243; link_text_color__hover_enabled=\u00bbon|hover\u00bb theme_builder_area=\u00bbpost_content\u00bb]<\/p>\n<h3 class=\"p1\">Guillermo Llopis Garc\u00eda<\/h3>\n<p>[\/et_pb_text][et_pb_text _builder_version=\u00bb4.27.6&#8243; _module_preset=\u00bbcb2a6a0e-36b0-4354-ad4b-7bab3bb244f1&#8243; text_font_size=\u00bb15px\u00bb link_font=\u00bbSpace Grotesk||||||||\u00bb text_orientation=\u00bbcenter\u00bb locked=\u00bboff\u00bb global_colors_info=\u00bb{}\u00bb text_text_color__hover=\u00bb#C3CE86&#8243; text_text_color__hover_enabled=\u00bboff|desktop\u00bb link_text_color__hover=\u00bb#C3CE86&#8243; link_text_color__hover_enabled=\u00bbon|hover\u00bb theme_builder_area=\u00bbpost_content\u00bb]<\/p>\n<p>Investigador estudiant doctorat<\/p>\n<p>[\/et_pb_text][et_pb_text _builder_version=\u00bb4.27.6&#8243; _module_preset=\u00bbcb2a6a0e-36b0-4354-ad4b-7bab3bb244f1&#8243; link_font=\u00bbSpace Grotesk||||||||\u00bb text_orientation=\u00bbcenter\u00bb global_colors_info=\u00bb{}\u00bb link_text_color__hover_enabled=\u00bbon|hover\u00bb link_text_color__hover=\u00bb#C3CE86&#8243; text_text_color__hover_enabled=\u00bbon|hover\u00bb theme_builder_area=\u00bbpost_content\u00bb]<\/p>\n<div class=\"equipo__datos\" id=\"persona-270\">\n<p>Enginyer biom\u00e8dic especialitzat en intel\u00b7lig\u00e8ncia artificial aplicada a la neuroci\u00e8ncia. Format a la Universitat Polit\u00e8cnica de Val\u00e8ncia i a la University of Groningen, ha treballat en projectes que combinen IA, neurotecnologia i salut. Guardonat amb diversos premis internacionals d\u2019innovaci\u00f3, entre ells VentureLab Weekend 2023, HackBarna 2025 i la 5Groningen Student Battle 2022, entre altres. Actualment \u00e9s enginyer d\u2019IA a l\u2019Institut de Neuroci\u00e8ncies Avan\u00e7ades de Barcelona (INAB).   <\/p>\n<\/div>\n<p class=\"equipo__enlace\"><a class=\"equipo_verdatos\" data-id=\"270\">Curr\u00edculum <\/a><\/p>\n<p>[\/et_pb_text][\/et_pb_column][\/et_pb_row][et_pb_row column_structure=\u00bb1_3,1_3,1_3&#8243; disabled_on=\u00bboff|off|off\u00bb _builder_version=\u00bb4.27.6&#8243; _module_preset=\u00bbdefault\u00bb global_colors_info=\u00bb{}\u00bb theme_builder_area=\u00bbpost_content\u00bb][et_pb_column type=\u00bb1_3&#8243; _builder_version=\u00bb4.27.4&#8243; _module_preset=\u00bbdefault\u00bb global_colors_info=\u00bb{}\u00bb theme_builder_area=\u00bbpost_content\u00bb][et_pb_image src=\u00bbhttps:\/\/inablab.org\/wp-content\/uploads\/2025\/12\/foto_Marta.png\u00bb alt=\u00bbfoto Marta\u00bb title_text=\u00bbfoto Marta\u00bb _builder_version=\u00bb4.27.4&#8243; _module_preset=\u00bbc8fc37d0-dbdb-4567-ae3d-9e2cd7de653d\u00bb filter_saturate=\u00bb0%\u00bb global_colors_info=\u00bb{}\u00bb theme_builder_area=\u00bbpost_content\u00bb][\/et_pb_image][et_pb_text _builder_version=\u00bb4.27.6&#8243; _module_preset=\u00bb976ffdb2-2d60-4a52-84d1-bcb0a69dc429&#8243; text_text_color=\u00bb#161616&#8243; text_font_size=\u00bb16px\u00bb link_font=\u00bbSpace Grotesk||||||||\u00bb link_text_color=\u00bb#0D264F\u00bb header_font=\u00bbSpace Grotesk||||||||\u00bb header_text_align=\u00bbcenter\u00bb header_text_color=\u00bb#FFFFFF\u00bb header_font_size=\u00bb50px\u00bb header_2_font=\u00bbSpace Grotesk|||on|||||\u00bb header_2_font_size=\u00bb40px\u00bb background_size=\u00bbinitial\u00bb background_position=\u00bbtop_left\u00bb background_repeat=\u00bbrepeat\u00bb text_orientation=\u00bbcenter\u00bb text_font_size_tablet=\u00bb16px\u00bb text_font_size_phone=\u00bb15px\u00bb text_font_size_last_edited=\u00bbon|phone\u00bb text_line_height_tablet=\u00bb\u00bb text_line_height_phone=\u00bb1.5em\u00bb text_line_height_last_edited=\u00bbon|phone\u00bb header_font_size_tablet=\u00bb40px\u00bb header_font_size_phone=\u00bb34px\u00bb header_font_size_last_edited=\u00bbon|phone\u00bb header_2_font_size_tablet=\u00bb40px\u00bb header_2_font_size_phone=\u00bb30px\u00bb header_2_font_size_last_edited=\u00bbon|phone\u00bb global_colors_info=\u00bb{}\u00bb text_text_color__hover=\u00bb#C3CE86&#8243; text_text_color__hover_enabled=\u00bbon|hover\u00bb link_text_color__hover=\u00bb#C3CE86&#8243; link_text_color__hover_enabled=\u00bbon|hover\u00bb theme_builder_area=\u00bbpost_content\u00bb]<\/p>\n<h3>Marta Borr\u00e0s<\/h3>\n<p>[\/et_pb_text][et_pb_text _builder_version=\u00bb4.27.6&#8243; _module_preset=\u00bbcb2a6a0e-36b0-4354-ad4b-7bab3bb244f1&#8243; text_font_size=\u00bb15px\u00bb link_font=\u00bbSpace Grotesk||||||||\u00bb text_orientation=\u00bbcenter\u00bb locked=\u00bboff\u00bb global_colors_info=\u00bb{}\u00bb text_text_color__hover=\u00bb#C3CE86&#8243; text_text_color__hover_enabled=\u00bboff|desktop\u00bb link_text_color__hover=\u00bb#C3CE86&#8243; link_text_color__hover_enabled=\u00bbon|hover\u00bb theme_builder_area=\u00bbpost_content\u00bb]<\/p>\n<p>Investigadora estudiant doctorat<\/p>\n<p>[\/et_pb_text][et_pb_text _builder_version=\u00bb4.27.6&#8243; _module_preset=\u00bbcb2a6a0e-36b0-4354-ad4b-7bab3bb244f1&#8243; link_font=\u00bbSpace Grotesk||||||||\u00bb text_orientation=\u00bbcenter\u00bb global_colors_info=\u00bb{}\u00bb link_text_color__hover_enabled=\u00bbon|hover\u00bb link_text_color__hover=\u00bb#C3CE86&#8243; text_text_color__hover_enabled=\u00bbon|hover\u00bb theme_builder_area=\u00bbpost_content\u00bb]<\/p>\n<div class=\"equipo__datos\" id=\"persona-274\">\n<p>Graduada en Enginyeria Biom\u00e8dica per la UPC i amb un m\u00e0ster en Enginyeria Biom\u00e8dica Computacional per la Universitat Pompeu Fabra, on va obtenir la m\u00e0xima qualificaci\u00f3 en la seva tesi. Actualment est\u00e0 finalitzant el doctorat en Enginyeria Biom\u00e8dica. Ha realitzat recerca a l\u2019Institut de Diagn\u00f2stic per la Imatge (Vall d\u2019Hebron) i al CREB-UPC, i \u00e9s autora de publicacions en revistes cient\u00edfiques internacionals com Frontiers in Physiology i Journal of Neural Engineering. El seu treball ha estat presentat en congressos internacionals de refer\u00e8ncia, com la confer\u00e8ncia IEEE Engineering in Medicine and Biology (EMBC).   <\/p>\n<p><a href=\"https:\/\/orcid.org\/0000-0002-1999-0185\">Publicacions<\/a><\/p>\n<\/div>\n<p class=\"equipo__enlace\"><a class=\"equipo_verdatos\" data-id=\"274\">Curr\u00edculum <\/a><\/p>\n<p>[\/et_pb_text][\/et_pb_column][et_pb_column type=\u00bb1_3&#8243; _builder_version=\u00bb4.16&#8243; _module_preset=\u00bbdefault\u00bb global_colors_info=\u00bb{}\u00bb theme_builder_area=\u00bbpost_content\u00bb][et_pb_image src=\u00bbhttps:\/\/inablab.org\/wp-content\/uploads\/2025\/10\/gina.webp\u00bb alt=\u00bbgina\u00bb title_text=\u00bbgina\u00bb _builder_version=\u00bb4.27.4&#8243; _module_preset=\u00bbc8fc37d0-dbdb-4567-ae3d-9e2cd7de653d\u00bb filter_saturate=\u00bb0%\u00bb global_colors_info=\u00bb{}\u00bb theme_builder_area=\u00bbpost_content\u00bb][\/et_pb_image][et_pb_text _builder_version=\u00bb4.27.4&#8243; _module_preset=\u00bb976ffdb2-2d60-4a52-84d1-bcb0a69dc429&#8243; text_text_color=\u00bb#161616&#8243; text_font_size=\u00bb16px\u00bb link_font=\u00bbSpace Grotesk||||||||\u00bb link_text_color=\u00bb#0D264F\u00bb header_font=\u00bbSpace Grotesk||||||||\u00bb header_text_align=\u00bbcenter\u00bb header_text_color=\u00bb#FFFFFF\u00bb header_font_size=\u00bb50px\u00bb header_2_font=\u00bbSpace Grotesk|||on|||||\u00bb header_2_font_size=\u00bb40px\u00bb background_size=\u00bbinitial\u00bb background_position=\u00bbtop_left\u00bb background_repeat=\u00bbrepeat\u00bb text_orientation=\u00bbcenter\u00bb text_font_size_tablet=\u00bb16px\u00bb text_font_size_phone=\u00bb15px\u00bb text_font_size_last_edited=\u00bbon|phone\u00bb text_line_height_tablet=\u00bb\u00bb text_line_height_phone=\u00bb1.5em\u00bb text_line_height_last_edited=\u00bbon|phone\u00bb header_font_size_tablet=\u00bb40px\u00bb header_font_size_phone=\u00bb34px\u00bb header_font_size_last_edited=\u00bbon|phone\u00bb header_2_font_size_tablet=\u00bb40px\u00bb header_2_font_size_phone=\u00bb30px\u00bb header_2_font_size_last_edited=\u00bbon|phone\u00bb global_colors_info=\u00bb{}\u00bb text_text_color__hover=\u00bb#C3CE86&#8243; text_text_color__hover_enabled=\u00bbon|hover\u00bb link_text_color__hover=\u00bb#C3CE86&#8243; link_text_color__hover_enabled=\u00bbon|hover\u00bb theme_builder_area=\u00bbpost_content\u00bb]<\/p>\n<h3>Gina Kapatou<\/h3>\n<p>[\/et_pb_text][et_pb_text _builder_version=\u00bb4.27.6&#8243; _module_preset=\u00bbcb2a6a0e-36b0-4354-ad4b-7bab3bb244f1&#8243; text_font_size=\u00bb15px\u00bb link_font=\u00bbSpace Grotesk||||||||\u00bb text_orientation=\u00bbcenter\u00bb locked=\u00bboff\u00bb global_colors_info=\u00bb{}\u00bb text_text_color__hover=\u00bb#C3CE86&#8243; text_text_color__hover_enabled=\u00bboff|desktop\u00bb link_text_color__hover=\u00bb#C3CE86&#8243; link_text_color__hover_enabled=\u00bbon|hover\u00bb theme_builder_area=\u00bbpost_content\u00bb]<\/p>\n<p>Investigadora estudiant doctorat<\/p>\n<p>[\/et_pb_text][et_pb_text _builder_version=\u00bb4.27.5&#8243; _module_preset=\u00bbcb2a6a0e-36b0-4354-ad4b-7bab3bb244f1&#8243; link_font=\u00bbSpace Grotesk||||||||\u00bb text_orientation=\u00bbcenter\u00bb global_colors_info=\u00bb{}\u00bb link_text_color__hover_enabled=\u00bbon|hover\u00bb link_text_color__hover=\u00bb#C3CE86&#8243; text_text_color__hover_enabled=\u00bbon|hover\u00bb theme_builder_area=\u00bbpost_content\u00bb]<\/p>\n<div class=\"equipo__datos\" id=\"persona-171\">\n<p>Psic\u00f2loga amb un m\u00e0ster en Neuroci\u00e8ncia Cognitiva (Rijksuniversiteit Groningen, Pa\u00efsos Baixos), impulsada per una profunda curiositat pels processos cognitius i com aquests afecten el comportament hum\u00e0 i la salut mental. Actualment realitza un doctorat industrial en col\u00b7laboraci\u00f3 amb la Universitat Aut\u00f2noma de Barcelona, centrat en l\u2019aprenentatge de la por, les difer\u00e8ncies entre sexes i les fluctuacions hormonals al llarg de les fases del cicle menstrual. Entusiasta de la recerca multimodal, integra neuroimatge amb psicof\u00edsica per comprendre millor els mecanismes subjacents. Amb experi\u00e8ncia professional en assist\u00e8ncia a la recerca, doc\u00e8ncia, mentoria i avaluaci\u00f3 psicom\u00e8trica, li apassiona reduir la bretxa entre la recerca cient\u00edfica i les aplicacions pr\u00e0ctiques en el m\u00f3n real.   <\/p>\n<\/div>\n<p class=\"equipo__enlace\"><a class=\"equipo_verdatos\" data-id=\"171\">Curr\u00edculum <\/a><\/p>\n<p>[\/et_pb_text][\/et_pb_column][et_pb_column type=\u00bb1_3&#8243; _builder_version=\u00bb4.27.4&#8243; _module_preset=\u00bbdefault\u00bb global_colors_info=\u00bb{}\u00bb theme_builder_area=\u00bbpost_content\u00bb][et_pb_image src=\u00bbhttps:\/\/inablab.org\/wp-content\/uploads\/2026\/04\/foto-dni.png\u00bb alt=\u00bbfoto dni\u00bb title_text=\u00bbfoto dni\u00bb _builder_version=\u00bb4.27.6&#8243; _module_preset=\u00bbc8fc37d0-dbdb-4567-ae3d-9e2cd7de653d\u00bb filter_saturate=\u00bb0%\u00bb global_colors_info=\u00bb{}\u00bb theme_builder_area=\u00bbpost_content\u00bb][\/et_pb_image][et_pb_text _builder_version=\u00bb4.27.6&#8243; _module_preset=\u00bb976ffdb2-2d60-4a52-84d1-bcb0a69dc429&#8243; text_text_color=\u00bb#161616&#8243; text_font_size=\u00bb16px\u00bb link_font=\u00bbSpace Grotesk||||||||\u00bb link_text_color=\u00bb#0D264F\u00bb header_font=\u00bbSpace Grotesk||||||||\u00bb header_text_align=\u00bbcenter\u00bb header_text_color=\u00bb#FFFFFF\u00bb header_font_size=\u00bb50px\u00bb header_2_font=\u00bbSpace Grotesk|||on|||||\u00bb header_2_font_size=\u00bb40px\u00bb background_size=\u00bbinitial\u00bb background_position=\u00bbtop_left\u00bb background_repeat=\u00bbrepeat\u00bb text_orientation=\u00bbcenter\u00bb text_font_size_tablet=\u00bb16px\u00bb text_font_size_phone=\u00bb15px\u00bb text_font_size_last_edited=\u00bbon|phone\u00bb text_line_height_tablet=\u00bb\u00bb text_line_height_phone=\u00bb1.5em\u00bb text_line_height_last_edited=\u00bbon|phone\u00bb header_font_size_tablet=\u00bb40px\u00bb header_font_size_phone=\u00bb34px\u00bb header_font_size_last_edited=\u00bbon|phone\u00bb header_2_font_size_tablet=\u00bb40px\u00bb header_2_font_size_phone=\u00bb30px\u00bb header_2_font_size_last_edited=\u00bbon|phone\u00bb global_colors_info=\u00bb{}\u00bb text_text_color__hover=\u00bb#C3CE86&#8243; text_text_color__hover_enabled=\u00bbon|hover\u00bb link_text_color__hover=\u00bb#C3CE86&#8243; link_text_color__hover_enabled=\u00bbon|hover\u00bb theme_builder_area=\u00bbpost_content\u00bb]<\/p>\n<h3>Siham Ijjou<\/h3>\n<p>[\/et_pb_text][et_pb_text _builder_version=\u00bb4.27.6&#8243; _module_preset=\u00bbcb2a6a0e-36b0-4354-ad4b-7bab3bb244f1&#8243; text_font_size=\u00bb15px\u00bb link_font=\u00bbSpace Grotesk||||||||\u00bb text_orientation=\u00bbcenter\u00bb locked=\u00bboff\u00bb global_colors_info=\u00bb{}\u00bb text_text_color__hover=\u00bb#C3CE86&#8243; text_text_color__hover_enabled=\u00bboff|desktop\u00bb link_text_color__hover=\u00bb#C3CE86&#8243; link_text_color__hover_enabled=\u00bbon|hover\u00bb theme_builder_area=\u00bbpost_content\u00bb]<\/p>\n<p>Investigadora estudiant doctorat<\/p>\n<p>[\/et_pb_text][et_pb_text _builder_version=\u00bb4.27.6&#8243; _module_preset=\u00bbcb2a6a0e-36b0-4354-ad4b-7bab3bb244f1&#8243; link_font=\u00bbSpace Grotesk||||||||\u00bb text_orientation=\u00bbcenter\u00bb global_colors_info=\u00bb{}\u00bb link_text_color__hover_enabled=\u00bbon|hover\u00bb link_text_color__hover=\u00bb#C3CE86&#8243; text_text_color__hover_enabled=\u00bbon|hover\u00bb theme_builder_area=\u00bbpost_content\u00bb]<\/p>\n<div class=\"equipo__datos\" id=\"persona-197\">\n<p><span>T\u00e9 una llicenciatura en Psicologia i un m\u00e0ster en Recerca Conductual i Cognitiva, i actualment est\u00e0 cursant un doctorat en Ci\u00e8ncies Biom\u00e8diques, especialitzant-se en neuroci\u00e8ncia cognitiva del desenvolupament, a la Universitat de Barcelona, en col\u00b7laboraci\u00f3 amb l&#8217;Institut de Recerca Sant Joan de D\u00e9u. La seva traject\u00f2ria professional s&#8217;ha desenvolupat en entorns de recerca hospital\u00e0ria i acad\u00e8mica, centrada en l&#8217;estudi primerenc dels sons del llenguatge i els mecanismes neuronals implicats en el processament auditiu en diferents poblacions neonatals. S&#8217;especialitza en l&#8217;an\u00e0lisi de dades d&#8217;electroencefalografia i resson\u00e0ncia magn\u00e8tica aplicades a l&#8217;estudi del cervell durant la primera inf\u00e0ncia.  <\/span><\/p>\n<\/div>\n<p class=\"equipo__enlace\"><a class=\"equipo_verdatos\" data-id=\"197\">Curr\u00edculum <\/a><\/p>\n<p>[\/et_pb_text][\/et_pb_column][\/et_pb_row][et_pb_row column_structure=\u00bb1_3,1_3,1_3&#8243; disabled_on=\u00bboff|off|off\u00bb _builder_version=\u00bb4.27.6&#8243; _module_preset=\u00bbdefault\u00bb global_colors_info=\u00bb{}\u00bb theme_builder_area=\u00bbpost_content\u00bb][et_pb_column type=\u00bb1_3&#8243; _builder_version=\u00bb4.16&#8243; _module_preset=\u00bbdefault\u00bb global_colors_info=\u00bb{}\u00bb theme_builder_area=\u00bbpost_content\u00bb][et_pb_image src=\u00bbhttps:\/\/inablab.org\/wp-content\/uploads\/2025\/10\/Natalia.webp\u00bb alt=\u00bbNatalia\u00bb title_text=\u00bbNatalia\u00bb _builder_version=\u00bb4.27.4&#8243; _module_preset=\u00bbc8fc37d0-dbdb-4567-ae3d-9e2cd7de653d\u00bb filter_saturate=\u00bb0%\u00bb locked=\u00bboff\u00bb global_colors_info=\u00bb{}\u00bb theme_builder_area=\u00bbpost_content\u00bb][\/et_pb_image][et_pb_text _builder_version=\u00bb4.27.6&#8243; _module_preset=\u00bb976ffdb2-2d60-4a52-84d1-bcb0a69dc429&#8243; text_text_color=\u00bb#161616&#8243; text_font_size=\u00bb16px\u00bb link_font=\u00bbSpace Grotesk||||||||\u00bb link_text_color=\u00bb#0D264F\u00bb header_font=\u00bbSpace Grotesk||||||||\u00bb header_text_align=\u00bbcenter\u00bb header_text_color=\u00bb#FFFFFF\u00bb header_font_size=\u00bb50px\u00bb header_2_font=\u00bbSpace Grotesk|||on|||||\u00bb header_2_font_size=\u00bb40px\u00bb background_size=\u00bbinitial\u00bb background_position=\u00bbtop_left\u00bb background_repeat=\u00bbrepeat\u00bb text_orientation=\u00bbcenter\u00bb text_font_size_tablet=\u00bb16px\u00bb text_font_size_phone=\u00bb15px\u00bb text_font_size_last_edited=\u00bbon|phone\u00bb text_line_height_tablet=\u00bb\u00bb text_line_height_phone=\u00bb1.5em\u00bb text_line_height_last_edited=\u00bbon|phone\u00bb header_font_size_tablet=\u00bb40px\u00bb header_font_size_phone=\u00bb34px\u00bb header_font_size_last_edited=\u00bbon|phone\u00bb header_2_font_size_tablet=\u00bb40px\u00bb header_2_font_size_phone=\u00bb30px\u00bb header_2_font_size_last_edited=\u00bbon|phone\u00bb locked=\u00bboff\u00bb global_colors_info=\u00bb{}\u00bb text_text_color__hover=\u00bb#C3CE86&#8243; text_text_color__hover_enabled=\u00bbon|hover\u00bb link_text_color__hover=\u00bb#C3CE86&#8243; link_text_color__hover_enabled=\u00bbon|hover\u00bb theme_builder_area=\u00bbpost_content\u00bb]<\/p>\n<h3 class=\"p1\">Nat\u00e0lia Mart\u00ednez<\/h3>\n<p>[\/et_pb_text][et_pb_text _builder_version=\u00bb4.27.6&#8243; _module_preset=\u00bbcb2a6a0e-36b0-4354-ad4b-7bab3bb244f1&#8243; text_font_size=\u00bb15px\u00bb link_font=\u00bbSpace Grotesk||||||||\u00bb text_orientation=\u00bbcenter\u00bb locked=\u00bboff\u00bb global_colors_info=\u00bb{}\u00bb text_text_color__hover=\u00bb#C3CE86&#8243; text_text_color__hover_enabled=\u00bboff|desktop\u00bb link_text_color__hover=\u00bb#C3CE86&#8243; link_text_color__hover_enabled=\u00bbon|hover\u00bb theme_builder_area=\u00bbpost_content\u00bb]<\/p>\n<p>Assistent d&#8217;investigaci\u00f3<\/p>\n<p>[\/et_pb_text][et_pb_text _builder_version=\u00bb4.27.5&#8243; _module_preset=\u00bbcb2a6a0e-36b0-4354-ad4b-7bab3bb244f1&#8243; link_font=\u00bbSpace Grotesk||||||||\u00bb text_orientation=\u00bbcenter\u00bb locked=\u00bboff\u00bb global_colors_info=\u00bb{}\u00bb link_text_color__hover_enabled=\u00bbon|hover\u00bb link_text_color__hover=\u00bb#C3CE86&#8243; text_text_color__hover_enabled=\u00bbon|hover\u00bb theme_builder_area=\u00bbpost_content\u00bb]<\/p>\n<div class=\"equipo__datos\" id=\"persona-172\">\n<p>Psic\u00f2loga impulsada per un profund inter\u00e8s en comprendre el sistema nervi\u00f3s i la seva relaci\u00f3 amb els processos psicol\u00f2gics. Formada en neuroci\u00e8ncia a la Universitat Aut\u00f2noma de Barcelona i enriquida amb experi\u00e8ncia internacional a la Norwegian University of Science and Technology (NTNU), ha realitzat recerca sobre neuroplasticitat i regeneraci\u00f3 neuronal. Ha treballat amb pacients amb dany cerebral, malalties neurodegeneratives i altres trastorns del sistema nervi\u00f3s, utilitzant t\u00e8cniques de laboratori biol\u00f2gic, eines de neuroimatge i m\u00e8todes d\u2019estimulaci\u00f3 cerebral. Compromesa, curiosa i altament motivada per portar la ci\u00e8ncia del cervell a la pr\u00e0ctica real.   <\/p>\n<\/div>\n<p class=\"equipo__enlace\"><a class=\"equipo_verdatos\" data-id=\"172\">Curr\u00edculum <\/a><\/p>\n<p>[\/et_pb_text][\/et_pb_column][et_pb_column type=\u00bb1_3&#8243; _builder_version=\u00bb4.27.4&#8243; _module_preset=\u00bbdefault\u00bb global_colors_info=\u00bb{}\u00bb theme_builder_area=\u00bbpost_content\u00bb][et_pb_image src=\u00bbhttps:\/\/inablab.org\/wp-content\/uploads\/2026\/03\/VITTORIA.jpg\u00bb alt=\u00bbVITTORIA\u00bb title_text=\u00bbVITTORIA\u00bb _builder_version=\u00bb4.27.6&#8243; _module_preset=\u00bbc8fc37d0-dbdb-4567-ae3d-9e2cd7de653d\u00bb filter_saturate=\u00bb0%\u00bb locked=\u00bboff\u00bb global_colors_info=\u00bb{}\u00bb theme_builder_area=\u00bbpost_content\u00bb][\/et_pb_image][et_pb_text _builder_version=\u00bb4.27.6&#8243; _module_preset=\u00bb976ffdb2-2d60-4a52-84d1-bcb0a69dc429&#8243; text_text_color=\u00bb#161616&#8243; text_font_size=\u00bb16px\u00bb link_font=\u00bbSpace Grotesk||||||||\u00bb link_text_color=\u00bb#0D264F\u00bb header_font=\u00bbSpace Grotesk||||||||\u00bb header_text_align=\u00bbcenter\u00bb header_text_color=\u00bb#FFFFFF\u00bb header_font_size=\u00bb50px\u00bb header_2_font=\u00bbSpace Grotesk|||on|||||\u00bb header_2_font_size=\u00bb40px\u00bb background_size=\u00bbinitial\u00bb background_position=\u00bbtop_left\u00bb background_repeat=\u00bbrepeat\u00bb text_orientation=\u00bbcenter\u00bb text_font_size_tablet=\u00bb16px\u00bb text_font_size_phone=\u00bb15px\u00bb text_font_size_last_edited=\u00bbon|phone\u00bb text_line_height_tablet=\u00bb\u00bb text_line_height_phone=\u00bb1.5em\u00bb text_line_height_last_edited=\u00bbon|phone\u00bb header_font_size_tablet=\u00bb40px\u00bb header_font_size_phone=\u00bb34px\u00bb header_font_size_last_edited=\u00bbon|phone\u00bb header_2_font_size_tablet=\u00bb40px\u00bb header_2_font_size_phone=\u00bb30px\u00bb header_2_font_size_last_edited=\u00bbon|phone\u00bb locked=\u00bboff\u00bb global_colors_info=\u00bb{}\u00bb text_text_color__hover=\u00bb#C3CE86&#8243; text_text_color__hover_enabled=\u00bbon|hover\u00bb link_text_color__hover=\u00bb#C3CE86&#8243; link_text_color__hover_enabled=\u00bbon|hover\u00bb theme_builder_area=\u00bbpost_content\u00bb]<\/p>\n<h3 class=\"p1\">Vittoria Acciai<\/h3>\n<p>[\/et_pb_text][et_pb_text _builder_version=\u00bb4.27.6&#8243; _module_preset=\u00bbcb2a6a0e-36b0-4354-ad4b-7bab3bb244f1&#8243; text_font_size=\u00bb15px\u00bb link_font=\u00bbSpace Grotesk||||||||\u00bb text_orientation=\u00bbcenter\u00bb locked=\u00bboff\u00bb global_colors_info=\u00bb{}\u00bb text_text_color__hover=\u00bb#C3CE86&#8243; text_text_color__hover_enabled=\u00bboff|desktop\u00bb link_text_color__hover=\u00bb#C3CE86&#8243; link_text_color__hover_enabled=\u00bbon|hover\u00bb theme_builder_area=\u00bbpost_content\u00bb]<\/p>\n<p>Assistent d&#8217;investigaci\u00f3<\/p>\n<p>[\/et_pb_text][et_pb_text _builder_version=\u00bb4.27.6&#8243; _module_preset=\u00bbcb2a6a0e-36b0-4354-ad4b-7bab3bb244f1&#8243; link_font=\u00bbSpace Grotesk||||||||\u00bb text_orientation=\u00bbcenter\u00bb global_colors_info=\u00bb{}\u00bb link_text_color__hover_enabled=\u00bbon|hover\u00bb link_text_color__hover=\u00bb#C3CE86&#8243; text_text_color__hover_enabled=\u00bbon|hover\u00bb theme_builder_area=\u00bbpost_content\u00bb]<\/p>\n<div class=\"equipo__datos\" id=\"persona-370\">\n<p>Investigadora en neuroci\u00e8ncia amb formaci\u00f3 en neuroci\u00e8ncia cognitiva i recerca biom\u00e8dica, compta amb un m\u00e0ster per la NOVA Medical School. Ha desenvolupat la seva experi\u00e8ncia en entorns internacionals, incloent-hi feina a Espanya i als Pa\u00efsos Baixos, i ha participat en diversos projectes internacionals en neuroci\u00e8ncia. El seu treball se centra en l\u2019an\u00e0lisi d\u2019EEG, la neuroimatge i els estudis conductuals. Est\u00e0 especialment interessada a comprendre com els processos cerebrals es poden aplicar a contextos de la vida real.   <\/p>\n<\/div>\n<p class=\"equipo__enlace\"><a class=\"equipo_verdatos\" data-id=\"370\">Curr\u00edculum <\/a><\/p>\n<p>[\/et_pb_text][\/et_pb_column][et_pb_column type=\u00bb1_3&#8243; _builder_version=\u00bb4.16&#8243; _module_preset=\u00bbdefault\u00bb global_colors_info=\u00bb{}\u00bb theme_builder_area=\u00bbpost_content\u00bb][et_pb_image src=\u00bbhttps:\/\/inablab.org\/wp-content\/uploads\/2026\/03\/BRUNO.jpeg\u00bb alt=\u00bbBRUNO\u00bb title_text=\u00bbBRUNO\u00bb _builder_version=\u00bb4.27.6&#8243; _module_preset=\u00bbc8fc37d0-dbdb-4567-ae3d-9e2cd7de653d\u00bb filter_saturate=\u00bb0%\u00bb locked=\u00bboff\u00bb global_colors_info=\u00bb{}\u00bb theme_builder_area=\u00bbpost_content\u00bb][\/et_pb_image][et_pb_text _builder_version=\u00bb4.27.6&#8243; _module_preset=\u00bb976ffdb2-2d60-4a52-84d1-bcb0a69dc429&#8243; text_text_color=\u00bb#161616&#8243; text_font_size=\u00bb16px\u00bb link_font=\u00bbSpace Grotesk||||||||\u00bb link_text_color=\u00bb#0D264F\u00bb header_font=\u00bbSpace Grotesk||||||||\u00bb header_text_align=\u00bbcenter\u00bb header_text_color=\u00bb#FFFFFF\u00bb header_font_size=\u00bb50px\u00bb header_2_font=\u00bbSpace Grotesk|||on|||||\u00bb header_2_font_size=\u00bb40px\u00bb background_size=\u00bbinitial\u00bb background_position=\u00bbtop_left\u00bb background_repeat=\u00bbrepeat\u00bb text_orientation=\u00bbcenter\u00bb text_font_size_tablet=\u00bb16px\u00bb text_font_size_phone=\u00bb15px\u00bb text_font_size_last_edited=\u00bbon|phone\u00bb text_line_height_tablet=\u00bb\u00bb text_line_height_phone=\u00bb1.5em\u00bb text_line_height_last_edited=\u00bbon|phone\u00bb header_font_size_tablet=\u00bb40px\u00bb header_font_size_phone=\u00bb34px\u00bb header_font_size_last_edited=\u00bbon|phone\u00bb header_2_font_size_tablet=\u00bb40px\u00bb header_2_font_size_phone=\u00bb30px\u00bb header_2_font_size_last_edited=\u00bbon|phone\u00bb global_colors_info=\u00bb{}\u00bb text_text_color__hover=\u00bb#C3CE86&#8243; text_text_color__hover_enabled=\u00bbon|hover\u00bb link_text_color__hover=\u00bb#C3CE86&#8243; link_text_color__hover_enabled=\u00bbon|hover\u00bb theme_builder_area=\u00bbpost_content\u00bb]<\/p>\n<h3>Bruno Addiego<\/h3>\n<p>[\/et_pb_text][et_pb_text _builder_version=\u00bb4.27.4&#8243; _module_preset=\u00bbcb2a6a0e-36b0-4354-ad4b-7bab3bb244f1&#8243; text_font_size=\u00bb15px\u00bb link_font=\u00bbSpace Grotesk||||||||\u00bb text_orientation=\u00bbcenter\u00bb locked=\u00bboff\u00bb global_colors_info=\u00bb{}\u00bb text_text_color__hover=\u00bb#C3CE86&#8243; text_text_color__hover_enabled=\u00bboff|desktop\u00bb link_text_color__hover=\u00bb#C3CE86&#8243; link_text_color__hover_enabled=\u00bbon|hover\u00bb theme_builder_area=\u00bbpost_content\u00bb]<\/p>\n<p>Assistent d&#8217;investigaci\u00f3<\/p>\n<p>[\/et_pb_text][et_pb_text _builder_version=\u00bb4.27.6&#8243; _module_preset=\u00bbcb2a6a0e-36b0-4354-ad4b-7bab3bb244f1&#8243; link_font=\u00bbSpace Grotesk||||||||\u00bb text_orientation=\u00bbcenter\u00bb global_colors_info=\u00bb{}\u00bb link_text_color__hover_enabled=\u00bbon|hover\u00bb link_text_color__hover=\u00bb#C3CE86&#8243; text_text_color__hover_enabled=\u00bbon|hover\u00bb theme_builder_area=\u00bbpost_content\u00bb]<\/p>\n<div class=\"equipo__datos\" id=\"persona-374\">\n<p>Graduat en Enginyeria Biom\u00e8dica i amb un m\u00e0ster en neuroenginyeria, s\u2019incorpora a l\u2019INAB com a assistent de recerca. Participa en la part experimental dels estudis i en tasques de processament de senyals. La seva experi\u00e8ncia professional s\u2019ha centrat en el servei t\u00e8cnic i la reparaci\u00f3 d\u2019equips m\u00e8dics i de laboratori.  <\/p>\n<p><a href=\"https:\/\/orcid.org\/0000-0002-1999-0185\">Publicacions<\/a><\/p>\n<\/div>\n<p class=\"equipo__enlace\"><a class=\"equipo_verdatos\" data-id=\"374\">Curr\u00edculum <\/a><\/p>\n<p>[\/et_pb_text][\/et_pb_column][\/et_pb_row][et_pb_row column_structure=\u00bb1_3,1_3,1_3&#8243; disabled_on=\u00bboff|off|off\u00bb _builder_version=\u00bb4.27.6&#8243; _module_preset=\u00bbdefault\u00bb global_colors_info=\u00bb{}\u00bb theme_builder_area=\u00bbpost_content\u00bb][et_pb_column type=\u00bb1_3&#8243; _builder_version=\u00bb4.16&#8243; _module_preset=\u00bbdefault\u00bb global_colors_info=\u00bb{}\u00bb theme_builder_area=\u00bbpost_content\u00bb][et_pb_image src=\u00bbhttps:\/\/inablab.org\/wp-content\/uploads\/2025\/10\/Yas-47_EDIT.webp\u00bb alt=\u00bbYas 47 EDIT\u00bb title_text=\u00bbYas 47 EDIT\u00bb _builder_version=\u00bb4.27.4&#8243; _module_preset=\u00bbc8fc37d0-dbdb-4567-ae3d-9e2cd7de653d\u00bb filter_saturate=\u00bb0%\u00bb global_colors_info=\u00bb{}\u00bb theme_builder_area=\u00bbpost_content\u00bb][\/et_pb_image][et_pb_text _builder_version=\u00bb4.27.4&#8243; _module_preset=\u00bb976ffdb2-2d60-4a52-84d1-bcb0a69dc429&#8243; text_text_color=\u00bb#161616&#8243; text_font_size=\u00bb16px\u00bb link_font=\u00bbSpace Grotesk||||||||\u00bb link_text_color=\u00bb#0D264F\u00bb header_font=\u00bbSpace Grotesk||||||||\u00bb header_text_align=\u00bbcenter\u00bb header_text_color=\u00bb#FFFFFF\u00bb header_font_size=\u00bb50px\u00bb header_2_font=\u00bbSpace Grotesk|||on|||||\u00bb header_2_font_size=\u00bb40px\u00bb background_size=\u00bbinitial\u00bb background_position=\u00bbtop_left\u00bb background_repeat=\u00bbrepeat\u00bb text_orientation=\u00bbcenter\u00bb text_font_size_tablet=\u00bb16px\u00bb text_font_size_phone=\u00bb15px\u00bb text_font_size_last_edited=\u00bbon|phone\u00bb text_line_height_tablet=\u00bb\u00bb text_line_height_phone=\u00bb1.5em\u00bb text_line_height_last_edited=\u00bbon|phone\u00bb header_font_size_tablet=\u00bb40px\u00bb header_font_size_phone=\u00bb34px\u00bb header_font_size_last_edited=\u00bbon|phone\u00bb header_2_font_size_tablet=\u00bb40px\u00bb header_2_font_size_phone=\u00bb30px\u00bb header_2_font_size_last_edited=\u00bbon|phone\u00bb global_colors_info=\u00bb{}\u00bb text_text_color__hover=\u00bb#C3CE86&#8243; text_text_color__hover_enabled=\u00bbon|hover\u00bb link_text_color__hover=\u00bb#C3CE86&#8243; link_text_color__hover_enabled=\u00bbon|hover\u00bb theme_builder_area=\u00bbpost_content\u00bb]<\/p>\n<h3>Yasmina Navarrete<\/h3>\n<p>[\/et_pb_text][et_pb_text _builder_version=\u00bb4.27.4&#8243; _module_preset=\u00bbcb2a6a0e-36b0-4354-ad4b-7bab3bb244f1&#8243; text_font_size=\u00bb15px\u00bb link_font=\u00bbSpace Grotesk||||||||\u00bb text_orientation=\u00bbcenter\u00bb locked=\u00bboff\u00bb global_colors_info=\u00bb{}\u00bb text_text_color__hover=\u00bb#C3CE86&#8243; text_text_color__hover_enabled=\u00bboff|desktop\u00bb link_text_color__hover=\u00bb#C3CE86&#8243; link_text_color__hover_enabled=\u00bbon|hover\u00bb theme_builder_area=\u00bbpost_content\u00bb]<\/p>\n<p>Coordinadora de Comunicaci\u00f3<\/p>\n<p>[\/et_pb_text][et_pb_text _builder_version=\u00bb4.27.5&#8243; _module_preset=\u00bbcb2a6a0e-36b0-4354-ad4b-7bab3bb244f1&#8243; link_font=\u00bbSpace Grotesk||||||||\u00bb text_orientation=\u00bbcenter\u00bb global_colors_info=\u00bb{}\u00bb link_text_color__hover_enabled=\u00bbon|hover\u00bb link_text_color__hover=\u00bb#C3CE86&#8243; text_text_color__hover_enabled=\u00bbon|hover\u00bb theme_builder_area=\u00bbpost_content\u00bb]<\/p>\n<div class=\"equipo__datos\" id=\"persona-177\">\n<p>Graduada en Relacions P\u00fabliques i Publicitat per la Universitat Ramon Llull, amb 18 anys d\u2019experi\u00e8ncia en comunicaci\u00f3 dins del sector de la salut, aix\u00ed com en l\u2019organitzaci\u00f3 d\u2019esdeveniments, retirs i projectes orientats al benestar. Terapeuta Gestalt amb perspectiva de g\u00e8nere i trauma, actualment cursa el Grau en Psicologia. Formada tamb\u00e9 en Visi\u00f3 Extraocular al Centre Escreix. Profundament interessada en el desenvolupament hum\u00e0 i els processos de transformaci\u00f3 personal.   <\/p>\n<\/div>\n<p class=\"equipo__enlace\"><a class=\"equipo_verdatos\" data-id=\"177\">Curr\u00edculum <\/a><\/p>\n<p>[\/et_pb_text][\/et_pb_column][et_pb_column type=\u00bb1_3&#8243; _builder_version=\u00bb4.16&#8243; _module_preset=\u00bbdefault\u00bb global_colors_info=\u00bb{}\u00bb theme_builder_area=\u00bbpost_content\u00bb][et_pb_image src=\u00bbhttps:\/\/inablab.org\/wp-content\/uploads\/2025\/10\/Diana-44.webp\u00bb alt=\u00bbDiana 44&#8243; title_text=\u00bbDiana 44&#8243; _builder_version=\u00bb4.27.4&#8243; _module_preset=\u00bbc8fc37d0-dbdb-4567-ae3d-9e2cd7de653d\u00bb filter_saturate=\u00bb0%\u00bb locked=\u00bboff\u00bb global_colors_info=\u00bb{}\u00bb theme_builder_area=\u00bbpost_content\u00bb][\/et_pb_image][et_pb_text _builder_version=\u00bb4.27.4&#8243; _module_preset=\u00bb976ffdb2-2d60-4a52-84d1-bcb0a69dc429&#8243; text_text_color=\u00bb#161616&#8243; text_font_size=\u00bb16px\u00bb link_font=\u00bbSpace Grotesk||||||||\u00bb link_text_color=\u00bb#0D264F\u00bb header_font=\u00bbSpace Grotesk||||||||\u00bb header_text_align=\u00bbcenter\u00bb header_text_color=\u00bb#FFFFFF\u00bb header_font_size=\u00bb50px\u00bb header_2_font=\u00bbSpace Grotesk|||on|||||\u00bb header_2_font_size=\u00bb40px\u00bb background_size=\u00bbinitial\u00bb background_position=\u00bbtop_left\u00bb background_repeat=\u00bbrepeat\u00bb text_orientation=\u00bbcenter\u00bb text_font_size_tablet=\u00bb16px\u00bb text_font_size_phone=\u00bb15px\u00bb text_font_size_last_edited=\u00bbon|phone\u00bb text_line_height_tablet=\u00bb\u00bb text_line_height_phone=\u00bb1.5em\u00bb text_line_height_last_edited=\u00bbon|phone\u00bb header_font_size_tablet=\u00bb40px\u00bb header_font_size_phone=\u00bb34px\u00bb header_font_size_last_edited=\u00bbon|phone\u00bb header_2_font_size_tablet=\u00bb40px\u00bb header_2_font_size_phone=\u00bb30px\u00bb header_2_font_size_last_edited=\u00bbon|phone\u00bb locked=\u00bboff\u00bb global_colors_info=\u00bb{}\u00bb text_text_color__hover=\u00bb#C3CE86&#8243; text_text_color__hover_enabled=\u00bbon|hover\u00bb link_text_color__hover=\u00bb#C3CE86&#8243; link_text_color__hover_enabled=\u00bbon|hover\u00bb theme_builder_area=\u00bbpost_content\u00bb]<\/p>\n<h3 class=\"p1\">Diana Perea<\/h3>\n<p>[\/et_pb_text][et_pb_text _builder_version=\u00bb4.27.4&#8243; _module_preset=\u00bbcb2a6a0e-36b0-4354-ad4b-7bab3bb244f1&#8243; text_font_size=\u00bb15px\u00bb link_font=\u00bbSpace Grotesk||||||||\u00bb text_orientation=\u00bbcenter\u00bb locked=\u00bboff\u00bb global_colors_info=\u00bb{}\u00bb text_text_color__hover=\u00bb#C3CE86&#8243; text_text_color__hover_enabled=\u00bboff|desktop\u00bb link_text_color__hover=\u00bb#C3CE86&#8243; link_text_color__hover_enabled=\u00bbon|hover\u00bb theme_builder_area=\u00bbpost_content\u00bb]<\/p>\n<p>Gesti\u00f3 i voluntariat<\/p>\n<p>[\/et_pb_text][et_pb_text _builder_version=\u00bb4.27.5&#8243; _module_preset=\u00bbcb2a6a0e-36b0-4354-ad4b-7bab3bb244f1&#8243; link_font=\u00bbSpace Grotesk||||||||\u00bb text_orientation=\u00bbcenter\u00bb locked=\u00bboff\u00bb global_colors_info=\u00bb{}\u00bb link_text_color__hover_enabled=\u00bbon|hover\u00bb link_text_color__hover=\u00bb#C3CE86&#8243; text_text_color__hover_enabled=\u00bbon|hover\u00bb theme_builder_area=\u00bbpost_content\u00bb]<\/p>\n<div class=\"equipo__datos\" id=\"persona-175\">\n<p>Especialista en gesti\u00f3 de projectes, amb un m\u00e0ster en Joventut i Societat i \u00e0mplia experi\u00e8ncia en la coordinaci\u00f3 de serveis socioeducatius. Experta en coordinaci\u00f3 d\u2019equips i facilitaci\u00f3 de recursos. Assessora, formadora i facilitadora de grups. Combina una perspectiva global i orientada a objectius amb un perfil professional vers\u00e0til i creatiu. Treballa des de l\u2019empatia, la curiositat i un esperit col\u00b7laboratiu per fomentar la cohesi\u00f3 i la motivaci\u00f3 dins l\u2019entorn laboral.    <\/p>\n<\/div>\n<p class=\"equipo__enlace\"><a class=\"equipo_verdatos\" data-id=\"175\">Curr\u00edculum <\/a><\/p>\n<p>[\/et_pb_text][\/et_pb_column][et_pb_column type=\u00bb1_3&#8243; _builder_version=\u00bb4.27.4&#8243; _module_preset=\u00bbdefault\u00bb global_colors_info=\u00bb{}\u00bb theme_builder_area=\u00bbpost_content\u00bb][et_pb_image src=\u00bbhttps:\/\/inablab.org\/wp-content\/uploads\/2025\/10\/denisa-marra.webp\u00bb alt=\u00bbdenisa marra\u00bb title_text=\u00bbdenisa marra\u00bb _builder_version=\u00bb4.27.4&#8243; _module_preset=\u00bbc8fc37d0-dbdb-4567-ae3d-9e2cd7de653d\u00bb filter_saturate=\u00bb0%\u00bb global_colors_info=\u00bb{}\u00bb theme_builder_area=\u00bbpost_content\u00bb][\/et_pb_image][et_pb_text _builder_version=\u00bb4.27.4&#8243; _module_preset=\u00bb976ffdb2-2d60-4a52-84d1-bcb0a69dc429&#8243; text_text_color=\u00bb#161616&#8243; text_font_size=\u00bb16px\u00bb link_font=\u00bbSpace Grotesk||||||||\u00bb link_text_color=\u00bb#0D264F\u00bb header_font=\u00bbSpace Grotesk||||||||\u00bb header_text_align=\u00bbcenter\u00bb header_text_color=\u00bb#FFFFFF\u00bb header_font_size=\u00bb50px\u00bb header_2_font=\u00bbSpace Grotesk|||on|||||\u00bb header_2_font_size=\u00bb40px\u00bb background_size=\u00bbinitial\u00bb background_position=\u00bbtop_left\u00bb background_repeat=\u00bbrepeat\u00bb text_orientation=\u00bbcenter\u00bb text_font_size_tablet=\u00bb16px\u00bb text_font_size_phone=\u00bb15px\u00bb text_font_size_last_edited=\u00bbon|phone\u00bb text_line_height_tablet=\u00bb\u00bb text_line_height_phone=\u00bb1.5em\u00bb text_line_height_last_edited=\u00bbon|phone\u00bb header_font_size_tablet=\u00bb40px\u00bb header_font_size_phone=\u00bb34px\u00bb header_font_size_last_edited=\u00bbon|phone\u00bb header_2_font_size_tablet=\u00bb40px\u00bb header_2_font_size_phone=\u00bb30px\u00bb header_2_font_size_last_edited=\u00bbon|phone\u00bb global_colors_info=\u00bb{}\u00bb text_text_color__hover=\u00bb#C3CE86&#8243; text_text_color__hover_enabled=\u00bbon|hover\u00bb link_text_color__hover=\u00bb#C3CE86&#8243; link_text_color__hover_enabled=\u00bbon|hover\u00bb theme_builder_area=\u00bbpost_content\u00bb]<\/p>\n<h3 class=\"p1\">Denisa Marra<\/h3>\n<p>[\/et_pb_text][et_pb_text _builder_version=\u00bb4.27.4&#8243; _module_preset=\u00bbcb2a6a0e-36b0-4354-ad4b-7bab3bb244f1&#8243; text_font_size=\u00bb15px\u00bb link_font=\u00bbSpace Grotesk||||||||\u00bb text_orientation=\u00bbcenter\u00bb locked=\u00bboff\u00bb global_colors_info=\u00bb{}\u00bb text_text_color__hover=\u00bb#C3CE86&#8243; text_text_color__hover_enabled=\u00bboff|desktop\u00bb link_text_color__hover=\u00bb#C3CE86&#8243; link_text_color__hover_enabled=\u00bbon|hover\u00bb theme_builder_area=\u00bbpost_content\u00bb]<\/p>\n<p>T\u00e8cnica gesti\u00f3<\/p>\n<p>[\/et_pb_text][et_pb_text _builder_version=\u00bb4.27.5&#8243; _module_preset=\u00bbcb2a6a0e-36b0-4354-ad4b-7bab3bb244f1&#8243; link_font=\u00bbSpace Grotesk||||||||\u00bb text_orientation=\u00bbcenter\u00bb global_colors_info=\u00bb{}\u00bb link_text_color__hover_enabled=\u00bbon|hover\u00bb link_text_color__hover=\u00bb#C3CE86&#8243; text_text_color__hover_enabled=\u00bbon|hover\u00bb theme_builder_area=\u00bbpost_content\u00bb]<\/p>\n<div class=\"equipo__datos\" id=\"persona-176\">\n<p>Graduada en Administraci\u00f3 P\u00fablica (Universitat Panteion) i amb un m\u00e0ster en Educaci\u00f3 i Drets Humans (Universitat Nacional i Kapodistr\u00edaca). Especialitzada en igualtat de g\u00e8nere, intervenci\u00f3 educativa i desenvolupament emocional a trav\u00e9s de l\u2019art, amb formaci\u00f3 en intel\u00b7lig\u00e8ncia emocional. Disposa d\u2019experi\u00e8ncia en administraci\u00f3 (Parlament Hel\u00b7l\u00e8nic) i gesti\u00f3 de projectes en organitzacions del tercer sector. Compromesa amb la inclusi\u00f3 social, la igualtat i la integraci\u00f3 d\u2019una perspectiva de drets humans en tots els seus projectes.   <\/p>\n<\/div>\n<p class=\"equipo__enlace\"><a class=\"equipo_verdatos\" data-id=\"176\">Curr\u00edculum <\/a><\/p>\n<p>[\/et_pb_text][\/et_pb_column][\/et_pb_row][et_pb_row column_structure=\u00bb1_3,1_3,1_3&#8243; disabled_on=\u00bboff|off|off\u00bb _builder_version=\u00bb4.27.6&#8243; _module_preset=\u00bbdefault\u00bb global_colors_info=\u00bb{}\u00bb theme_builder_area=\u00bbpost_content\u00bb][et_pb_column type=\u00bb1_3&#8243; _builder_version=\u00bb4.16&#8243; _module_preset=\u00bbdefault\u00bb global_colors_info=\u00bb{}\u00bb theme_builder_area=\u00bbpost_content\u00bb][et_pb_image src=\u00bbhttps:\/\/inablab.org\/wp-content\/uploads\/2026\/03\/LLEIR.jpg\u00bb alt=\u00bbLLEIR\u00bb title_text=\u00bbLLEIR\u00bb _builder_version=\u00bb4.27.6&#8243; _module_preset=\u00bbc8fc37d0-dbdb-4567-ae3d-9e2cd7de653d\u00bb filter_saturate=\u00bb0%\u00bb global_colors_info=\u00bb{}\u00bb theme_builder_area=\u00bbpost_content\u00bb][\/et_pb_image][et_pb_text _builder_version=\u00bb4.27.6&#8243; _module_preset=\u00bb976ffdb2-2d60-4a52-84d1-bcb0a69dc429&#8243; text_text_color=\u00bb#161616&#8243; text_font_size=\u00bb16px\u00bb link_font=\u00bbSpace Grotesk||||||||\u00bb link_text_color=\u00bb#0D264F\u00bb header_font=\u00bbSpace Grotesk||||||||\u00bb header_text_align=\u00bbcenter\u00bb header_text_color=\u00bb#FFFFFF\u00bb header_font_size=\u00bb50px\u00bb header_2_font=\u00bbSpace Grotesk|||on|||||\u00bb header_2_font_size=\u00bb40px\u00bb background_size=\u00bbinitial\u00bb background_position=\u00bbtop_left\u00bb background_repeat=\u00bbrepeat\u00bb text_orientation=\u00bbcenter\u00bb text_font_size_tablet=\u00bb16px\u00bb text_font_size_phone=\u00bb15px\u00bb text_font_size_last_edited=\u00bbon|phone\u00bb text_line_height_tablet=\u00bb\u00bb text_line_height_phone=\u00bb1.5em\u00bb text_line_height_last_edited=\u00bbon|phone\u00bb header_font_size_tablet=\u00bb40px\u00bb header_font_size_phone=\u00bb34px\u00bb header_font_size_last_edited=\u00bbon|phone\u00bb header_2_font_size_tablet=\u00bb40px\u00bb header_2_font_size_phone=\u00bb30px\u00bb header_2_font_size_last_edited=\u00bbon|phone\u00bb global_colors_info=\u00bb{}\u00bb text_text_color__hover=\u00bb#C3CE86&#8243; text_text_color__hover_enabled=\u00bbon|hover\u00bb link_text_color__hover=\u00bb#C3CE86&#8243; link_text_color__hover_enabled=\u00bbon|hover\u00bb theme_builder_area=\u00bbpost_content\u00bb]<\/p>\n<h3>Lle\u00efr Massana<\/h3>\n<p>[\/et_pb_text][et_pb_text _builder_version=\u00bb4.27.6&#8243; _module_preset=\u00bbcb2a6a0e-36b0-4354-ad4b-7bab3bb244f1&#8243; text_font_size=\u00bb15px\u00bb link_font=\u00bbSpace Grotesk||||||||\u00bb text_orientation=\u00bbcenter\u00bb locked=\u00bboff\u00bb global_colors_info=\u00bb{}\u00bb text_text_color__hover=\u00bb#C3CE86&#8243; text_text_color__hover_enabled=\u00bboff|desktop\u00bb link_text_color__hover=\u00bb#C3CE86&#8243; link_text_color__hover_enabled=\u00bbon|hover\u00bb theme_builder_area=\u00bbpost_content\u00bb]<\/p>\n<p>Dissenyador gr\u00e0fic<\/p>\n<p>[\/et_pb_text][et_pb_text _builder_version=\u00bb4.27.6&#8243; _module_preset=\u00bbcb2a6a0e-36b0-4354-ad4b-7bab3bb244f1&#8243; link_font=\u00bbSpace Grotesk||||||||\u00bb text_orientation=\u00bbcenter\u00bb global_colors_info=\u00bb{}\u00bb link_text_color__hover_enabled=\u00bbon|hover\u00bb link_text_color__hover=\u00bb#C3CE86&#8243; text_text_color__hover_enabled=\u00bbon|hover\u00bb theme_builder_area=\u00bbpost_content\u00bb]<\/p>\n<div class=\"equipo__datos\" id=\"persona-277\">\n<p>Dissenyador gr\u00e0fic amb m\u00e9s de 10 anys d\u2019experi\u00e8ncia en comunicaci\u00f3 visual, videografia i m\u00e0rqueting digital. Ha treballat en el desenvolupament de marques a trav\u00e9s de diferents formats, des d\u2019identitat visual i producci\u00f3 audiovisual fins a campanyes publicit\u00e0ries per a web, r\u00e0dio i televisi\u00f3. El seu treball se centra a crear peces visuals que combinen impacte est\u00e8tic i funcionalitat comunicativa.  <\/p>\n<\/div>\n<p class=\"equipo__enlace\"><a class=\"equipo_verdatos\" data-id=\"277\">Curr\u00edculum <\/a><\/p>\n<p>[\/et_pb_text][\/et_pb_column][et_pb_column type=\u00bb1_3&#8243; _builder_version=\u00bb4.16&#8243; _module_preset=\u00bbdefault\u00bb global_colors_info=\u00bb{}\u00bb theme_builder_area=\u00bbpost_content\u00bb][\/et_pb_column][et_pb_column type=\u00bb1_3&#8243; _builder_version=\u00bb4.27.4&#8243; _module_preset=\u00bbdefault\u00bb global_colors_info=\u00bb{}\u00bb theme_builder_area=\u00bbpost_content\u00bb][\/et_pb_column][\/et_pb_row][\/et_pb_section][et_pb_section fb_built=\u00bb1&#8243; admin_label=\u00bbSection\u00bb module_id=\u00bbcolaboradors\u00bb _builder_version=\u00bb4.27.2&#8243; _module_preset=\u00bbdefault\u00bb background_enable_image=\u00bboff\u00bb custom_margin=\u00bb-1px||||false|false\u00bb custom_padding=\u00bb0px||0px|||\u00bb da_popup_slug=\u00bbcolaboradores\u00bb da_disable_devices=\u00bboff|off|off\u00bb global_colors_info=\u00bb{}\u00bb theme_builder_area=\u00bbpost_content\u00bb da_is_popup=\u00bboff\u00bb da_exit_intent=\u00bboff\u00bb da_has_close=\u00bbon\u00bb da_alt_close=\u00bboff\u00bb da_dark_close=\u00bboff\u00bb da_not_modal=\u00bbon\u00bb da_is_singular=\u00bboff\u00bb da_with_loader=\u00bboff\u00bb da_has_shadow=\u00bbon\u00bb][et_pb_row custom_padding_last_edited=\u00bbon|phone\u00bb _builder_version=\u00bb4.27.2&#8243; _module_preset=\u00bbdefault\u00bb background_image=\u00bbhttps:\/\/inablab.org\/wp-content\/uploads\/2024\/11\/INAB_Logotipos-verde-25.png\u00bb background_size=\u00bbcontain\u00bb min_height=\u00bb193.3px\u00bb custom_padding=\u00bb33px||33px||true|false\u00bb custom_padding_tablet=\u00bb90px||90px||true|false\u00bb custom_padding_phone=\u00bb50px||50px||true|false\u00bb global_colors_info=\u00bb{}\u00bb theme_builder_area=\u00bbpost_content\u00bb][et_pb_column type=\u00bb4_4&#8243; _builder_version=\u00bb4.27.2&#8243; _module_preset=\u00bbdefault\u00bb global_colors_info=\u00bb{}\u00bb theme_builder_area=\u00bbpost_content\u00bb][et_pb_text _builder_version=\u00bb4.27.2&#8243; _module_preset=\u00bbcb2a6a0e-36b0-4354-ad4b-7bab3bb244f1&#8243; header_2_font=\u00bb|||on|||||\u00bb header_2_text_align=\u00bbcenter\u00bb global_colors_info=\u00bb{}\u00bb theme_builder_area=\u00bbpost_content\u00bb]<\/p>\n<h2>Els nostres col\u00b7laboradors<\/h2>\n<p>[\/et_pb_text][et_pb_text _builder_version=\u00bb4.27.2&#8243; _module_preset=\u00bbcb2a6a0e-36b0-4354-ad4b-7bab3bb244f1&#8243; text_orientation=\u00bbcenter\u00bb global_colors_info=\u00bb{}\u00bb theme_builder_area=\u00bbpost_content\u00bb]<\/p>\n<p>Des del INAB estem oberts a col\u00b7laboracions amb empreses i institucions que comparteixin el nostre prop\u00f2sit i la nostra passi\u00f3 per la ci\u00e8ncia. Si est\u00e0s interessat a col\u00b7laborar amb nosaltres, si us plau, posa&#8217;t en contacte a trav\u00e9s del correu electr\u00f2nic: <a href=\"mailto:info@inablab.org\"><strong>info@inablab.org<\/strong><\/a>. <\/p>\n<p>[\/et_pb_text][\/et_pb_column][\/et_pb_row][et_pb_row column_structure=\u00bb1_5,1_5,1_5,1_5,1_5&#8243; disabled_on=\u00bbon|on|off\u00bb _builder_version=\u00bb4.27.6&#8243; _module_preset=\u00bbdefault\u00bb global_colors_info=\u00bb{}\u00bb theme_builder_area=\u00bbpost_content\u00bb][et_pb_column type=\u00bb1_5&#8243; _builder_version=\u00bb4.27.6&#8243; _module_preset=\u00bbdefault\u00bb global_colors_info=\u00bb{}\u00bb theme_builder_area=\u00bbpost_content\u00bb][et_pb_image src=\u00bbhttps:\/\/inablab.org\/wp-content\/uploads\/2024\/11\/Logos-en-azul_Mesa-de-trabajo-1.jpg\u00bb alt=\u00bbLogos en blau Taula de treball 1&#8243; title_text=\u00bbLogos en blau Taula de treball 1&#8243; url=\u00bbhttps:\/\/www.norrsken.org\/\u00bb url_new_window=\u00bbon\u00bb _builder_version=\u00bb4.27.4&#8243; _module_preset=\u00bbdefault\u00bb global_colors_info=\u00bb{}\u00bb theme_builder_area=\u00bbpost_content\u00bb][\/et_pb_image][\/et_pb_column][et_pb_column type=\u00bb1_5&#8243; _builder_version=\u00bb4.27.6&#8243; _module_preset=\u00bbdefault\u00bb global_colors_info=\u00bb{}\u00bb theme_builder_area=\u00bbpost_content\u00bb][et_pb_image src=\u00bbhttps:\/\/inablab.org\/wp-content\/uploads\/2024\/11\/Logos-en-azul-05.jpg\u00bb alt=\u00bbLogos en blau 05&#8243; title_text=\u00bbLogos en blau 05&#8243; url=\u00bbhttps:\/\/consciousnesscenter.arizona.edu\/\u00bb url_new_window=\u00bbon\u00bb _builder_version=\u00bb4.27.4&#8243; _module_preset=\u00bbdefault\u00bb global_colors_info=\u00bb{}\u00bb theme_builder_area=\u00bbpost_content\u00bb][\/et_pb_image][\/et_pb_column][et_pb_column type=\u00bb1_5&#8243; _builder_version=\u00bb4.27.6&#8243; _module_preset=\u00bbdefault\u00bb global_colors_info=\u00bb{}\u00bb theme_builder_area=\u00bbpost_content\u00bb][et_pb_image src=\u00bbhttps:\/\/inablab.org\/wp-content\/uploads\/2024\/11\/Logos-en-azul-04.jpg\u00bb alt=\u00bbLogos en blau 04&#8243; title_text=\u00bbLogos en blau 04&#8243; url=\u00bbhttps:\/\/www.ua.es\/\u00bb url_new_window=\u00bbon\u00bb _builder_version=\u00bb4.27.4&#8243; _module_preset=\u00bbdefault\u00bb global_colors_info=\u00bb{}\u00bb theme_builder_area=\u00bbpost_content\u00bb][\/et_pb_image][\/et_pb_column][et_pb_column type=\u00bb1_5&#8243; _builder_version=\u00bb4.27.6&#8243; _module_preset=\u00bbdefault\u00bb global_colors_info=\u00bb{}\u00bb theme_builder_area=\u00bbpost_content\u00bb][et_pb_image src=\u00bbhttps:\/\/inablab.org\/wp-content\/uploads\/2024\/11\/Logos-en-azul-03.jpg\u00bb alt=\u00bbLogos en blau 03&#8243; title_text=\u00bbLogos en blau 03&#8243; url=\u00bbhttps:\/\/thefestivalofconsciousness.org\/ca\/\u00bb url_new_window=\u00bbon\u00bb _builder_version=\u00bb4.27.4&#8243; _module_preset=\u00bbdefault\u00bb custom_padding=\u00bb||1px|||\u00bb global_colors_info=\u00bb{}\u00bb theme_builder_area=\u00bbpost_content\u00bb][\/et_pb_image][\/et_pb_column][et_pb_column type=\u00bb1_5&#8243; _builder_version=\u00bb4.27.6&#8243; _module_preset=\u00bbdefault\u00bb global_colors_info=\u00bb{}\u00bb theme_builder_area=\u00bbpost_content\u00bb][et_pb_image src=\u00bbhttps:\/\/inablab.org\/wp-content\/uploads\/2024\/11\/Logos-en-azul-02.jpg\u00bb alt=\u00bbLogos en blau 02&#8243; title_text=\u00bbLogos en blau 02&#8243; url=\u00bbhttps:\/\/ecocero.com\/\u00bb url_new_window=\u00bbon\u00bb _builder_version=\u00bb4.27.4&#8243; _module_preset=\u00bbdefault\u00bb max_width=\u00bb150px\u00bb global_colors_info=\u00bb{}\u00bb theme_builder_area=\u00bbpost_content\u00bb][\/et_pb_image][\/et_pb_column][\/et_pb_row][et_pb_row column_structure=\u00bb1_5,1_5,1_5,1_5,1_5&#8243; disabled_on=\u00bbon|on|off\u00bb _builder_version=\u00bb4.27.6&#8243; _module_preset=\u00bbdefault\u00bb global_colors_info=\u00bb{}\u00bb theme_builder_area=\u00bbpost_content\u00bb][et_pb_column type=\u00bb1_5&#8243; _builder_version=\u00bb4.27.6&#8243; _module_preset=\u00bbdefault\u00bb global_colors_info=\u00bb{}\u00bb theme_builder_area=\u00bbpost_content\u00bb][et_pb_image src=\u00bbhttps:\/\/inablab.org\/wp-content\/uploads\/2026\/04\/ELISAVA.png\u00bb alt=\u00bbELISAVA\u00bb title_text=\u00bbELISAVA\u00bb url=\u00bbhttps:\/\/www.norrsken.org\/\u00bb url_new_window=\u00bbon\u00bb _builder_version=\u00bb4.27.6&#8243; _module_preset=\u00bbdefault\u00bb global_colors_info=\u00bb{}\u00bb theme_builder_area=\u00bbpost_content\u00bb][\/et_pb_image][\/et_pb_column][et_pb_column type=\u00bb1_5&#8243; _builder_version=\u00bb4.27.6&#8243; _module_preset=\u00bbdefault\u00bb global_colors_info=\u00bb{}\u00bb theme_builder_area=\u00bbpost_content\u00bb][et_pb_image src=\u00bbhttps:\/\/inablab.org\/wp-content\/uploads\/2026\/04\/ESRP-1-scaled.png\u00bb alt=\u00bbESRP\u00bb title_text=\u00bbESRP\u00bb url=\u00bbhttps:\/\/consciousnesscenter.arizona.edu\/\u00bb url_new_window=\u00bbon\u00bb _builder_version=\u00bb4.27.6&#8243; _module_preset=\u00bbdefault\u00bb global_colors_info=\u00bb{}\u00bb theme_builder_area=\u00bbpost_content\u00bb][\/et_pb_image][\/et_pb_column][et_pb_column type=\u00bb1_5&#8243; _builder_version=\u00bb4.27.6&#8243; _module_preset=\u00bbdefault\u00bb global_colors_info=\u00bb{}\u00bb theme_builder_area=\u00bbpost_content\u00bb][et_pb_image src=\u00bbhttps:\/\/inablab.org\/wp-content\/uploads\/2026\/04\/UAB.png\u00bb alt=\u00bbUAB\u00bb title_text=\u00bbUAB\u00bb url=\u00bbhttps:\/\/thefestivalofconsciousness.org\/ca\/\u00bb url_new_window=\u00bbon\u00bb _builder_version=\u00bb4.27.6&#8243; _module_preset=\u00bbdefault\u00bb custom_padding=\u00bb||1px|||\u00bb global_colors_info=\u00bb{}\u00bb theme_builder_area=\u00bbpost_content\u00bb][\/et_pb_image][\/et_pb_column][et_pb_column type=\u00bb1_5&#8243; _builder_version=\u00bb4.27.6&#8243; _module_preset=\u00bbdefault\u00bb global_colors_info=\u00bb{}\u00bb theme_builder_area=\u00bbpost_content\u00bb][et_pb_image src=\u00bbhttps:\/\/inablab.org\/wp-content\/uploads\/2025\/02\/logo-webempresa-azul.png\u00bb alt=\u00bblogo webempresa azul\u00bb title_text=\u00bblogo webempresa azul\u00bb url=\u00bbhttps:\/\/www.webempresa.com\/social\/directorio-webempresa-social.html\u00bb url_new_window=\u00bbon\u00bb force_fullwidth=\u00bbon\u00bb _builder_version=\u00bb4.27.4&#8243; _module_preset=\u00bbdefault\u00bb custom_margin=\u00bb||11px|||\u00bb global_colors_info=\u00bb{}\u00bb theme_builder_area=\u00bbpost_content\u00bb][\/et_pb_image][\/et_pb_column][et_pb_column type=\u00bb1_5&#8243; _builder_version=\u00bb4.27.6&#8243; _module_preset=\u00bbdefault\u00bb global_colors_info=\u00bb{}\u00bb theme_builder_area=\u00bbpost_content\u00bb][et_pb_image src=\u00bbhttps:\/\/inablab.org\/wp-content\/uploads\/2026\/04\/Hospital-del-mar.png\u00bb alt=\u00bbHospital de la mar\u00bb title_text=\u00bbHospital de la mar\u00bb url=\u00bbhttps:\/\/www.norrsken.org\/\u00bb url_new_window=\u00bbon\u00bb _builder_version=\u00bb4.27.6&#8243; _module_preset=\u00bbdefault\u00bb global_colors_info=\u00bb{}\u00bb theme_builder_area=\u00bbpost_content\u00bb][\/et_pb_image][\/et_pb_column][\/et_pb_row][\/et_pb_section][et_pb_section fb_built=\u00bb1&#8243; admin_label=\u00bbSection\u00bb _builder_version=\u00bb4.27.2&#8243; _module_preset=\u00bbdefault\u00bb custom_padding=\u00bb0px||0px||true|false\u00bb da_disable_devices=\u00bboff|off|off\u00bb global_colors_info=\u00bb{}\u00bb theme_builder_area=\u00bbpost_content\u00bb da_is_popup=\u00bboff\u00bb da_exit_intent=\u00bboff\u00bb da_has_close=\u00bbon\u00bb da_alt_close=\u00bboff\u00bb da_dark_close=\u00bboff\u00bb da_not_modal=\u00bbon\u00bb da_is_singular=\u00bboff\u00bb da_with_loader=\u00bboff\u00bb da_has_shadow=\u00bbon\u00bb][et_pb_row disabled_on=\u00bboff|off|on\u00bb _builder_version=\u00bb4.27.6&#8243; _module_preset=\u00bbdefault\u00bb width=\u00bb90%\u00bb max_width=\u00bb2560px\u00bb global_colors_info=\u00bb{}\u00bb theme_builder_area=\u00bbpost_content\u00bb][et_pb_column type=\u00bb4_4&#8243; _builder_version=\u00bb4.27.2&#8243; _module_preset=\u00bbdefault\u00bb global_colors_info=\u00bb{}\u00bb theme_builder_area=\u00bbpost_content\u00bb][dipl_logo_slider logo_per_slide=\u00bb2&#8243; show_control_dot=\u00bboff\u00bb arrow_color=\u00bb#8ec1f4&#8243; logo_per_slide_tablet=\u00bb2&#8243; logo_per_slide_phone=\u00bb1&#8243; _builder_version=\u00bb4.27.6&#8243; _module_preset=\u00bbdefault\u00bb global_colors_info=\u00bb{}\u00bb theme_builder_area=\u00bbpost_content\u00bb][dipl_logo_slider_item logo_alt=\u00bbnorrsken\u00bb upload_logo_image=\u00bbhttps:\/\/inablab.org\/wp-content\/uploads\/2024\/11\/Logos-en-azul_Mesa-de-trabajo-1.jpg\u00bb _builder_version=\u00bb4.27.2&#8243; _module_preset=\u00bbdefault\u00bb global_colors_info=\u00bb{}\u00bb theme_builder_area=\u00bbpost_content\u00bb][\/dipl_logo_slider_item][dipl_logo_slider_item logo_alt=\u00bbuniversitat\u00bb upload_logo_image=\u00bbhttps:\/\/inablab.org\/wp-content\/uploads\/2024\/11\/Logos-en-azul-04.jpg\u00bb _builder_version=\u00bb4.27.2&#8243; _module_preset=\u00bbdefault\u00bb global_colors_info=\u00bb{}\u00bb theme_builder_area=\u00bbpost_content\u00bb][\/dipl_logo_slider_item][dipl_logo_slider_item logo_alt=\u00bbarizona\u00bb upload_logo_image=\u00bbhttps:\/\/inablab.org\/wp-content\/uploads\/2024\/11\/Logos-en-azul-05.jpg\u00bb _builder_version=\u00bb4.27.2&#8243; _module_preset=\u00bbdefault\u00bb global_colors_info=\u00bb{}\u00bb theme_builder_area=\u00bbpost_content\u00bb][\/dipl_logo_slider_item][dipl_logo_slider_item logo_alt=\u00bbfestival\u00bb upload_logo_image=\u00bbhttps:\/\/inablab.org\/wp-content\/uploads\/2024\/11\/Logos-en-azul-03.jpg\u00bb _builder_version=\u00bb4.27.2&#8243; _module_preset=\u00bbdefault\u00bb global_colors_info=\u00bb{}\u00bb theme_builder_area=\u00bbpost_content\u00bb][\/dipl_logo_slider_item][dipl_logo_slider_item logo_alt=\u00bbeco\u00bb upload_logo_image=\u00bbhttps:\/\/inablab.org\/wp-content\/uploads\/2024\/11\/Logos-en-azul-02.jpg\u00bb _builder_version=\u00bb4.27.2&#8243; _module_preset=\u00bbdefault\u00bb global_colors_info=\u00bb{}\u00bb theme_builder_area=\u00bbpost_content\u00bb][\/dipl_logo_slider_item][dipl_logo_slider_item logo_alt=\u00bbUAB\u00bb upload_logo_image=\u00bbhttps:\/\/inablab.org\/wp-content\/uploads\/2026\/04\/UAB.png\u00bb _builder_version=\u00bb4.27.6&#8243; _module_preset=\u00bbdefault\u00bb global_colors_info=\u00bb{}\u00bb theme_builder_area=\u00bbpost_content\u00bb][\/dipl_logo_slider_item][dipl_logo_slider_item logo_alt=\u00bbELISAVA\u00bb upload_logo_image=\u00bbhttps:\/\/inablab.org\/wp-content\/uploads\/2026\/04\/ELISAVA.png\u00bb _builder_version=\u00bb4.27.6&#8243; _module_preset=\u00bbdefault\u00bb global_colors_info=\u00bb{}\u00bb theme_builder_area=\u00bbpost_content\u00bb][\/dipl_logo_slider_item][dipl_logo_slider_item logo_alt=\u00bbHosp del Mar\u00bb upload_logo_image=\u00bbhttps:\/\/inablab.org\/wp-content\/uploads\/2026\/04\/Hospital-del-mar.png\u00bb _builder_version=\u00bb4.27.6&#8243; _module_preset=\u00bbdefault\u00bb global_colors_info=\u00bb{}\u00bb theme_builder_area=\u00bbpost_content\u00bb][\/dipl_logo_slider_item][dipl_logo_slider_item logo_alt=\u00bbESRP UB\u00bb upload_logo_image=\u00bbhttps:\/\/inablab.org\/wp-content\/uploads\/2026\/04\/ESRP-1-scaled.png\u00bb _builder_version=\u00bb4.27.6&#8243; _module_preset=\u00bbdefault\u00bb global_colors_info=\u00bb{}\u00bb theme_builder_area=\u00bbpost_content\u00bb][\/dipl_logo_slider_item][\/dipl_logo_slider][\/et_pb_column][\/et_pb_row][et_pb_row module_id=\u00bbcontacto\u00bb _builder_version=\u00bb4.27.2&#8243; _module_preset=\u00bbdefault\u00bb background_color=\u00bb#2c3e5d\u00bb background_image=\u00bbhttps:\/\/inablab.org\/wp-content\/uploads\/2024\/11\/fondo-form.jpg\u00bb width=\u00bb95%\u00bb max_width=\u00bb2560px\u00bb custom_margin=\u00bb90px||||false|false\u00bb custom_margin_tablet=\u00bb90px||||false|false\u00bb custom_margin_phone=\u00bb40px||||false|false\u00bb custom_margin_last_edited=\u00bbon|phone\u00bb custom_padding=\u00bb60px|15%|60px|15%|true|true\u00bb background_last_edited=\u00bbon|tablet\u00bb use_background_color_gradient_phone=\u00bbon\u00bb background_color_gradient_repeat_phone=\u00bboff\u00bb background_color_gradient_direction_phone=\u00bb90deg\u00bb background_color_gradient_stops_phone=\u00bbrgba(13,38,79,0) 0%|rgba(13,38,79,0.2) 100%\u00bb background_color_gradient_overlays_image_phone=\u00bbon\u00bb background_image_phone=\u00bbhttps:\/\/inablab.org\/wp-content\/uploads\/2024\/11\/fondo-form-2.webp\u00bb background_enable_image_phone=\u00bbon\u00bb border_radii=\u00bbon|30px|30px|30px|30px\u00bb global_colors_info=\u00bb{}\u00bb theme_builder_area=\u00bbpost_content\u00bb][et_pb_column type=\u00bb4_4&#8243; _builder_version=\u00bb4.16&#8243; _module_preset=\u00bbdefault\u00bb global_colors_info=\u00bb{}\u00bb theme_builder_area=\u00bbpost_content\u00bb][et_pb_text _builder_version=\u00bb4.27.2&#8243; _module_preset=\u00bbcb2a6a0e-36b0-4354-ad4b-7bab3bb244f1&#8243; text_text_color=\u00bb#F6F2ED\u00bb text_orientation=\u00bbcenter\u00bb global_colors_info=\u00bb{}\u00bb theme_builder_area=\u00bbpost_content\u00bb]<\/p>\n<p>Treballem en un entorn dissenyat per equilibrar el rigor cient\u00edfic, la creativitat i el benestar, tot promovent no nom\u00e9s l&#8217;excel\u00b7l\u00e8ncia investigadora, sin\u00f3 tamb\u00e9 el desenvolupament personal de l&#8217;equip. Si est\u00e0s interessat a investigar amb nosaltres o desitges inscriure&#8217;t al nostre programa de voluntariat, pots contactar a trav\u00e9s del formulari o mitjan\u00e7ant el correu electr\u00f2nic: <a href=\"mailto:info@inablab.org\">info@inablab.org<\/a> . <\/p>\n<p>[\/et_pb_text][et_pb_contact_form email=\u00bbinfo@inablab.org\u00bb custom_message=\u00bbMissatge enviat des de la p\u00e0gina: https:\/\/www.inablab.org\/ca\/||et_pb_line_break_holder||||et_pb_line_break_holder||NOM: %%Name%%||et_pb_line_break_holder||CORREU ELECTR\u00d2NIC: %%Email%%||et_pb_line_break_holder||ASSUMPTE: %%Asunto%%||et_pb_line_break_holder||MISSATGE: %%Message%%\u00bb success_message=\u00bbEl vostre missatge s&#039;ha enviat correctament.\u00bb submit_button_text=\u00bbEnviar missatge\u00bb _builder_version=\u00bb4.27.4&#8243; _module_preset=\u00bb304587f7-d68c-47ed-9dd6-f38970153e74&#8243; form_field_text_color=\u00bb#0D264F\u00bb form_field_focus_text_color=\u00bb#161616&#8243; form_field_font=\u00bbSpace Grotesk||||||||\u00bb custom_button=\u00bbon\u00bb button_text_size=\u00bb18px\u00bb button_text_color=\u00bb#FFFFFF\u00bb button_bg_color=\u00bb#0D264F\u00bb button_border_width=\u00bb0px\u00bb button_letter_spacing=\u00bb1px\u00bb button_font=\u00bbSpace Grotesk|||on|on||||\u00bb button_use_icon=\u00bboff\u00bb button_custom_padding=\u00bb13px|20px|13px|20px|true|true\u00bb custom_css_captcha_label=\u00bbcolor:#ffffff;\u00bb global_colors_info=\u00bb{}\u00bb theme_builder_area=\u00bbpost_content\u00bb][et_pb_contact_field field_id=\u00bbName\u00bb field_title=\u00bbNom\u00bb _builder_version=\u00bb4.16&#8243; global_colors_info=\u00bb{}\u00bb button_text_size__hover_enabled=\u00bboff\u00bb button_one_text_size__hover_enabled=\u00bboff\u00bb button_two_text_size__hover_enabled=\u00bboff\u00bb button_text_color__hover_enabled=\u00bboff\u00bb button_one_text_color__hover_enabled=\u00bboff\u00bb button_two_text_color__hover_enabled=\u00bboff\u00bb button_border_width__hover_enabled=\u00bboff\u00bb button_one_border_width__hover_enabled=\u00bboff\u00bb button_two_border_width__hover_enabled=\u00bboff\u00bb button_border_color__hover_enabled=\u00bboff\u00bb button_one_border_color__hover_enabled=\u00bboff\u00bb button_two_border_color__hover_enabled=\u00bboff\u00bb button_border_radius__hover_enabled=\u00bboff\u00bb button_one_border_radius__hover_enabled=\u00bboff\u00bb button_two_border_radius__hover_enabled=\u00bboff\u00bb button_letter_spacing__hover_enabled=\u00bboff\u00bb button_one_letter_spacing__hover_enabled=\u00bboff\u00bb button_two_letter_spacing__hover_enabled=\u00bboff\u00bb button_bg_color__hover_enabled=\u00bboff\u00bb button_one_bg_color__hover_enabled=\u00bboff\u00bb button_two_bg_color__hover_enabled=\u00bboff\u00bb theme_builder_area=\u00bbpost_content\u00bb][\/et_pb_contact_field][et_pb_contact_field field_id=\u00bbEmail\u00bb field_title=\u00bbAdre\u00e7a de correu electr\u00f2nic\u00bb field_type=\u00bbemail\u00bb _builder_version=\u00bb4.16&#8243; global_colors_info=\u00bb{}\u00bb button_text_size__hover_enabled=\u00bboff\u00bb button_one_text_size__hover_enabled=\u00bboff\u00bb button_two_text_size__hover_enabled=\u00bboff\u00bb button_text_color__hover_enabled=\u00bboff\u00bb button_one_text_color__hover_enabled=\u00bboff\u00bb button_two_text_color__hover_enabled=\u00bboff\u00bb button_border_width__hover_enabled=\u00bboff\u00bb button_one_border_width__hover_enabled=\u00bboff\u00bb button_two_border_width__hover_enabled=\u00bboff\u00bb button_border_color__hover_enabled=\u00bboff\u00bb button_one_border_color__hover_enabled=\u00bboff\u00bb button_two_border_color__hover_enabled=\u00bboff\u00bb button_border_radius__hover_enabled=\u00bboff\u00bb button_one_border_radius__hover_enabled=\u00bboff\u00bb button_two_border_radius__hover_enabled=\u00bboff\u00bb button_letter_spacing__hover_enabled=\u00bboff\u00bb button_one_letter_spacing__hover_enabled=\u00bboff\u00bb button_two_letter_spacing__hover_enabled=\u00bboff\u00bb button_bg_color__hover_enabled=\u00bboff\u00bb button_one_bg_color__hover_enabled=\u00bboff\u00bb button_two_bg_color__hover_enabled=\u00bboff\u00bb theme_builder_area=\u00bbpost_content\u00bb][\/et_pb_contact_field][et_pb_contact_field field_id=\u00bbAsunto\u00bb field_title=\u00bbMissatge o motiu de contacte (investigaci\u00f3, col\u00b7laboraci\u00f3, etc.)\u00bb fullwidth_field=\u00bbon\u00bb _builder_version=\u00bb4.27.2&#8243; global_colors_info=\u00bb{}\u00bb button_text_size__hover_enabled=\u00bboff\u00bb button_one_text_size__hover_enabled=\u00bboff\u00bb button_two_text_size__hover_enabled=\u00bboff\u00bb button_text_color__hover_enabled=\u00bboff\u00bb button_one_text_color__hover_enabled=\u00bboff\u00bb button_two_text_color__hover_enabled=\u00bboff\u00bb button_border_width__hover_enabled=\u00bboff\u00bb button_one_border_width__hover_enabled=\u00bboff\u00bb button_two_border_width__hover_enabled=\u00bboff\u00bb button_border_color__hover_enabled=\u00bboff\u00bb button_one_border_color__hover_enabled=\u00bboff\u00bb button_two_border_color__hover_enabled=\u00bboff\u00bb button_border_radius__hover_enabled=\u00bboff\u00bb button_one_border_radius__hover_enabled=\u00bboff\u00bb button_two_border_radius__hover_enabled=\u00bboff\u00bb button_letter_spacing__hover_enabled=\u00bboff\u00bb button_one_letter_spacing__hover_enabled=\u00bboff\u00bb button_two_letter_spacing__hover_enabled=\u00bboff\u00bb button_bg_color__hover_enabled=\u00bboff\u00bb button_one_bg_color__hover_enabled=\u00bboff\u00bb button_two_bg_color__hover_enabled=\u00bboff\u00bb theme_builder_area=\u00bbpost_content\u00bb][\/et_pb_contact_field][et_pb_contact_field field_id=\u00bbMessage\u00bb field_title=\u00bbMissatge\u00bb field_type=\u00bbtext\u00bb fullwidth_field=\u00bbon\u00bb _builder_version=\u00bb4.16&#8243; global_colors_info=\u00bb{}\u00bb button_text_size__hover_enabled=\u00bboff\u00bb button_one_text_size__hover_enabled=\u00bboff\u00bb button_two_text_size__hover_enabled=\u00bboff\u00bb button_text_color__hover_enabled=\u00bboff\u00bb button_one_text_color__hover_enabled=\u00bboff\u00bb button_two_text_color__hover_enabled=\u00bboff\u00bb button_border_width__hover_enabled=\u00bboff\u00bb button_one_border_width__hover_enabled=\u00bboff\u00bb button_two_border_width__hover_enabled=\u00bboff\u00bb button_border_color__hover_enabled=\u00bboff\u00bb button_one_border_color__hover_enabled=\u00bboff\u00bb button_two_border_color__hover_enabled=\u00bboff\u00bb button_border_radius__hover_enabled=\u00bboff\u00bb button_one_border_radius__hover_enabled=\u00bboff\u00bb button_two_border_radius__hover_enabled=\u00bboff\u00bb button_letter_spacing__hover_enabled=\u00bboff\u00bb button_one_letter_spacing__hover_enabled=\u00bboff\u00bb button_two_letter_spacing__hover_enabled=\u00bboff\u00bb button_bg_color__hover_enabled=\u00bboff\u00bb button_one_bg_color__hover_enabled=\u00bboff\u00bb button_two_bg_color__hover_enabled=\u00bboff\u00bb theme_builder_area=\u00bbpost_content\u00bb][\/et_pb_contact_field][et_pb_contact_field field_id=\u00bblopd\u00bb field_title=\u00bb \u00bb field_type=\u00bbcheckbox\u00bb checkbox_options=\u00bb%91{%22value%22:%22 He llegit i accepto els termes de %22,%22checked%22:0,%22dragID%22:-1,%22link_url%22:%22%92\/politica-de-privacidad%22,%22link_text%22:%22Pol\u00edtica de privacitat%22}%93&#8243; fullwidth_field=\u00bbon\u00bb _builder_version=\u00bb4.27.4&#8243; _module_preset=\u00bbdefault\u00bb form_field_text_color=\u00bb#FFFFFF\u00bb global_colors_info=\u00bb{}\u00bb theme_builder_area=\u00bbpost_content\u00bb][\/et_pb_contact_field][\/et_pb_contact_form][\/et_pb_column][\/et_pb_row][\/et_pb_section][et_pb_section fb_built=\u00bb1&#8243; disabled_on=\u00bbon|on|on\u00bb admin_label=\u00bbContacto\u00bb module_class=\u00bbnormal-scroll\u00bb _builder_version=\u00bb4.27.6&#8243; _module_preset=\u00bbdefault\u00bb use_background_color_gradient=\u00bbon\u00bb background_color_gradient_stops=\u00bb#ffffff 0%|rgba(255,255,255,0) 26%\u00bb background_color_gradient_overlays_image=\u00bbon\u00bb background_image=\u00bbhttps:\/\/inablab.org\/wp-content\/uploads\/2024\/11\/FONDO-claro-home.jpg\u00bb background_position=\u00bbbottom_center\u00bb custom_padding=\u00bb15px||||false|false\u00bb da_disable_devices=\u00bboff|off|off\u00bb disabled=\u00bbon\u00bb global_colors_info=\u00bb{}\u00bb theme_builder_area=\u00bbpost_content\u00bb da_is_popup=\u00bboff\u00bb da_exit_intent=\u00bboff\u00bb da_has_close=\u00bbon\u00bb da_alt_close=\u00bboff\u00bb da_dark_close=\u00bboff\u00bb da_not_modal=\u00bbon\u00bb da_is_singular=\u00bboff\u00bb da_with_loader=\u00bboff\u00bb da_has_shadow=\u00bbon\u00bb][et_pb_row custom_padding_last_edited=\u00bbon|phone\u00bb _builder_version=\u00bb4.27.2&#8243; _module_preset=\u00bbdefault\u00bb custom_padding_tablet=\u00bb\u00bb custom_padding_phone=\u00bb0px||||false|false\u00bb global_colors_info=\u00bb{}\u00bb theme_builder_area=\u00bbpost_content\u00bb][et_pb_column type=\u00bb4_4&#8243; _builder_version=\u00bb4.27.2&#8243; _module_preset=\u00bbdefault\u00bb global_colors_info=\u00bb{}\u00bb theme_builder_area=\u00bbpost_content\u00bb][et_pb_text _builder_version=\u00bb4.27.2&#8243; _module_preset=\u00bbcb2a6a0e-36b0-4354-ad4b-7bab3bb244f1&#8243; text_text_color=\u00bb#8EC1F4&#8243; text_orientation=\u00bbcenter\u00bb custom_margin=\u00bb||2px||false|false\u00bb global_colors_info=\u00bb{}\u00bb theme_builder_area=\u00bbpost_content\u00bb]<\/p>\n<p>MAIL<\/p>\n<p>[\/et_pb_text][et_pb_text _builder_version=\u00bb4.27.2&#8243; _module_preset=\u00bbcb2a6a0e-36b0-4354-ad4b-7bab3bb244f1&#8243; text_orientation=\u00bbcenter\u00bb global_colors_info=\u00bb{}\u00bb theme_builder_area=\u00bbpost_content\u00bb]<\/p>\n<p>INFO@INABLAB.ORG<\/p>\n<p>[\/et_pb_text][et_pb_text _builder_version=\u00bb4.27.3&#8243; _module_preset=\u00bbcb2a6a0e-36b0-4354-ad4b-7bab3bb244f1&#8243; text_text_color=\u00bb#8EC1F4&#8243; text_orientation=\u00bbcenter\u00bb custom_margin=\u00bb||2px||false|false\u00bb global_colors_info=\u00bb{}\u00bb theme_builder_area=\u00bbpost_content\u00bb]<\/p>\n<p>ADRE\u00c7A<\/p>\n<p>[\/et_pb_text][et_pb_text _builder_version=\u00bb4.27.2&#8243; _module_preset=\u00bbcb2a6a0e-36b0-4354-ad4b-7bab3bb244f1&#8243; text_font=\u00bb|||on|||||\u00bb link_font=\u00bbSpace Grotesk||||||||\u00bb text_orientation=\u00bbcenter\u00bb global_colors_info=\u00bb{}\u00bb theme_builder_area=\u00bbpost_content\u00bb]<\/p>\n<p><a href=\"https:\/\/maps.app.goo.gl\/zkkrYKdziNvEKESm7\" target=\"_blank\" rel=\"noopener\"><span style=\"text-decoration: underline;\">Passeig del Mare Nostrum, 15, Ciutat Vella, 08039 Barcelona<\/span><\/a><\/p>\n<p>[\/et_pb_text][\/et_pb_column][\/et_pb_row][et_pb_row _builder_version=\u00bb4.27.2&#8243; _module_preset=\u00bbdefault\u00bb global_colors_info=\u00bb{}\u00bb theme_builder_area=\u00bbpost_content\u00bb][et_pb_column type=\u00bb4_4&#8243; _builder_version=\u00bb4.27.2&#8243; _module_preset=\u00bbdefault\u00bb global_colors_info=\u00bb{}\u00bb theme_builder_area=\u00bbpost_content\u00bb][et_pb_image src=\u00bbhttps:\/\/inablab.org\/wp-content\/uploads\/2024\/11\/norksen-.webp\u00bb alt=\u00bbnorksen\u00bb title_text=\u00bbnorksen\u00bb _builder_version=\u00bb4.27.2&#8243; _module_preset=\u00bbdefault\u00bb border_radii=\u00bbon|20px|20px|20px|20px\u00bb global_colors_info=\u00bb{}\u00bb theme_builder_area=\u00bbpost_content\u00bb][\/et_pb_image][\/et_pb_column][\/et_pb_row][\/et_pb_section]<\/p>\n","protected":false},"excerpt":{"rendered":"<p>Desafiant els l\u00edmits de la neuroci\u00e8nciaA l&#8217;Institut de Neuroci\u00e8ncia Avan\u00e7ada de Barcelona combinem tecnologia avan\u00e7ada i un enfocament humanista per impulsar nous models cient\u00edfics de la ment, el cervell i la consci\u00e8ncia. <div class=\"et_pb_module dipl_button dipl_button_0 traduccionBtn\">\n\t\t\t\t\n\t\t\t\t\n\t\t\t\t\n\t\t\t\t\n\t\t\t\t\n\t\t\t\t\n\t\t\t\t<div class=\"et_pb_module_inner\">\n\t\t\t\t\t\n\t\t\t\t<\/div>\n\t\t\t<\/div><div class=\"et_pb_module dipl_button_item dipl_button_item_0\">\n\t\t\t\t\n\t\t\t\t\n\t\t\t\t\n\t\t\t\t\n\t\t\t\t\n\t\t\t\t\n\t\t\t\t<div class=\"et_pb_module_inner\">\n\t\t\t\t\t<div class=\"dipl_button_wrapper dipl_button_classic\"><a class=\"dipl_button_link dipl_button_default_fill \u00bbBtnInab\u00bb\" href=\"http:\/\/\u00bb#Lineasinvestigacion\u00bb\" target=\"_self\"><span class=\"dipl_button_text\">\u00bbDescubre<\/span><\/a><\/div>\n\t\t\t\t<\/div>\n\t\t\t<\/div><\/p>\n","protected":false},"author":5,"featured_media":0,"parent":0,"menu_order":0,"comment_status":"closed","ping_status":"closed","template":"","meta":{"_et_pb_use_builder":"on","_et_pb_old_content":"","_et_gb_content_width":"","footnotes":""},"class_list":["post-2906","page","type-page","status-publish","hentry"],"yoast_head":"<!-- This site is optimized with the Yoast SEO plugin v28.3 - https:\/\/yoast.com\/product\/yoast-seo-wordpress\/ -->\n<title>Inici - INAB<\/title>\n<meta name=\"description\" content=\"Desafiant els l\u00edmits de la neuroci\u00e8ncia. En l&#039;Institut de Neuroci\u00e8ncia Avan\u00e7ada de Barcelona combinem tecnologia avan\u00e7ada i...\" \/>\n<meta name=\"robots\" content=\"index, follow, max-snippet:-1, max-image-preview:large, max-video-preview:-1\" \/>\n<link rel=\"canonical\" href=\"https:\/\/inablab.org\/ca\/\" \/>\n<meta property=\"og:locale\" content=\"ca_ES\" \/>\n<meta property=\"og:type\" content=\"article\" \/>\n<meta property=\"og:title\" content=\"Inici - INAB\" \/>\n<meta property=\"og:description\" content=\"Desafiant els l\u00edmits de la neuroci\u00e8ncia. En l&#039;Institut de Neuroci\u00e8ncia Avan\u00e7ada de Barcelona combinem tecnologia avan\u00e7ada i...\" \/>\n<meta property=\"og:url\" content=\"https:\/\/inablab.org\/ca\/\" \/>\n<meta property=\"og:site_name\" content=\"INAB\" \/>\n<meta property=\"article:modified_time\" content=\"2026-06-02T09:04:17+00:00\" \/>\n<meta name=\"twitter:card\" content=\"summary_large_image\" \/>\n<meta name=\"twitter:label1\" content=\"Temps estimat de lectura\" \/>\n\t<meta name=\"twitter:data1\" content=\"106 minuts\" \/>\n<script type=\"application\/ld+json\" class=\"yoast-schema-graph\">{\"@context\":\"https:\\\/\\\/schema.org\",\"@graph\":[{\"@type\":\"WebPage\",\"@id\":\"https:\\\/\\\/inablab.org\\\/ca\\\/\",\"url\":\"https:\\\/\\\/inablab.org\\\/ca\\\/\",\"name\":\"Inici - INAB\",\"isPartOf\":{\"@id\":\"https:\\\/\\\/inablab.org\\\/ca\\\/#website\"},\"datePublished\":\"2026-06-02T08:50:35+00:00\",\"dateModified\":\"2026-06-02T09:04:17+00:00\",\"description\":\"Desafiant els l\u00edmits de la neuroci\u00e8ncia. En l'Institut de Neuroci\u00e8ncia Avan\u00e7ada de Barcelona combinem tecnologia avan\u00e7ada i...\",\"breadcrumb\":{\"@id\":\"https:\\\/\\\/inablab.org\\\/ca\\\/#breadcrumb\"},\"inLanguage\":\"ca\",\"potentialAction\":[{\"@type\":\"ReadAction\",\"target\":[\"https:\\\/\\\/inablab.org\\\/ca\\\/\"]}]},{\"@type\":\"BreadcrumbList\",\"@id\":\"https:\\\/\\\/inablab.org\\\/ca\\\/#breadcrumb\",\"itemListElement\":[{\"@type\":\"ListItem\",\"position\":1,\"name\":\"Portada\",\"item\":\"https:\\\/\\\/inablab.org\\\/ca\\\/inici-4\\\/\"},{\"@type\":\"ListItem\",\"position\":2,\"name\":\"Inici\"}]},{\"@type\":\"WebSite\",\"@id\":\"https:\\\/\\\/inablab.org\\\/ca\\\/#website\",\"url\":\"https:\\\/\\\/inablab.org\\\/ca\\\/\",\"name\":\"INAB\",\"description\":\"Grupo qagencia\",\"potentialAction\":[{\"@type\":\"SearchAction\",\"target\":{\"@type\":\"EntryPoint\",\"urlTemplate\":\"https:\\\/\\\/inablab.org\\\/ca\\\/?s={search_term_string}\"},\"query-input\":{\"@type\":\"PropertyValueSpecification\",\"valueRequired\":true,\"valueName\":\"search_term_string\"}}],\"inLanguage\":\"ca\"}]}<\/script>\n<!-- \/ Yoast SEO plugin. -->","yoast_head_json":{"title":"Inici - INAB","description":"Desafiant els l\u00edmits de la neuroci\u00e8ncia. En l'Institut de Neuroci\u00e8ncia Avan\u00e7ada de Barcelona combinem tecnologia avan\u00e7ada i...","robots":{"index":"index","follow":"follow","max-snippet":"max-snippet:-1","max-image-preview":"max-image-preview:large","max-video-preview":"max-video-preview:-1"},"canonical":"https:\/\/inablab.org\/ca\/","og_locale":"ca_ES","og_type":"article","og_title":"Inici - INAB","og_description":"Desafiant els l\u00edmits de la neuroci\u00e8ncia. En l'Institut de Neuroci\u00e8ncia Avan\u00e7ada de Barcelona combinem tecnologia avan\u00e7ada i...","og_url":"https:\/\/inablab.org\/ca\/","og_site_name":"INAB","article_modified_time":"2026-06-02T09:04:17+00:00","twitter_card":"summary_large_image","twitter_misc":{"Temps estimat de lectura":"106 minuts"},"schema":{"@context":"https:\/\/schema.org","@graph":[{"@type":"WebPage","@id":"https:\/\/inablab.org\/ca\/","url":"https:\/\/inablab.org\/ca\/","name":"Inici - INAB","isPartOf":{"@id":"https:\/\/inablab.org\/ca\/#website"},"datePublished":"2026-06-02T08:50:35+00:00","dateModified":"2026-06-02T09:04:17+00:00","description":"Desafiant els l\u00edmits de la neuroci\u00e8ncia. En l'Institut de Neuroci\u00e8ncia Avan\u00e7ada de Barcelona combinem tecnologia avan\u00e7ada i...","breadcrumb":{"@id":"https:\/\/inablab.org\/ca\/#breadcrumb"},"inLanguage":"ca","potentialAction":[{"@type":"ReadAction","target":["https:\/\/inablab.org\/ca\/"]}]},{"@type":"BreadcrumbList","@id":"https:\/\/inablab.org\/ca\/#breadcrumb","itemListElement":[{"@type":"ListItem","position":1,"name":"Portada","item":"https:\/\/inablab.org\/ca\/inici-4\/"},{"@type":"ListItem","position":2,"name":"Inici"}]},{"@type":"WebSite","@id":"https:\/\/inablab.org\/ca\/#website","url":"https:\/\/inablab.org\/ca\/","name":"INAB","description":"Grupo qagencia","potentialAction":[{"@type":"SearchAction","target":{"@type":"EntryPoint","urlTemplate":"https:\/\/inablab.org\/ca\/?s={search_term_string}"},"query-input":{"@type":"PropertyValueSpecification","valueRequired":true,"valueName":"search_term_string"}}],"inLanguage":"ca"}]}},"_links":{"self":[{"href":"https:\/\/inablab.org\/ca\/wp-json\/wp\/v2\/pages\/2906","targetHints":{"allow":["GET"]}}],"collection":[{"href":"https:\/\/inablab.org\/ca\/wp-json\/wp\/v2\/pages"}],"about":[{"href":"https:\/\/inablab.org\/ca\/wp-json\/wp\/v2\/types\/page"}],"author":[{"embeddable":true,"href":"https:\/\/inablab.org\/ca\/wp-json\/wp\/v2\/users\/5"}],"replies":[{"embeddable":true,"href":"https:\/\/inablab.org\/ca\/wp-json\/wp\/v2\/comments?post=2906"}],"version-history":[{"count":4,"href":"https:\/\/inablab.org\/ca\/wp-json\/wp\/v2\/pages\/2906\/revisions"}],"predecessor-version":[{"id":2917,"href":"https:\/\/inablab.org\/ca\/wp-json\/wp\/v2\/pages\/2906\/revisions\/2917"}],"wp:attachment":[{"href":"https:\/\/inablab.org\/ca\/wp-json\/wp\/v2\/media?parent=2906"}],"curies":[{"name":"wp","href":"https:\/\/api.w.org\/{rel}","templated":true}]}}